{"id":193,"date":"2018-04-25T11:15:28","date_gmt":"2018-04-25T09:15:28","guid":{"rendered":"https:\/\/avf.asso.fr\/salon-de-provence\/?page_id=193"},"modified":"2019-03-30T16:15:04","modified_gmt":"2019-03-30T15:15:04","slug":"informations-pratiques","status":"publish","type":"page","link":"https:\/\/avf.asso.fr\/salon-de-provence\/informations-pratiques\/","title":{"rendered":"Informations pratiques"},"content":{"rendered":"<h1>Modalit\u00e9s d&rsquo;adh\u00e9sion<\/h1>\n<p><!--more--><!--more--><span style=\"font-family: Liberation Sans\"><span style=\"font-size: medium\">La cotisation est la preuve de la qualit\u00e9 de \u00ab\u00a0membre\u00a0\u00bb de l&rsquo;association. C&rsquo;est le signe de l&rsquo;adh\u00e9sion aux objectifs de l&rsquo;association et non le droit de consommer. C&rsquo;est aussi la principale source de revenus de l&rsquo;AVF. Elle permet d&rsquo;assurer l&rsquo;accueil, d&rsquo;offrir aux adh\u00e9rents des prestations gratuites ou \u00e0 moindre co\u00fbt et de couvrir les frais inh\u00e9rents \u00e0 toute association.<\/span><\/span><!--more--><\/p>\n<p><span style=\"font-family: Liberation Sans\"><span style=\"font-size: medium\">La cotisation est valable du d\u00e9but des activit\u00e9s (d\u00e9but Septembre) de l&rsquo;ann\u00e9e en cours \u00e0 la veille de la reprise des activit\u00e9s (d\u00e9but Septembre) de l&rsquo;ann\u00e9e suivante. Cependant les activit\u00e9s sont suspendues durant l&rsquo;intervalle entre ces deux dates (vacances d&rsquo;\u00e9t\u00e9) et pendant les vacances de No\u00ebl. Si une activit\u00e9, qu&rsquo;elle soit b\u00e9n\u00e9vole ou au profit des adh\u00e9rents est pr\u00e9vue, elle fera l&rsquo;objet d&rsquo;une programmation.<\/span><\/span><\/p>\n<p><span style=\"font-family: Liberation Sans\"><span style=\"font-size: medium\">La cotisation est IMP\u00c9RATIVEMENT acquitt\u00e9e par ch\u00e8que au nom de l&rsquo;adh\u00e9rent. Elle est exigible d\u00e8s la 1\u00e8re participation \u00e0 une activit\u00e9 (cependant une s\u00e9ance d&rsquo;essai est accept\u00e9e). <\/span><\/span><\/p>\n<p><strong><span style=\"color: #000000\"><span style=\"font-family: Liberation Sans\"><span style=\"font-size: medium\">Le RE\u00c7U <\/span><\/span><\/span><\/strong><span style=\"color: #000000\"><span style=\"font-family: Liberation Sans\"><span style=\"font-size: medium\">de paiement de la cotisation<\/span><\/span><\/span><strong><span style=\"color: #000000\"><span style=\"font-family: Liberation Sans\"><span style=\"font-size: medium\"> PEUT VOUS \u00caTRE DEMANDE POUR UNE INSCRIPTION AUX MANIFESTATIONS ORGANIS\u00c9ES PAR L&rsquo;AVF.<\/span><\/span><\/span><\/strong><\/p>\n<p>&nbsp;<\/p>\n<p><!--more--><\/p>\n<h1>Certificat m\u00e9dical: que dit la loi ?<\/h1>\n<h3><!--more--><strong><span style=\"font-family: Liberation Sans\"><span style=\"font-size: medium\">Responsabilit\u00e9 engag\u00e9e<\/span><\/span><\/strong><!--more--><!--more--><\/h3>\n<p><span style=\"font-family: Liberation Sans\"><span style=\"font-size: medium\">M\u00eame si aucune obligation de pr\u00e9sentation d&rsquo;un certificat m\u00e9dical de non contre-indication par les adh\u00e9rents ne peut \u00eatre impos\u00e9e aux associations qui ne participent pas \u00e0 des comp\u00e9titions, il convient aux dirigeants de ces associations d&rsquo;appr\u00e9cier les risques des activit\u00e9s pratiqu\u00e9es en leur sein et de mettre en \u0153uvre les moyens les plus adapt\u00e9s pour garantir la s\u00e9curit\u00e9 de leurs adh\u00e9rents afin d&rsquo;\u00e9viter toute mise en cause \u00e9ventuelle.<\/span><\/span><\/p>\n<p><span style=\"font-family: Liberation Sans\"><span style=\"font-size: medium\">Ce n&rsquo;est pas une obligation l\u00e9gale, mais une condition li\u00e9e au r\u00e8glement de l\u2019association,<strong> la fourniture d&rsquo;un certificat d&rsquo;aptitude physique et <\/strong><b>la fr\u00e9quence de renouvellement est <\/b>donc <b>d\u00e9finie par le r\u00e8glement interne<\/b>.<\/span><\/span><\/p>\n<p><span style=\"color: #000000\"><span style=\"font-family: Liberation Sans\"><span style=\"font-size: medium\">Afin de s\u00e9curiser les pratiques sportives, l\u2019AVF Salon <\/span><\/span><\/span><strong><span style=\"color: #000000\"><span style=\"font-family: Liberation Sans\"><span style=\"font-size: medium\">demande \u00e0 ses adh\u00e9rents un certificat d&rsquo;aptitudes physiques<\/span><\/span><\/span><\/strong><span style=\"color: #000000\"><span style=\"font-family: Liberation Sans\"><span style=\"font-size: medium\">. Il permet de justifier que nous avons fait preuve de prudence et que nous avons bien rempli <\/span><\/span><\/span><strong><span style=\"color: #000000\"><span style=\"font-family: Liberation Sans\"><span style=\"font-size: medium\">notre mission d\u2019organisation, de surveillance et de conseil<\/span><\/span><\/span><\/strong><span style=\"color: #000000\"><span style=\"font-family: Liberation Sans\"><span style=\"font-size: medium\">.<\/span><\/span><\/span><\/p>\n<p><!--more--><\/p>\n","protected":false},"excerpt":{"rendered":"<p>Modalit\u00e9s d&rsquo;adh\u00e9sion<\/p>\n","protected":false},"author":949,"featured_media":1172,"parent":0,"menu_order":0,"comment_status":"closed","ping_status":"closed","template":"","meta":[],"acf":[],"_links":{"self":[{"href":"https:\/\/avf.asso.fr\/salon-de-provence\/wp-json\/wp\/v2\/pages\/193"}],"collection":[{"href":"https:\/\/avf.asso.fr\/salon-de-provence\/wp-json\/wp\/v2\/pages"}],"about":[{"href":"https:\/\/avf.asso.fr\/salon-de-provence\/wp-json\/wp\/v2\/types\/page"}],"author":[{"embeddable":true,"href":"https:\/\/avf.asso.fr\/salon-de-provence\/wp-json\/wp\/v2\/users\/949"}],"replies":[{"embeddable":true,"href":"https:\/\/avf.asso.fr\/salon-de-provence\/wp-json\/wp\/v2\/comments?post=193"}],"version-history":[{"count":25,"href":"https:\/\/avf.asso.fr\/salon-de-provence\/wp-json\/wp\/v2\/pages\/193\/revisions"}],"predecessor-version":[{"id":1186,"href":"https:\/\/avf.asso.fr\/salon-de-provence\/wp-json\/wp\/v2\/pages\/193\/revisions\/1186"}],"wp:featuredmedia":[{"embeddable":true,"href":"https:\/\/avf.asso.fr\/salon-de-provence\/wp-json\/wp\/v2\/media\/1172"}],"wp:attachment":[{"href":"https:\/\/avf.asso.fr\/salon-de-provence\/wp-json\/wp\/v2\/media?parent=193"}],"curies":[{"name":"wp","href":"https:\/\/api.w.org\/{rel}","templated":true}]}}