{"id":4423,"date":"2023-11-08T17:27:59","date_gmt":"2023-11-08T16:27:59","guid":{"rendered":"https:\/\/avf.asso.fr\/cournon\/?page_id=4423"},"modified":"2025-10-19T15:33:58","modified_gmt":"2025-10-19T13:33:58","slug":"balirando-2023-bleu","status":"publish","type":"page","link":"https:\/\/avf.asso.fr\/cournon\/balirando-2023-bleu\/","title":{"rendered":"Balirando 2025 bleu"},"content":{"rendered":"<p>&nbsp;<\/p>\n<p>&nbsp;<\/p>\n<style type=\"text\/css\">\n#titre {<br \/>  text-align: start;<br \/>}<\/p>\n<p>#titre:hover {<br \/>  font-family: Arial;<br \/>}<\/p>\n<\/style>\n<p>&nbsp;<\/p>\n<table style=\"width: 100%;\" border=\"0\">\n<tbody>\n<tr>\n<td><span style=\"font-style: italic;\"><span id=\"titre\" style=\"font-weight: bold; color: #ff6666; max-width: 500px; max-height: 40px; min-width: 500px; z-index: auto;\"><big><big><big><big><big><span style=\"font-family: Agency FB;\">R\u00e9sum\u00e9 des Circuits Balirando<\/span><\/big><\/big><\/big><\/big><\/big><br \/>\n<big><big><big>Mise \u00e0 jour 2025<\/big><\/big><\/big><br \/>\n(Cliquer sur le <span style=\"text-decoration: underline;\">titre<\/span> ou sur les cases <span style=\"text-decoration: underline;\">X<\/span> pour ouvrir la page<br \/>\ncorrespondante)<br \/>\n<\/span><\/span><\/p>\n<p color:=\"\" rgb=\"\" 255=\"\">usage r\u00e9serv\u00e9 aux animateurs de la section Marche.<\/p>\n<\/td>\n<\/tr>\n<\/tbody>\n<\/table>\n<p style=\"font-style: italic; color: blue; background-color: white; text-align: left;\"><big><big><span style=\"font-weight: bold;\">Circuits bleus <\/span><\/big><\/big><\/p>\n<table style=\"width: 100%;\" border=\"0\">\n<tbody>\n<tr>\n<td><!--\n\n\n<table style=\"width: 1024px; background-color: rgb(51, 204, 255)\" border=\"4\" cellpadding=\"2\" cellspacing=\"2\">\n\n\n<colgroup>\n\n\n<col style=\"width: 166pt;\" width=\"221\">\n\n\n<col style=\"width: 62pt;\" width=\"83\">\n\n\n<col style=\"width: 113pt;\" width=\"150\">\n\n\n<col style=\"width: 23pt;\" width=\"30\">\n\n\n<col style=\"width: 31pt;\" width=\"41\">\n\n\n<col style=\"width: 90pt;\" width=\"120\">\n\n\n<col style=\"width: 49pt;\" width=\"65\"><\/colgroup>\n\n--><\/td>\n<\/tr>\n<\/tbody>\n<\/table>\n<table style=\"width: 1024px; background-color: #fffffc; font-weight: bold; text-align: center; vertical-align: middle;\" border=\"4\" cellpadding=\"2\" cellspacing=\"2\">\n<colgroup>\n<col style=\"width: 182pt;\" width=\"242\" \/>\n<col style=\"width: 38pt;\" width=\"51\" \/>\n<col style=\"width: 44pt;\" width=\"59\" \/>\n<col style=\"width: 50pt;\" width=\"67\" \/>\n<col style=\"width: 118pt;\" width=\"157\" \/>\n<col style=\"width: 29pt;\" width=\"38\" \/>\n<col style=\"width: 38pt;\" width=\"50\" \/>\n<col style=\"width: 86pt;\" width=\"115\" \/>\n<col style=\"width: 56pt;\" width=\"75\" \/><\/colgroup>\n<tbody>\n<tr style=\"height: 16.8pt;\" height=\"22\">\n<th class=\"xl66\" style=\"height: 16.8pt; width: 182pt;\" height=\"22\" width=\"242\">Titre<\/th>\n<th class=\"xl66\" style=\"border-left: medium none; width: 68px;\">km<\/th>\n<th class=\"xl66\" style=\"border-left: medium none; width: 68px;\">temps<\/th>\n<th class=\"xl66\" style=\"border-left: medium none; width: 50px;\">d\u00e9nivel\u00e9<\/th>\n<th class=\"xl66\" style=\"border-left: medium none; width: 118px;\">d\u00e9part<\/th>\n<th class=\"xl70\" style=\"border-left: medium none; width: 29px;\">gpx<\/th>\n<th class=\"xl66\" style=\"border-left: medium none; width: 38px;\">carte<\/th>\n<th class=\"xl66\" style=\"border-left: medium none; width: 164px;\">descriptif<br \/>\n+ carte<\/th>\n<th class=\"xl66\" style=\"border-left: medium none; width: 171px;\">graphique<\/th>\n<th class=\"xl66\" style=\"border-left: medium none; width: 150px;\">R\u00e9f\u00e9rence<\/th>\n<\/tr>\n<tr style=\"height: 15.6pt;\" height=\"21\">\n<th class=\"xl68\" style=\"border-top: medium none;\"><a href=\"https:\/\/www.balirando.fr\/randonnee\/a-la-foret-de-balaty\/\" target=\"_blank\" rel=\"noopener\">a-la-foret-de-balaty<\/a><\/th>\n<th class=\"xl69\">7<\/th>\n<th class=\"xl67\">02:00<\/th>\n<th class=\"xl69\">140<\/th>\n<th class=\"xl69\">Ars-les-Favets<\/th>\n<th class=\"xl71\" style=\"border-top: medium none; border-left: medium none;\"><a href=\"https:\/\/www.balirando.fr\/wp-content\/uploads\/randos\/gpx\/hpd0106.gpx\">X<\/a><\/th>\n<th class=\"xl68\" style=\"border-top: medium none; border-left: medium none;\"><a href=\"https:\/\/www.balirando.fr\/wp-content\/uploads\/randos\/cartes\/HPD0106_AvecSignaletique.pdf\" target=\"_blank\" rel=\"noopener\">X<\/a><\/th>\n<th class=\"xl68\" style=\"border-top: medium none; border-left: medium none;\"><a href=\"https:\/\/www.balirando.fr\/wp-content\/uploads\/randos\/fiches\/hpd0106.pdf\" target=\"_blank\" rel=\"noopener\">X<\/a><\/th>\n<th class=\"xl68\" style=\"border-top: medium none; border-left: medium none;\"><a href=\"https:\/\/www.balirando.fr\/wp-content\/uploads\/randos\/deniveles\/hpd0106.PNG\" target=\"_blank\" rel=\"noopener\">X<\/a><\/th>\n<th class=\"xl69\" style=\"border-top: medium none; border-left: medium none;\">hpd0106<\/th>\n<\/tr>\n<tr style=\"height: 15.6pt;\" height=\"21\">\n<th class=\"xl68\" style=\"border-top: medium none;\"><a href=\"https:\/\/www.balirando.fr\/randonnee\/allee-des-chenes\/\" target=\"_blank\" rel=\"noopener\">All\u00e9e des Ch\u00eanes<\/a><\/th>\n<th class=\"xl69\">6<\/th>\n<th class=\"xl67\">01:45<\/th>\n<th class=\"xl69\">135<\/th>\n<th class=\"xl69\">Villosanges<\/th>\n<th class=\"xl71\" style=\"border-top: medium none; border-left: medium none;\"><a href=\"https:\/\/www.balirando.fr\/wp-content\/uploads\/randos\/gpx\/iti0203.gpx\">X<\/a><\/th>\n<th class=\"xl68\" style=\"border-top: medium none; border-left: medium none;\"><a href=\"https:\/\/www.balirando.fr\/wp-content\/uploads\/randos\/cartes\/ITI0203_AvecSignaletique.pdf\" target=\"_blank\" rel=\"noopener\">X<\/a><\/th>\n<th class=\"xl68\" style=\"border-top: medium none; border-left: medium none;\"><a href=\"https:\/\/www.balirando.fr\/wp-content\/uploads\/randos\/fiches\/iti0203.pdf\" target=\"_blank\" rel=\"noopener\">X<\/a><\/th>\n<th class=\"xl68\" style=\"border-top: medium none; border-left: medium none;\"><a href=\"https:\/\/www.balirando.fr\/wp-content\/uploads\/randos\/deniveles\/iti0203.PNG\" target=\"_blank\" rel=\"noopener\">X<\/a><\/th>\n<th class=\"xl69\" style=\"border-top: medium none; border-left: medium none;\">iti0203<\/th>\n<\/tr>\n<tr style=\"height: 15.6pt;\" height=\"21\">\n<th class=\"xl68\" style=\"border-top: medium none;\"><a href=\"https:\/\/www.balirando.fr\/randonnee\/au-fil-des-villages\/\" target=\"_blank\" rel=\"noopener\">au-fil-des-villages<\/a><\/th>\n<th class=\"xl69\" style=\"border-top: medium none; border-left: medium none;\">7<\/th>\n<th class=\"xl67\" style=\"border-top: medium none; border-left: medium none;\">02<\/th>\n<th class=\"xl69\" style=\"border-top: medium none; border-left: medium none;\">110<\/th>\n<th class=\"xl69\" style=\"border-top: medium none; border-left: medium none;\">Vensat<\/th>\n<th class=\"xl71\" style=\"border-top: medium none; border-left: medium none;\"><a href=\"https:\/\/www.balirando.fr\/wp-content\/uploads\/randos\/gpx\/hpd0024.gpx\">X<\/a><\/th>\n<th class=\"xl68\" style=\"border-top: medium none; border-left: medium none;\"><a href=\"https:\/\/www.balirando.fr\/wp-content\/uploads\/randos\/cartes\/HPD0024_AvecSignaletique.pdf\" target=\"_blank\" rel=\"noopener\">X<\/a><\/th>\n<th class=\"xl68\" style=\"border-top: medium none; border-left: medium none;\"><a href=\"https:\/\/www.balirando.fr\/wp-content\/uploads\/randos\/fiches\/hpd0024.pdf\" target=\"_blank\" rel=\"noopener\">X<\/a><\/th>\n<th class=\"xl68\" style=\"border-top: medium none; border-left: medium none;\"><a href=\"https:\/\/www.balirando.fr\/wp-content\/uploads\/randos\/deniveles\/hpd0024.PNG\" target=\"_blank\" rel=\"noopener\">X<\/a><\/th>\n<th class=\"xl69\" style=\"border-top: medium none; border-left: medium none;\">hpd0024<\/th>\n<\/tr>\n<tr style=\"height: 15.6pt;\" height=\"21\">\n<th class=\"xl68\" style=\"border-top: medium none;\"><a href=\"https:\/\/www.balirando.fr\/randonnee\/aulnay\/\" target=\"_blank\" rel=\"noopener\">Aulnay<\/a><\/th>\n<th class=\"xl69\" style=\"border-top: medium none; border-left: medium none;\">4<\/th>\n<th class=\"xl67\" style=\"border-top: medium none; border-left: medium none;\">01:15<\/th>\n<th class=\"xl69\" style=\"border-top: medium none; border-left: medium none;\">120<\/th>\n<th class=\"xl69\" style=\"border-top: medium none; border-left: medium none;\">Egliseneuve d&rsquo;entraigues<\/th>\n<th class=\"xl71\" style=\"border-top: medium none; border-left: medium none;\"><a href=\"https:\/\/www.balirando.fr\/wp-content\/uploads\/randos\/gpx\/iti0610.gpx\">X<\/a><\/th>\n<th class=\"xl68\" style=\"border-top: medium none; border-left: medium none;\"><a href=\"https:\/\/www.balirando.fr\/wp-content\/uploads\/randos\/cartes\/ITI0610_AvecSignaletique.pdf\" target=\"_blank\" rel=\"noopener\">X<\/a><\/th>\n<th class=\"xl68\" style=\"border-top: medium none; border-left: medium none;\"><a href=\"https:\/\/www.balirando.fr\/wp-content\/uploads\/randos\/fiches\/iti0610.pdf\" target=\"_blank\" rel=\"noopener\">X<\/a><\/th>\n<th class=\"xl68\" style=\"border-top: medium none; border-left: medium none;\"><a href=\"https:\/\/www.balirando.fr\/wp-content\/uploads\/randos\/deniveles\/iti0610.PNG\" target=\"_blank\" rel=\"noopener\">X<\/a><\/th>\n<th class=\"xl69\" style=\"border-top: medium none; border-left: medium none;\">iti0610<\/th>\n<\/tr>\n<tr style=\"height: 15.6pt;\" height=\"21\">\n<th class=\"xl68\" style=\"border-top: medium none;\"><a href=\"https:\/\/www.balirando.fr\/randonnee\/autour-de-mons\/\" target=\"_blank\" rel=\"noopener\">Autour de Mons<\/a><\/th>\n<th class=\"xl69\" style=\"border-top: medium none; border-left: medium none;\">4,5<\/th>\n<th class=\"xl67\" style=\"border-top: medium none; border-left: medium none;\">01:15<\/th>\n<th class=\"xl69\" style=\"border-top: medium none; border-left: medium none;\">80<\/th>\n<th class=\"xl69\" style=\"border-top: medium none; border-left: medium none;\">Mons<\/th>\n<th class=\"xl71\" style=\"border-top: medium none; border-left: medium none;\"><a href=\"https:\/\/www.balirando.fr\/wp-content\/uploads\/randos\/gpx\/hpd0086.gpx\">X<\/a><\/th>\n<th class=\"xl68\" style=\"border-top: medium none; border-left: medium none;\"><a href=\"https:\/\/www.balirando.fr\/wp-content\/uploads\/randos\/cartes\/HPD0086_AvecSignaletique.pdf\" target=\"_blank\" rel=\"noopener\">X<\/a><\/th>\n<th class=\"xl68\" style=\"border-top: medium none; border-left: medium none;\"><a href=\"https:\/\/www.balirando.fr\/wp-content\/uploads\/randos\/fiches\/hpd0086.pdf\" target=\"_blank\" rel=\"noopener\">X<\/a><\/th>\n<th class=\"xl68\" style=\"border-top: medium none; border-left: medium none;\"><a href=\"https:\/\/www.balirando.fr\/wp-content\/uploads\/randos\/deniveles\/hpd0086.PNG\" target=\"_blank\" rel=\"noopener\">X<\/a><\/th>\n<th class=\"xl69\" style=\"border-top: medium none; border-left: medium none;\">hpd0086<\/th>\n<\/tr>\n<tr style=\"height: 15.6pt;\" height=\"21\">\n<th class=\"xl68\" style=\"border-top: medium none;\"><a href=\"https:\/\/www.balirando.fr\/randonnee\/autour-du-lac-daydat\/\" target=\"_blank\" rel=\"noopener\">Autour du lac d\u2019Aydat<\/a><\/th>\n<th class=\"xl69\" style=\"border-top: medium none; border-left: medium none;\">6,5<\/th>\n<th class=\"xl67\" style=\"border-top: medium none; border-left: medium none;\">01:45<\/th>\n<th class=\"xl69\" style=\"border-top: medium none; border-left: medium none;\">105<\/th>\n<th class=\"xl69\" style=\"border-top: medium none; border-left: medium none;\">Aydat<\/th>\n<th class=\"xl71\" style=\"border-top: medium none; border-left: medium none;\"><a href=\"https:\/\/www.balirando.fr\/wp-content\/uploads\/randos\/gpx\/iti0613.gpx\">X<\/a><\/th>\n<th class=\"xl68\" style=\"border-top: medium none; border-left: medium none;\"><a href=\"https:\/\/www.balirando.fr\/wp-content\/uploads\/randos\/cartes\/ITI0613_AvecSignaletique.pdf\" target=\"_blank\" rel=\"noopener\">X<\/a><\/th>\n<th class=\"xl68\" style=\"border-top: medium none; border-left: medium none;\"><a href=\"https:\/\/www.balirando.fr\/wp-content\/uploads\/randos\/fiches\/iti0613.pdf\" target=\"_blank\" rel=\"noopener\">X<\/a><\/th>\n<th class=\"xl68\" style=\"border-top: medium none; border-left: medium none;\"><a href=\"https:\/\/www.balirando.fr\/wp-content\/uploads\/randos\/deniveles\/iti0613.PNG\" target=\"_blank\" rel=\"noopener\">X<\/a><\/th>\n<th class=\"xl69\" style=\"border-top: medium none; border-left: medium none;\">iti0613<\/th>\n<\/tr>\n<tr style=\"height: 15.6pt;\" height=\"21\">\n<th class=\"xl68\" style=\"border-top: medium none;\"><a href=\"https:\/\/www.balirando.fr\/randonnee\/balade-a-vergheas\/\" target=\"_blank\" rel=\"noopener\">balade-a-vergheas<\/a><\/th>\n<th class=\"xl69\">4,5<\/th>\n<th class=\"xl67\">01:15<\/th>\n<th class=\"xl69\">84<\/th>\n<th class=\"xl69\">Vergheas<\/th>\n<th class=\"xl71\" style=\"border-top: medium none; border-left: medium none;\"><a href=\"https:\/\/www.balirando.fr\/wp-content\/uploads\/randos\/gpx\/hpd0109.gpx\">X<\/a><\/th>\n<th class=\"xl68\" style=\"border-top: medium none; border-left: medium none;\"><a href=\"https:\/\/www.balirando.fr\/wp-content\/uploads\/randos\/cartes\/HPD0109_AvecSignaletique.pdf\" target=\"_blank\" rel=\"noopener\">X<\/a><\/th>\n<th class=\"xl68\" style=\"border-top: medium none; border-left: medium none;\"><a href=\"https:\/\/www.balirando.fr\/wp-content\/uploads\/randos\/fiches\/hpd0109.pdf\" target=\"_blank\" rel=\"noopener\">X<\/a><\/th>\n<th class=\"xl68\" style=\"border-top: medium none; border-left: medium none;\"><a href=\"https:\/\/www.balirando.fr\/wp-content\/uploads\/randos\/deniveles\/hpd109.PNG\" target=\"_blank\" rel=\"noopener\">X<\/a><\/th>\n<th class=\"xl69\" style=\"border-top: medium none; border-left: medium none;\">hpd109<\/th>\n<\/tr>\n<tr style=\"height: 15.6pt;\" height=\"21\">\n<th class=\"xl68\" style=\"border-top: medium none;\"><a href=\"https:\/\/www.balirando.fr\/randonnee\/le-bal-des-fees\/\" target=\"_blank\" rel=\"noopener\">Le bal des fees<\/a><\/th>\n<th class=\"xl69\" style=\"border-top: medium none; border-left: medium none;\">6<\/th>\n<th class=\"xl67\" style=\"border-top: medium none; border-left: medium none;\">2:00<\/th>\n<th class=\"xl69\" style=\"border-top: medium none; border-left: medium none;\">210<\/th>\n<th class=\"xl69\" style=\"border-top: medium none; border-left: medium none;\">Montaigut le Blanc<\/th>\n<th class=\"xl71\" style=\"border-top: medium none; border-left: medium none;\"><a href=\"https:\/\/www.balirando.fr\/wp-content\/uploads\/randos\/gpx\/hpd0043.gpx\">X<\/a><\/th>\n<th class=\"xl68\" style=\"border-top: medium none; border-left: medium none;\"><a href=\"https:\/\/www.balirando.fr\/wp-content\/uploads\/randos\/cartes\/HPD0043_AvecSignaletique.pdf\" target=\"_blank\" rel=\"noopener\">X<\/a><\/th>\n<th class=\"xl68\" style=\"border-top: medium none; border-left: medium none;\"><a href=\"https:\/\/www.balirando.fr\/wp-content\/uploads\/randos\/fiches\/hpd0043.pdf\" target=\"_blank\" rel=\"noopener\">X<\/a><\/th>\n<th class=\"xl68\" style=\"border-top: medium none; border-left: medium none;\"><a href=\"https:\/\/www.balirando.fr\/wp-content\/uploads\/randos\/deniveles\/hpd0043.PNG\" target=\"_blank\" rel=\"noopener\">X<\/a><\/th>\n<th class=\"xl69\" style=\"border-top: medium none; border-left: medium none;\">hpd0043<\/th>\n<\/tr>\n<tr style=\"height: 15.6pt;\" height=\"21\">\n<th class=\"xl68\" style=\"border-top: medium none;\"><a href=\"https:\/\/www.balirando.fr\/randonnee\/bogon\/\" target=\"_blank\" rel=\"noopener\">Bogon<\/a><\/th>\n<th class=\"xl69\" style=\"border-top: medium none; border-left: medium none;\">6,5<\/th>\n<th class=\"xl67\" style=\"border-top: medium none; border-left: medium none;\">02:00<\/th>\n<th class=\"xl69\" style=\"border-top: medium none; border-left: medium none;\">215<\/th>\n<th class=\"xl69\" style=\"border-top: medium none; border-left: medium none;\">Egliseneuve<br \/>\nd&rsquo;Entraigues<\/th>\n<th class=\"xl71\" style=\"border-top: medium none; border-left: medium none;\"><a href=\"https:\/\/www.balirando.fr\/wp-content\/uploads\/randos\/gpx\/iti0140.gpx\">X<\/a><\/th>\n<th class=\"xl68\" style=\"border-top: medium none; border-left: medium none;\"><a href=\"https:\/\/www.balirando.fr\/wp-content\/uploads\/randos\/cartes\/ITI0140_AvecSignaletique.pdf\" target=\"_blank\" rel=\"noopener\">X<\/a><\/th>\n<th class=\"xl68\" style=\"border-top: medium none; border-left: medium none;\"><a href=\"https:\/\/www.balirando.fr\/wp-content\/uploads\/randos\/fiches\/iti0140.pdf\" target=\"_blank\" rel=\"noopener\">X<\/a><\/th>\n<th class=\"xl68\" style=\"border-top: medium none; border-left: medium none;\"><a href=\"https:\/\/www.balirando.fr\/wp-content\/uploads\/randos\/deniveles\/iti0140.PNG\" target=\"_blank\" rel=\"noopener\">X<\/a><\/th>\n<th class=\"xl69\" style=\"border-top: medium none; border-left: medium none;\">iti0140<\/th>\n<\/tr>\n<tr style=\"height: 15.6pt;\" height=\"21\">\n<th class=\"xl68\" style=\"border-top: medium none;\"><a href=\"https:\/\/www.balirando.fr\/randonnee\/bois-de-motaillas\/\" target=\"_blank\" rel=\"noopener\">Bois-de-motaillas<\/a><\/th>\n<th class=\"xl69\" style=\"border-top: medium none; border-left: medium none;\">4,5<\/th>\n<th class=\"xl67\" style=\"border-top: medium none; border-left: medium none;\">01:30<\/th>\n<th class=\"xl69\" style=\"border-top: medium none; border-left: medium none;\">230<\/th>\n<th class=\"xl69\" style=\"border-top: medium none; border-left: medium none;\">Vitrac<\/th>\n<th class=\"xl71\" style=\"border-top: medium none; border-left: medium none;\"><a href=\"https:\/\/www.balirando.fr\/wp-content\/uploads\/randos\/gpx\/iti0216.gpx\">X<\/a><\/th>\n<th class=\"xl68\" style=\"border-top: medium none; border-left: medium none;\"><a href=\"https:\/\/www.balirando.fr\/wp-content\/uploads\/randos\/cartes\/ITI0216_AvecSignaletique.pdf\" target=\"_blank\" rel=\"noopener\">X<\/a><\/th>\n<th class=\"xl68\" style=\"border-top: medium none; border-left: medium none;\"><a href=\"https:\/\/www.balirando.fr\/wp-content\/uploads\/randos\/fiches\/iti0216.pdf\" target=\"_blank\" rel=\"noopener\">X<\/a><\/th>\n<th class=\"xl68\" style=\"border-top: medium none; border-left: medium none;\"><a href=\"https:\/\/www.balirando.fr\/wp-content\/uploads\/randos\/deniveles\/iti0216.PNG\" target=\"_blank\" rel=\"noopener\">X<\/a><\/th>\n<th class=\"xl69\" style=\"border-top: medium none; border-left: medium none;\">iti0216<\/th>\n<\/tr>\n<tr style=\"height: 15.6pt;\" height=\"21\">\n<th class=\"xl68\" style=\"border-top: medium none;\"><a href=\"https:\/\/www.balirando.fr\/randonnee\/le-bois-de-play\/\" target=\"_blank\" rel=\"noopener\">Bois de Play<\/a><\/th>\n<th class=\"xl69\" style=\"border-top: medium none; border-left: medium none;\">4<\/th>\n<th class=\"xl67\" style=\"border-top: medium none; border-left: medium none;\">01:30<\/th>\n<th class=\"xl69\" style=\"border-top: medium none; border-left: medium none;\">146<\/th>\n<th class=\"xl69\" style=\"border-top: medium none; border-left: medium none;\">Espinchal<\/th>\n<th class=\"xl71\" style=\"border-top: medium none; border-left: medium none;\"><a href=\"https:\/\/www.balirando.fr\/wp-content\/uploads\/randos\/gpx\/iti0138.gpx\">X<\/a><\/th>\n<th class=\"xl68\" style=\"border-top: medium none; border-left: medium none;\"><a href=\"https:\/\/www.balirando.fr\/wp-content\/uploads\/randos\/cartes\/ITI0138_AvecSignaletique.pdf\" target=\"_blank\" rel=\"noopener\">X<\/a><\/th>\n<th class=\"xl68\" style=\"border-top: medium none; border-left: medium none;\"><a href=\"https:\/\/www.balirando.fr\/wp-content\/uploads\/randos\/fiches\/iti0138.pdf\" target=\"_blank\" rel=\"noopener\">X<\/a><\/th>\n<th class=\"xl68\" style=\"border-top: medium none; border-left: medium none;\"><a href=\"https:\/\/www.balirando.fr\/wp-content\/uploads\/randos\/deniveles\/iti0138.PNG\" target=\"_blank\" rel=\"noopener\">X<\/a><\/th>\n<th class=\"xl69\" style=\"border-top: medium none; border-left: medium none;\">iti0138<\/th>\n<\/tr>\n<tr style=\"height: 15.6pt;\" height=\"21\">\n<th class=\"xl68\" style=\"border-top: medium none;\"><a href=\"https:\/\/www.balirando.fr\/randonnee\/bois-de-rochemave\/\" target=\"_blank\" rel=\"noopener\">Bois de Rochemave<\/a><\/th>\n<th class=\"xl69\" style=\"border-top: medium none; border-left: medium none;\">6<\/th>\n<th class=\"xl67\" style=\"border-top: medium none; border-left: medium none;\">02:00<\/th>\n<th class=\"xl69\" style=\"border-top: medium none; border-left: medium none;\">125<\/th>\n<th class=\"xl69\" style=\"border-top: medium none; border-left: medium none;\">Cros<\/th>\n<th class=\"xl71\" style=\"border-top: medium none; border-left: medium none;\"><a href=\"https:\/\/www.balirando.fr\/wp-content\/uploads\/randos\/gpx\/iti0208.gpx\">X<\/a><\/th>\n<th class=\"xl68\" style=\"border-top: medium none; border-left: medium none;\"><a href=\"https:\/\/www.balirando.fr\/wp-content\/uploads\/randos\/cartes\/ITI0208_AvecSignaletique.pdf\" target=\"_blank\" rel=\"noopener\">X<\/a><\/th>\n<th class=\"xl68\" style=\"border-top: medium none; border-left: medium none;\"><a href=\"https:\/\/www.balirando.fr\/wp-content\/uploads\/randos\/fiches\/iti0208.pdf\" target=\"_blank\" rel=\"noopener\">X<\/a><\/th>\n<th class=\"xl68\" style=\"border-top: medium none; border-left: medium none;\"><a href=\"https:\/\/www.balirando.fr\/wp-content\/uploads\/randos\/deniveles\/iti0208.PNG\" target=\"_blank\" rel=\"noopener\">X<\/a><\/th>\n<th class=\"xl69\" style=\"border-top: medium none; border-left: medium none;\">iti0208<\/th>\n<\/tr>\n<tr style=\"height: 15.6pt;\" height=\"21\">\n<th class=\"xl68\" style=\"border-top: medium none;\"><a href=\"https:\/\/www.balirando.fr\/randonnee\/bois-des-bourelles\/\" target=\"_blank\" rel=\"noopener\">Bois des Bourelles<\/a><\/th>\n<th class=\"xl69\" style=\"border-top: medium none; border-left: medium none;\">7<\/th>\n<th class=\"xl67\" style=\"border-top: medium none; border-left: medium none;\">01:45<\/th>\n<th class=\"xl69\" style=\"border-top: medium none; border-left: medium none;\">250<\/th>\n<th class=\"xl69\" style=\"border-top: medium none; border-left: medium none;\">Orcival<\/th>\n<th class=\"xl71\" style=\"border-top: medium none; border-left: medium none;\"><a href=\"https:\/\/www.balirando.fr\/wp-content\/uploads\/randos\/gpx\/iti0101.gpx\">X<\/a><\/th>\n<th class=\"xl68\" style=\"border-top: medium none; border-left: medium none;\"><a href=\"https:\/\/www.balirando.fr\/wp-content\/uploads\/randos\/cartes\/ITI0101_AvecSignaletique.pdf\" target=\"_blank\" rel=\"noopener\">X<\/a><\/th>\n<th class=\"xl68\" style=\"border-top: medium none; border-left: medium none;\"><a href=\"https:\/\/www.balirando.fr\/wp-content\/uploads\/randos\/fiches\/iti0101.pdf\" target=\"_blank\" rel=\"noopener\">X<\/a><\/th>\n<th class=\"xl68\" style=\"border-top: medium none; border-left: medium none;\"><a href=\"https:\/\/www.balirando.fr\/wp-content\/uploads\/randos\/deniveles\/iti0101.PNG\" target=\"_blank\" rel=\"noopener\">X<\/a><\/th>\n<th class=\"xl69\" style=\"border-top: medium none; border-left: medium none;\">iti0101<\/th>\n<\/tr>\n<tr style=\"height: 15.6pt;\" height=\"21\">\n<th class=\"xl68\" style=\"border-top: medium none;\"><a href=\"https:\/\/www.balirando.fr\/randonnee\/bords-dallier\/\" target=\"_blank\" rel=\"noopener\">Bords d\u2019Allier<\/a><\/th>\n<th class=\"xl69\" style=\"border-top: medium none; border-left: medium none;\">6,5<\/th>\n<th class=\"xl67\" style=\"border-top: medium none; border-left: medium none;\">01:45<\/th>\n<th class=\"xl69\" style=\"border-top: medium none; border-left: medium none;\">25<\/th>\n<th class=\"xl69\" style=\"border-top: medium none; border-left: medium none;\">Cournon<\/th>\n<th class=\"xl71\" style=\"border-top: medium none; border-left: medium none;\"><a href=\"https:\/\/www.balirando.fr\/wp-content\/uploads\/randos\/gpx\/iti0612.gpx\">X<\/a><\/th>\n<th class=\"xl68\" style=\"border-top: medium none; border-left: medium none;\"><a href=\"https:\/\/www.balirando.fr\/wp-content\/uploads\/randos\/cartes\/ITI0612_AvecSignaletique.pdf\" target=\"_blank\" rel=\"noopener\">X<\/a><\/th>\n<th class=\"xl68\" style=\"border-top: medium none; border-left: medium none;\"><a href=\"https:\/\/www.balirando.fr\/wp-content\/uploads\/randos\/fiches\/iti0612.pdf\" target=\"_blank\" rel=\"noopener\">X<\/a><\/th>\n<th class=\"xl68\" style=\"border-top: medium none; border-left: medium none;\"><a href=\"https:\/\/www.balirando.fr\/wp-content\/uploads\/randos\/deniveles\/iti0612.PNG\" target=\"_blank\" rel=\"noopener\">X<\/a><\/th>\n<th class=\"xl69\" style=\"border-top: medium none; border-left: medium none;\">iti0612<\/th>\n<\/tr>\n<tr style=\"height: 15.6pt;\" height=\"21\">\n<th class=\"xl68\" style=\"border-top: medium none;\"><a href=\"https:\/\/www.balirando.fr\/randonnee\/butte-de-montpensier\/\" target=\"_blank\" rel=\"noopener\">Butte de Montpensier<\/a><\/th>\n<th class=\"xl69\" style=\"border-top: medium none; border-left: medium none;\">7,5<\/th>\n<th class=\"xl67\" style=\"border-top: medium none; border-left: medium none;\">02<\/th>\n<th class=\"xl69\" style=\"border-top: medium none; border-left: medium none;\">105<\/th>\n<th class=\"xl69\" style=\"border-top: medium none; border-left: medium none;\">Montpensier<\/th>\n<th class=\"xl71\" style=\"border-top: medium none; border-left: medium none;\"><a href=\"https:\/\/www.balirando.fr\/wp-content\/uploads\/randos\/gpx\/hpd0032.gpx\">X<\/a><\/th>\n<th class=\"xl68\" style=\"border-top: medium none; border-left: medium none;\"><a href=\"https:\/\/www.balirando.fr\/wp-content\/uploads\/randos\/cartes\/HPD0032_AvecSignaletique.pdf\" target=\"_blank\" rel=\"noopener\">X<\/a><\/th>\n<th class=\"xl68\" style=\"border-top: medium none; border-left: medium none;\"><a href=\"https:\/\/www.balirando.fr\/wp-content\/uploads\/randos\/fiches\/hpd0032.pdf\" target=\"_blank\" rel=\"noopener\">X<\/a><\/th>\n<th class=\"xl68\" style=\"border-top: medium none; border-left: medium none;\"><a href=\"https:\/\/www.balirando.fr\/wp-content\/uploads\/randos\/deniveles\/hpd0032.PNG\" target=\"_blank\" rel=\"noopener\">X<\/a><\/th>\n<th class=\"xl69\" style=\"border-top: medium none; border-left: medium none;\">hpd0032<\/th>\n<\/tr>\n<tr style=\"height: 15.6pt;\" height=\"21\">\n<th class=\"xl68\" style=\"border-top: medium none;\"><a href=\"https:\/\/www.balirando.fr\/randonnee\/la-chapelle-de-roche-charles\/\" target=\"_blank\" rel=\"noopener\">Chapelle de Roche-Charles<\/a><\/th>\n<th class=\"xl69\" style=\"border-top: medium none; border-left: medium none;\">5<\/th>\n<th class=\"xl67\" style=\"border-top: medium none; border-left: medium none;\">02:00<\/th>\n<th class=\"xl69\" style=\"border-top: medium none; border-left: medium none;\">175<\/th>\n<th class=\"xl69\" style=\"border-top: medium none; border-left: medium none;\">Boslabert<\/th>\n<th class=\"xl71\" style=\"border-top: medium none; border-left: medium none;\"><a href=\"https:\/\/www.balirando.fr\/wp-content\/uploads\/randos\/gpx\/iti0132.gpx\">X<\/a><\/th>\n<th class=\"xl68\" style=\"border-top: medium none; border-left: medium none;\"><a href=\"https:\/\/www.balirando.fr\/wp-content\/uploads\/randos\/cartes\/ITI0132_AvecSignaletique.pdf\" target=\"_blank\" rel=\"noopener\">X<\/a><\/th>\n<th class=\"xl68\" style=\"border-top: medium none; border-left: medium none;\"><a href=\"https:\/\/www.balirando.fr\/wp-content\/uploads\/randos\/fiches\/iti0132.pdf\" target=\"_blank\" rel=\"noopener\">X<\/a><\/th>\n<th class=\"xl68\" style=\"border-top: medium none; border-left: medium none;\"><a href=\"https:\/\/www.balirando.fr\/wp-content\/uploads\/randos\/deniveles\/iti0132.PNG\" target=\"_blank\" rel=\"noopener\">X<\/a><\/th>\n<th class=\"xl69\" style=\"border-top: medium none; border-left: medium none;\">iti0132<\/th>\n<\/tr>\n<tr style=\"height: 15.6pt;\" height=\"21\">\n<th class=\"xl68\" style=\"border-top: medium none;\"><a href=\"https:\/\/www.balirando.fr\/randonnee\/la-chapelle-saint-gorgon\/\" target=\"_blank\" rel=\"noopener\">Chapelle Saint-Gorgon<\/a><\/th>\n<th class=\"xl69\" style=\"border-top: medium none; border-left: medium none;\">6<\/th>\n<th class=\"xl67\" style=\"border-top: medium none; border-left: medium none;\">02:00<\/th>\n<th class=\"xl69\" style=\"border-top: medium none; border-left: medium none;\">205<\/th>\n<th class=\"xl69\" style=\"border-top: medium none; border-left: medium none;\">Compains<\/th>\n<th class=\"xl71\" style=\"border-top: medium none; border-left: medium none;\"><a href=\"https:\/\/www.balirando.fr\/wp-content\/uploads\/randos\/gpx\/iti0091.gpx\">X<\/a><\/th>\n<th class=\"xl68\" style=\"border-top: medium none; border-left: medium none;\"><a href=\"https:\/\/www.balirando.fr\/wp-content\/uploads\/randos\/cartes\/ITI0091_AvecSignaletique.pdf\" target=\"_blank\" rel=\"noopener\">X<\/a><\/th>\n<th class=\"xl68\" style=\"border-top: medium none; border-left: medium none;\"><a href=\"https:\/\/www.balirando.fr\/wp-content\/uploads\/randos\/fiches\/iti0091.pdf\" target=\"_blank\" rel=\"noopener\">X<\/a><\/th>\n<th class=\"xl68\" style=\"border-top: medium none; border-left: medium none;\"><a href=\"https:\/\/www.balirando.fr\/wp-content\/uploads\/randos\/deniveles\/iti0091.PNG\" target=\"_blank\" rel=\"noopener\">X<\/a><\/th>\n<th class=\"xl69\" style=\"border-top: medium none; border-left: medium none;\">iti0091<\/th>\n<\/tr>\n<tr style=\"height: 15.6pt;\" height=\"21\">\n<th class=\"xl68\" style=\"border-top: medium none;\"><a href=\"https:\/\/www.balirando.fr\/randonnee\/la-chapelle-sainte-pezade\/\" target=\"_blank\" rel=\"noopener\">Chapelle Sainte-Pezade<\/a><\/th>\n<th class=\"xl69\" style=\"border-top: medium none; border-left: medium none;\">7,5<\/th>\n<th class=\"xl67\" style=\"border-top: medium none; border-left: medium none;\">02:00<\/th>\n<th class=\"xl69\" style=\"border-top: medium none; border-left: medium none;\">305<\/th>\n<th class=\"xl69\" style=\"border-top: medium none; border-left: medium none;\">Mazoires<\/th>\n<th class=\"xl71\" style=\"border-top: medium none; border-left: medium none;\"><a href=\"https:\/\/www.balirando.fr\/wp-content\/uploads\/randos\/gpx\/iti0133.gpx\">X<\/a><\/th>\n<th class=\"xl68\" style=\"border-top: medium none; border-left: medium none;\"><a href=\"https:\/\/www.balirando.fr\/wp-content\/uploads\/randos\/cartes\/ITI0133_AvecSignaletique.pdf\" target=\"_blank\" rel=\"noopener\">X<\/a><\/th>\n<th class=\"xl68\" style=\"border-top: medium none; border-left: medium none;\"><a href=\"https:\/\/www.balirando.fr\/wp-content\/uploads\/randos\/fiches\/iti0133.pdf\" target=\"_blank\" rel=\"noopener\">X<\/a><\/th>\n<th class=\"xl68\" style=\"border-top: medium none; border-left: medium none;\"><a href=\"https:\/\/www.balirando.fr\/wp-content\/uploads\/randos\/deniveles\/iti0133.PNG\" target=\"_blank\" rel=\"noopener\">X<\/a><\/th>\n<th class=\"xl69\" style=\"border-top: medium none; border-left: medium none;\">iti0133<\/th>\n<\/tr>\n<tr style=\"height: 15.6pt;\" height=\"21\">\n<th class=\"xl68\" style=\"border-top: medium none;\"><a href=\"https:\/\/www.balirando.fr\/randonnee\/la-chapelle-sur-usson\/\" target=\"_blank\" rel=\"noopener\">Chapelle sur Usson<\/a><\/th>\n<th class=\"xl69\" style=\"border-top: medium none; border-left: medium none;\">6<\/th>\n<th class=\"xl67\" style=\"border-top: medium none; border-left: medium none;\">02:00<\/th>\n<th class=\"xl69\" style=\"border-top: medium none; border-left: medium none;\">195<\/th>\n<th class=\"xl69\" style=\"border-top: medium none; border-left: medium none;\">Sarpoil<\/th>\n<th class=\"xl71\" style=\"border-top: medium none; border-left: medium none;\"><a href=\"https:\/\/www.balirando.fr\/wp-content\/uploads\/randos\/gpx\/iti0298.gpx\">X<\/a><\/th>\n<th class=\"xl68\" style=\"border-top: medium none; border-left: medium none;\"><a href=\"https:\/\/www.balirando.fr\/wp-content\/uploads\/randos\/cartes\/ITI0298_AvecSignaletique.pdf\" target=\"_blank\" rel=\"noopener\">X<\/a><\/th>\n<th class=\"xl68\" style=\"border-top: medium none; border-left: medium none;\"><a href=\"https:\/\/www.balirando.fr\/wp-content\/uploads\/randos\/fiches\/iti0298.pdf\" target=\"_blank\" rel=\"noopener\">X<\/a><\/th>\n<th class=\"xl68\" style=\"border-top: medium none; border-left: medium none;\"><a href=\"https:\/\/www.balirando.fr\/wp-content\/uploads\/randos\/deniveles\/iti0298.PNG\" target=\"_blank\" rel=\"noopener\">X<\/a><\/th>\n<th class=\"xl69\" style=\"border-top: medium none; border-left: medium none;\">iti0298<\/th>\n<\/tr>\n<tr style=\"height: 15.6pt;\" height=\"21\">\n<th class=\"xl68\" style=\"border-top: medium none;\"><a href=\"https:\/\/www.balirando.fr\/randonnee\/chartreuse-de-port-sainte-marie\/\" target=\"_blank\" rel=\"noopener\">Chartreuse de Port-Sainte-Marie<\/a><\/th>\n<th class=\"xl69\" style=\"border-top: medium none; border-left: medium none;\">7<\/th>\n<th class=\"xl67\" style=\"border-top: medium none; border-left: medium none;\">02:00<\/th>\n<th class=\"xl69\" style=\"border-top: medium none; border-left: medium none;\">230<\/th>\n<th class=\"xl69\" style=\"border-top: medium none; border-left: medium none;\">Ancizes<\/th>\n<th class=\"xl71\" style=\"border-top: medium none; border-left: medium none;\"><a href=\"https:\/\/www.balirando.fr\/wp-content\/uploads\/randos\/gpx\/iti0217.gpx\">X<\/a><\/th>\n<th class=\"xl68\" style=\"border-top: medium none; border-left: medium none;\"><a href=\"https:\/\/www.balirando.fr\/wp-content\/uploads\/randos\/cartes\/ITI0217_AvecSignaletique.pdf\" target=\"_blank\" rel=\"noopener\">X<\/a><\/th>\n<th class=\"xl68\" style=\"border-top: medium none; border-left: medium none;\"><a href=\"https:\/\/www.balirando.fr\/wp-content\/uploads\/randos\/fiches\/iti0217.pdf\" target=\"_blank\" rel=\"noopener\">X<\/a><\/th>\n<th class=\"xl68\" style=\"border-top: medium none; border-left: medium none;\"><a href=\"https:\/\/www.balirando.fr\/wp-content\/uploads\/randos\/deniveles\/iti0217.PNG\" target=\"_blank\" rel=\"noopener\">X<\/a><\/th>\n<th class=\"xl69\" style=\"border-top: medium none; border-left: medium none;\">iti0217<\/th>\n<\/tr>\n<tr style=\"height: 15.6pt;\" height=\"21\">\n<th class=\"xl68\" style=\"border-top: medium none;\"><a href=\"https:\/\/www.balirando.fr\/randonnee\/chateau-rocher\/\" target=\"_blank\" rel=\"noopener\">Ch\u00e2teau Rocher<\/a><\/th>\n<th class=\"xl69\" style=\"border-top: medium none; border-left: medium none;\">5<\/th>\n<th class=\"xl67\" style=\"border-top: medium none; border-left: medium none;\">01:30<\/th>\n<th class=\"xl69\" style=\"border-top: medium none; border-left: medium none;\">200<\/th>\n<th class=\"xl69\" style=\"border-top: medium none; border-left: medium none;\">st Remy de Blot<\/th>\n<th class=\"xl71\" style=\"border-top: medium none; border-left: medium none;\"><a href=\"https:\/\/www.balirando.fr\/wp-content\/uploads\/randos\/gpx\/iti0222.gpx\">X<\/a><\/th>\n<th class=\"xl68\" style=\"border-top: medium none; border-left: medium none;\"><a href=\"https:\/\/www.balirando.fr\/wp-content\/uploads\/randos\/cartes\/ITI0222_AvecSignaletique.pdf\" target=\"_blank\" rel=\"noopener\">X<\/a><\/th>\n<th class=\"xl68\" style=\"border-top: medium none; border-left: medium none;\"><a href=\"https:\/\/www.balirando.fr\/wp-content\/uploads\/randos\/fiches\/iti0222.pdf\" target=\"_blank\" rel=\"noopener\">X<\/a><\/th>\n<th class=\"xl68\" style=\"border-top: medium none; border-left: medium none;\"><a href=\"https:\/\/www.balirando.fr\/wp-content\/uploads\/randos\/deniveles\/iti0222.PNG\" target=\"_blank\" rel=\"noopener\">X<\/a><\/th>\n<th class=\"xl69\" style=\"border-top: medium none; border-left: medium none;\">iti0222<\/th>\n<\/tr>\n<tr style=\"height: 15.6pt;\" height=\"21\">\n<th class=\"xl68\" style=\"border-top: medium none; border-left: medium none;\"><a href=\"https:\/\/www.balirando.fr\/randonnee\/chemin-des-ronzieres\/\">Chemin des Ronzi\u00e8res<\/a><\/th>\n<th class=\"xl69\">6,5<\/th>\n<th class=\"xl67\">02:00<\/th>\n<th class=\"xl69\">170<\/th>\n<th class=\"xl69\">Miremont<\/th>\n<th class=\"xl71\" style=\"border-top: medium none; border-left: medium none;\"><a href=\"https:\/\/www.balirando.fr\/wp-content\/uploads\/randos\/gpx\/hpd0112.gpx\">X<\/a><\/th>\n<th class=\"xl68\" style=\"border-top: medium none; border-left: medium none;\"><a href=\"https:\/\/www.balirando.fr\/wp-content\/uploads\/randos\/cartes\/HPD0112_AvecSignaletique.pdf\" target=\"_blank\" rel=\"noopener\">X<\/a><\/th>\n<th class=\"xl68\" style=\"border-top: medium none; border-left: medium none;\"><a href=\"https:\/\/www.balirando.fr\/wp-content\/uploads\/randos\/fiches\/hpd0112.pdf\" target=\"_blank\" rel=\"noopener\">X<\/a><\/th>\n<th class=\"xl68\" style=\"border-top: medium none; border-left: medium none;\"><a href=\"https:\/\/www.balirando.fr\/wp-content\/uploads\/randos\/deniveles\/hpd0112.PNG\" target=\"_blank\" rel=\"noopener\">X<\/a><\/th>\n<th class=\"xl69\" style=\"border-top: medium none; border-left: medium none;\">hpd0112<\/th>\n<\/tr>\n<tr style=\"height: 15.6pt;\" height=\"21\">\n<th class=\"xl68\" style=\"border-top: medium none; border-left: medium none;\"><a href=\"https:\/\/www.balirando.fr\/randonnee\/chemins-des-combrailles\/\">chemins-des-combrailles<\/a><\/th>\n<th class=\"xl69\">5,5<\/th>\n<th class=\"xl67\">01:45<\/th>\n<th class=\"xl69\">165<\/th>\n<th class=\"xl69\">Bussi\u00e8res pr\u00e8s Pionsat<\/th>\n<th class=\"xl71\" style=\"border-top: medium none; border-left: medium none;\"><a href=\"https:\/\/www.balirando.fr\/wp-content\/uploads\/randos\/gpx\/hpd0097.gpx\">X<\/a><\/th>\n<th class=\"xl68\" style=\"border-top: medium none; border-left: medium none;\"><a href=\"https:\/\/www.balirando.fr\/wp-content\/uploads\/randos\/cartes\/HPD0097_AvecSignaletique.pdf\" target=\"_blank\" rel=\"noopener\">X<\/a><\/th>\n<th class=\"xl68\" style=\"border-top: medium none; border-left: medium none;\"><a href=\"https:\/\/www.balirando.fr\/wp-content\/uploads\/randos\/fiches\/hpd0097.pdf\" target=\"_blank\" rel=\"noopener\">X<\/a><\/th>\n<th class=\"xl68\" style=\"border-top: medium none; border-left: medium none;\"><a href=\"https:\/\/www.balirando.fr\/wp-content\/uploads\/randos\/deniveles\/hpd0097.PNG\" target=\"_blank\" rel=\"noopener\">X<\/a><\/th>\n<th class=\"xl69\" style=\"border-top: medium none; border-left: medium none;\">hpd0097<\/th>\n<\/tr>\n<tr style=\"height: 15.6pt;\" height=\"21\">\n<th class=\"xl68\" style=\"border-top: medium none;\"><a href=\"https:\/\/www.balirando.fr\/randonnee\/la-cheire-de-pontgibaud\/\" target=\"_blank\" rel=\"noopener\">Cheire de Pontgibaud<\/a><\/th>\n<th class=\"xl69\" style=\"border-top: medium none; border-left: medium none;\">7,5<\/th>\n<th class=\"xl67\" style=\"border-top: medium none; border-left: medium none;\">02:00<\/th>\n<th class=\"xl69\" style=\"border-top: medium none; border-left: medium none;\">170<\/th>\n<th class=\"xl69\" style=\"border-top: medium none; border-left: medium none;\">Pontgibaud<\/th>\n<th class=\"xl71\" style=\"border-top: medium none; border-left: medium none;\"><a href=\"https:\/\/www.balirando.fr\/wp-content\/uploads\/randos\/gpx\/iti0021.gpx\">X<\/a><\/th>\n<th class=\"xl68\" style=\"border-top: medium none; border-left: medium none;\"><a href=\"https:\/\/www.balirando.fr\/wp-content\/uploads\/randos\/cartes\/ITI0021_AvecSignaletique.pdf\" target=\"_blank\" rel=\"noopener\">X<\/a><\/th>\n<th class=\"xl68\" style=\"border-top: medium none; border-left: medium none;\"><a href=\"https:\/\/www.balirando.fr\/wp-content\/uploads\/randos\/fiches\/iti0021.pdf\" target=\"_blank\" rel=\"noopener\">X<\/a><\/th>\n<th class=\"xl68\" style=\"border-top: medium none; border-left: medium none;\"><a href=\"https:\/\/www.balirando.fr\/wp-content\/uploads\/randos\/deniveles\/iti0021.PNG\" target=\"_blank\" rel=\"noopener\">X<\/a><\/th>\n<th class=\"xl69\" style=\"border-top: medium none; border-left: medium none;\">iti0021<\/th>\n<\/tr>\n<tr style=\"height: 15.6pt;\" height=\"21\">\n<th class=\"xl68\" style=\"border-top: medium none;\"><a href=\"https:\/\/www.balirando.fr\/randonnee\/le-chemin-faisart\/\" target=\"_blank\" rel=\"noopener\">Chemin Fais Art<\/a><\/th>\n<th class=\"xl69\" style=\"border-top: medium none; border-left: medium none;\">7<\/th>\n<th class=\"xl67\" style=\"border-top: medium none; border-left: medium none;\">02:00<\/th>\n<th class=\"xl69\" style=\"border-top: medium none; border-left: medium none;\">170<\/th>\n<th class=\"xl69\" style=\"border-top: medium none; border-left: medium none;\">Chapdes Beaufort<\/th>\n<th class=\"xl71\" style=\"border-top: medium none; border-left: medium none;\"><a href=\"https:\/\/www.balirando.fr\/wp-content\/uploads\/randos\/gpx\/iti0589.gpx\">X<\/a><\/th>\n<th class=\"xl68\" style=\"border-top: medium none; border-left: medium none;\"><a href=\"https:\/\/www.balirando.fr\/wp-content\/uploads\/randos\/cartes\/ITI0589_AvecSignaletique.pdf\" target=\"_blank\" rel=\"noopener\">X<\/a><\/th>\n<th class=\"xl68\" style=\"border-top: medium none; border-left: medium none;\"><a href=\"https:\/\/www.balirando.fr\/wp-content\/uploads\/randos\/fiches\/iti0589.pdf\" target=\"_blank\" rel=\"noopener\">X<\/a><\/th>\n<th class=\"xl68\" style=\"border-top: medium none; border-left: medium none;\"><a href=\"https:\/\/www.balirando.fr\/wp-content\/uploads\/randos\/deniveles\/iti0589.PNG\" target=\"_blank\" rel=\"noopener\">X<\/a><\/th>\n<th class=\"xl69\" style=\"border-top: medium none; border-left: medium none;\">iti0589<\/th>\n<\/tr>\n<tr style=\"height: 15.6pt;\" height=\"21\">\n<th class=\"xl68\" style=\"border-top: medium none;\"><a href=\"https:\/\/www.balirando.fr\/randonnee\/cirques-de-longevette-et-des-cotes\/\" target=\"_blank\" rel=\"noopener\">Cirques de longevette et des cotes<\/a><\/th>\n<th class=\"xl69\" style=\"border-top: medium none; border-left: medium none;\">5,5<\/th>\n<th class=\"xl67\" style=\"border-top: medium none; border-left: medium none;\">01:30<\/th>\n<th class=\"xl69\" style=\"border-top: medium none; border-left: medium none;\">130<\/th>\n<th class=\"xl69\" style=\"border-top: medium none; border-left: medium none;\">St Saturnin<\/th>\n<th class=\"xl71\" style=\"border-top: medium none; border-left: medium none;\"><a href=\"https:\/\/www.balirando.fr\/wp-content\/uploads\/randos\/gpx\/iti0060.gpx\">X<\/a><\/th>\n<th class=\"xl68\" style=\"border-top: medium none; border-left: medium none;\"><a href=\"https:\/\/www.balirando.fr\/wp-content\/uploads\/randos\/cartes\/ITI0060_AvecSignaletique.pdf\" target=\"_blank\" rel=\"noopener\">X<\/a><\/th>\n<th class=\"xl68\" style=\"border-top: medium none; border-left: medium none;\"><a href=\"https:\/\/www.balirando.fr\/wp-content\/uploads\/randos\/fiches\/iti0060.pdf\" target=\"_blank\" rel=\"noopener\">X<\/a><\/th>\n<th class=\"xl68\" style=\"border-top: medium none; border-left: medium none;\"><a href=\"https:\/\/www.balirando.fr\/wp-content\/uploads\/randos\/deniveles\/iti0060.PNG\" target=\"_blank\" rel=\"noopener\">X<\/a><\/th>\n<th class=\"xl69\" style=\"border-top: medium none; border-left: medium none;\">iti0060<\/th>\n<\/tr>\n<tr style=\"height: 15.6pt;\" height=\"21\">\n<th class=\"xl68\" style=\"border-top: medium none;\"><a href=\"https:\/\/www.balirando.fr\/randonnee\/clemensat\/\" target=\"_blank\" rel=\"noopener\">Cl\u00e9mensat<\/a><\/th>\n<th class=\"xl69\" style=\"border-top: medium none; border-left: medium none;\">6<\/th>\n<th class=\"xl67\" style=\"border-top: medium none; border-left: medium none;\">02:00<\/th>\n<th class=\"xl72\" style=\"border-top: medium none; border-left: medium none;\">210<\/th>\n<th class=\"xl69\" style=\"border-top: medium none; border-left: medium none;\">Clemensat<\/th>\n<th class=\"xl71\" style=\"border-top: medium none; border-left: medium none;\"><a href=\"https:\/\/www.balirando.fr\/wp-content\/uploads\/randos\/gpx\/iti0163.gpx\">X<\/a><\/th>\n<th class=\"xl68\" style=\"border-top: medium none; border-left: medium none;\"><a href=\"https:\/\/www.balirando.fr\/wp-content\/uploads\/randos\/cartes\/ITI0163_AvecSignaletique.pdf\" target=\"_blank\" rel=\"noopener\">X<\/a><\/th>\n<th class=\"xl68\" style=\"border-top: medium none; border-left: medium none;\"><a href=\"https:\/\/www.balirando.fr\/wp-content\/uploads\/randos\/fiches\/iti0163.pdf\" target=\"_blank\" rel=\"noopener\">X<\/a><\/th>\n<th class=\"xl68\" style=\"border-top: medium none; border-left: medium none;\"><a href=\"https:\/\/www.balirando.fr\/wp-content\/uploads\/randos\/deniveles\/iti0163.PNG\" target=\"_blank\" rel=\"noopener\">X<\/a><\/th>\n<th class=\"xl69\" style=\"border-top: medium none; border-left: medium none;\">iti0163<\/th>\n<\/tr>\n<tr style=\"height: 15.6pt;\" height=\"21\">\n<th class=\"xl68\" style=\"border-top: medium none;\"><a href=\"https:\/\/www.balirando.fr\/randonnee\/la-cote-de-pegnu\/\" target=\"_blank\" rel=\"noopener\">C\u00f4te de P\u00e9gnu<\/a><\/th>\n<th class=\"xl69\" style=\"border-top: medium none; border-left: medium none;\">7<\/th>\n<th class=\"xl67\" style=\"border-top: medium none; border-left: medium none;\">02:00<\/th>\n<th class=\"xl69\" style=\"border-top: medium none; border-left: medium none;\">245<\/th>\n<th class=\"xl69\" style=\"border-top: medium none; border-left: medium none;\">Durtol<\/th>\n<th class=\"xl71\" style=\"border-top: medium none; border-left: medium none;\"><a href=\"https:\/\/www.balirando.fr\/wp-content\/uploads\/randos\/gpx\/iti0009.gpx\">X<\/a><\/th>\n<th class=\"xl68\" style=\"border-top: medium none; border-left: medium none;\"><a href=\"https:\/\/www.balirando.fr\/wp-content\/uploads\/randos\/cartes\/ITI0009_AvecSignaletique.pdf\" target=\"_blank\" rel=\"noopener\">X<\/a><\/th>\n<th class=\"xl68\" style=\"border-top: medium none; border-left: medium none;\"><a href=\"https:\/\/www.balirando.fr\/wp-content\/uploads\/randos\/fiches\/iti0009.pdf\" target=\"_blank\" rel=\"noopener\">X<\/a><\/th>\n<th class=\"xl68\" style=\"border-top: medium none; border-left: medium none;\"><a href=\"https:\/\/www.balirando.fr\/wp-content\/uploads\/randos\/deniveles\/iti0009.PNG\" target=\"_blank\" rel=\"noopener\">X<\/a><\/th>\n<th class=\"xl69\" style=\"border-top: medium none; border-left: medium none;\">iti0009<\/th>\n<\/tr>\n<tr style=\"height: 15.6pt;\" height=\"21\">\n<th class=\"xl68\" style=\"border-top: medium none;\"><a href=\"https:\/\/www.balirando.fr\/randonnee\/dun-chevalement-a-lautre\/\" target=\"_blank\" rel=\"noopener\">D&rsquo;un chevalement \u00e0 l&rsquo;autre<\/a><\/th>\n<th class=\"xl69\" style=\"border-top: medium none; border-left: medium none;\">5<\/th>\n<th class=\"xl67\" style=\"border-top: medium none; border-left: medium none;\">01:30<\/th>\n<th class=\"xl69\" style=\"border-top: medium none; border-left: medium none;\">110<\/th>\n<th class=\"xl69\" style=\"border-top: medium none; border-left: medium none;\">Brassac les Mines<\/th>\n<th class=\"xl71\" style=\"border-top: medium none; border-left: medium none;\"><a href=\"https:\/\/www.balirando.fr\/wp-content\/uploads\/randos\/gpx\/hpd0001.gpx\">X<\/a><\/th>\n<th class=\"xl68\" style=\"border-top: medium none; border-left: medium none;\"><a href=\"https:\/\/www.balirando.fr\/wp-content\/uploads\/randos\/cartes\/HPD0001_AvecSignaletique.pdf\" target=\"_blank\" rel=\"noopener\">X<\/a><\/th>\n<th class=\"xl68\" style=\"border-top: medium none; border-left: medium none;\"><a href=\"https:\/\/www.balirando.fr\/wp-content\/uploads\/randos\/fiches\/hpd0001.pdf\" target=\"_blank\" rel=\"noopener\">X<\/a><\/th>\n<th class=\"xl68\" style=\"border-top: medium none; border-left: medium none;\"><a href=\"https:\/\/www.balirando.fr\/wp-content\/uploads\/randos\/deniveles\/hpd0001.PNG\" target=\"_blank\" rel=\"noopener\">X<\/a><\/th>\n<th class=\"xl69\" style=\"border-top: medium none; border-left: medium none;\">hpd0001<\/th>\n<\/tr>\n<tr style=\"height: 15.6pt;\" height=\"21\">\n<th class=\"xl68\" style=\"border-top: medium none;\"><a href=\"https:\/\/www.balirando.fr\/randonnee\/de-briffons-a-letang-mabrut\/\" target=\"_blank\" rel=\"noopener\">De Briffons \u00e0 l&rsquo;\u00e9tang Mabrut<\/a><\/th>\n<th class=\"xl69\" style=\"border-top: medium none; border-left: medium none;\">7,5<\/th>\n<th class=\"xl67\" style=\"border-top: medium none; border-left: medium none;\">02<\/th>\n<th class=\"xl69\" style=\"border-top: medium none; border-left: medium none;\">120<\/th>\n<th class=\"xl69\" style=\"border-top: medium none; border-left: medium none;\">Briffons<\/th>\n<th class=\"xl71\" style=\"border-top: medium none; border-left: medium none;\"><a href=\"https:\/\/www.balirando.fr\/wp-content\/uploads\/randos\/gpx\/hpd0084.gpx\">X<\/a><\/th>\n<th class=\"xl68\" style=\"border-top: medium none; border-left: medium none;\"><a href=\"https:\/\/www.balirando.fr\/wp-content\/uploads\/randos\/cartes\/HPD0084_AvecSignaletique.pdf\" target=\"_blank\" rel=\"noopener\">X<\/a><\/th>\n<th class=\"xl68\" style=\"border-top: medium none; border-left: medium none;\"><a href=\"https:\/\/www.balirando.fr\/wp-content\/uploads\/randos\/fiches\/hpd0084.pdf\" target=\"_blank\" rel=\"noopener\">X<\/a><\/th>\n<th class=\"xl68\" style=\"border-top: medium none; border-left: medium none;\"><a href=\"https:\/\/www.balirando.fr\/wp-content\/uploads\/randos\/deniveles\/hpd0084.PNG\" target=\"_blank\" rel=\"noopener\">X<\/a><\/th>\n<th class=\"xl69\" style=\"border-top: medium none; border-left: medium none;\">hpd0084<\/th>\n<\/tr>\n<p><!--\n\n\n<tr style=\"height: 15.6pt;\" height=\"21\">\n\n\n<th class=\"xl68\" style=\"border-top: medium none;\"><a href=\"https:\/\/www.balirando.fr\/randonnee\/de-lallier-au-puy-de-mur\/\" target=\"_blank\" rel=\"noopener\">De l\u2019Allier au puy de Mur<\/a><\/th>\n\n\n\n\n<th class=\"xl69\" style=\"border-top: medium none; border-left: medium none;\">6<\/th>\n\n\n\n\n<th class=\"xl67\" style=\"border-top: medium none; border-left: medium none;\">01:45<\/th>\n\n\n\n\n<th class=\"xl69\" style=\"border-top: medium none; border-left: medium none;\">200<\/th>\n\n\n\n\n<th class=\"xl69\" style=\"border-top: medium none; border-left: medium none;\">Dallet<\/th>\n\n\n\n\n<th class=\"xl71\" style=\"border-top: medium none; border-left: medium none;\"><a href=\"https:\/\/www.balirando.fr\/wp-content\/uploads\/randos\/gpx\/iti0615.gpx\">X<\/a><\/th>\n\n\n\n\n<th class=\"xl68\" style=\"border-top: medium none; border-left: medium none;\"><a href=\"https:\/\/www.balirando.fr\/wp-content\/uploads\/randos\/cartes\/ITI0615_AvecSignaletique.pdf\" target=\"_blank\" rel=\"noopener\">X<\/a><\/th>\n\n\n\n\n<th class=\"xl68\" style=\"border-top: medium none; border-left: medium none;\"><a href=\"https:\/\/www.balirando.fr\/wp-content\/uploads\/randos\/fiches\/iti0615.pdf\" target=\"_blank\" rel=\"noopener\">X<\/a><\/th>\n\n\n\n\n<th class=\"xl68\" style=\"border-top: medium none; border-left: medium none;\"><a href=\"https:\/\/www.balirando.fr\/wp-content\/uploads\/randos\/deniveles\/iti0615.PNG\" target=\"_blank\" rel=\"noopener\">X<\/a><\/th>\n\n\n\n\n<th class=\"xl69\" style=\"border-top: medium none; border-left: medium none;\">iti0615<\/th>\n\n\n<\/tr>\n\n\n--><\/p>\n<tr style=\"height: 15.6pt;\" height=\"21\">\n<th class=\"xl68\" style=\"border-top: medium none;\"><a href=\"https:\/\/www.balirando.fr\/randonnee\/de-marchal-a-cortal\/\" target=\"_blank\" rel=\"noopener\">De Machal \u00e0 Cortal<\/a><\/th>\n<th class=\"xl69\" style=\"border-top: medium none; border-left: medium none;\">7<\/th>\n<th class=\"xl67\" style=\"border-top: medium none; border-left: medium none;\">02:00<\/th>\n<th class=\"xl69\" style=\"border-top: medium none; border-left: medium none;\">90<\/th>\n<th class=\"xl69\" style=\"border-top: medium none; border-left: medium none;\">Pont du Ch\u00e2teau<\/th>\n<th class=\"xl71\" style=\"border-top: medium none; border-left: medium none;\"><a href=\"https:\/\/www.balirando.fr\/wp-content\/uploads\/randos\/gpx\/iti0616.gpx\">X<\/a><\/th>\n<th class=\"xl68\" style=\"border-top: medium none; border-left: medium none;\"><a href=\"https:\/\/www.balirando.fr\/wp-content\/uploads\/randos\/cartes\/ITI0616_AvecSignaletique.pdf\" target=\"_blank\" rel=\"noopener\">X<\/a><\/th>\n<th class=\"xl68\" style=\"border-top: medium none; border-left: medium none;\"><a href=\"https:\/\/www.balirando.fr\/wp-content\/uploads\/randos\/fiches\/iti0616.pdf\" target=\"_blank\" rel=\"noopener\">X<\/a><\/th>\n<th class=\"xl68\" style=\"border-top: medium none; border-left: medium none;\"><a href=\"https:\/\/www.balirando.fr\/wp-content\/uploads\/randos\/deniveles\/iti0616.PNG\" target=\"_blank\" rel=\"noopener\">X<\/a><\/th>\n<th class=\"xl69\" style=\"border-top: medium none; border-left: medium none;\">iti0616<\/th>\n<\/tr>\n<tr style=\"height: 15.6pt;\" height=\"21\">\n<th class=\"xl68\" style=\"border-top: medium none;\"><a href=\"https:\/\/www.balirando.fr\/randonnee\/du-marais-a-la-coulee-de-lave\/\" target=\"_blank\" rel=\"noopener\">Du marais \u00e0 la coul\u00e9e de lave<\/a><\/th>\n<th class=\"xl69\" style=\"border-top: medium none; border-left: medium none;\">7,5<\/th>\n<th class=\"xl67\" style=\"border-top: medium none; border-left: medium none;\">02:00<\/th>\n<th class=\"xl69\" style=\"border-top: medium none; border-left: medium none;\">145<\/th>\n<th class=\"xl69\" style=\"border-top: medium none; border-left: medium none;\">St Pierre Le Chastel<\/th>\n<th class=\"xl71\" style=\"border-top: medium none; border-left: medium none;\"><a href=\"https:\/\/www.balirando.fr\/wp-content\/uploads\/randos\/gpx\/iti0107.gpx\">X<\/a><\/th>\n<th class=\"xl68\" style=\"border-top: medium none; border-left: medium none;\"><a href=\"https:\/\/www.balirando.fr\/wp-content\/uploads\/randos\/cartes\/ITI0107_AvecSignaletique.pdf\" target=\"_blank\" rel=\"noopener\">X<\/a><\/th>\n<th class=\"xl68\" style=\"border-top: medium none; border-left: medium none;\"><a href=\"https:\/\/www.balirando.fr\/wp-content\/uploads\/randos\/fiches\/iti0107.pdf\" target=\"_blank\" rel=\"noopener\">X<\/a><\/th>\n<th class=\"xl68\" style=\"border-top: medium none; border-left: medium none;\"><a href=\"https:\/\/www.balirando.fr\/wp-content\/uploads\/randos\/deniveles\/iti0107.PNG\" target=\"_blank\" rel=\"noopener\">X<\/a><\/th>\n<th class=\"xl69\" style=\"border-top: medium none; border-left: medium none;\">iti0107<\/th>\n<\/tr>\n<tr style=\"height: 15.6pt;\" height=\"21\">\n<th class=\"xl68\" style=\"border-top: medium none; border-left: medium none;\"><a href=\"https:\/\/www.balirando.fr\/randonnee\/entre-cher-et-bocage\/\">entre-cher-et-bocage<\/a><\/th>\n<th class=\"xl69\">4,5<\/th>\n<th class=\"xl67\">01:45<\/th>\n<th class=\"xl69\">210<\/th>\n<th class=\"xl69\">Chateau sur cher<\/th>\n<th class=\"xl71\" style=\"border-top: medium none; border-left: medium none;\"><a href=\"https:\/\/www.balirando.fr\/wp-content\/uploads\/randos\/gpx\/hpd0093.gpx\">X<\/a><\/th>\n<th class=\"xl68\" style=\"border-top: medium none; border-left: medium none;\"><a href=\"https:\/\/www.balirando.fr\/wp-content\/uploads\/randos\/cartes\/HPD0093_AvecSignaletique.pdf\" target=\"_blank\" rel=\"noopener\">X<\/a><\/th>\n<th class=\"xl68\" style=\"border-top: medium none; border-left: medium none;\"><a href=\"https:\/\/www.balirando.fr\/wp-content\/uploads\/randos\/fiches\/hpd0093.pdf\" target=\"_blank\" rel=\"noopener\">X<\/a><\/th>\n<th class=\"xl68\" style=\"border-top: medium none; border-left: medium none;\"><a href=\"https:\/\/www.balirando.fr\/wp-content\/uploads\/randos\/deniveles\/hpd0093.PNG\" target=\"_blank\" rel=\"noopener\">X<\/a><\/th>\n<th class=\"xl69\" style=\"border-top: medium none; border-left: medium none;\">hpd0093<\/th>\n<\/tr>\n<tr style=\"height: 15.6pt;\" height=\"21\">\n<th class=\"xl68\" style=\"border-top: medium none; border-left: medium none;\"><a href=\"https:\/\/www.balirando.fr\/randonnee\/etang-de-chevalet\/\">Etang de Chevalet<\/a><\/th>\n<th class=\"xl69\">3<\/th>\n<th class=\"xl67\">00:45<\/th>\n<th class=\"xl69\">45<\/th>\n<th class=\"xl69\">Charensat<\/th>\n<th class=\"xl71\" style=\"border-top: medium none; border-left: medium none;\"><a href=\"https:\/\/www.balirando.fr\/wp-content\/uploads\/randos\/gpx\/hpd0100.gpx\">X<\/a><\/th>\n<th class=\"xl68\" style=\"border-top: medium none; border-left: medium none;\"><a href=\"https:\/\/www.balirando.fr\/wp-content\/uploads\/randos\/cartes\/HPD0100_AvecSignaletique.pdf\" target=\"_blank\" rel=\"noopener\">X<\/a><\/th>\n<th class=\"xl68\" style=\"border-top: medium none; border-left: medium none;\"><a href=\"https:\/\/www.balirando.fr\/wp-content\/uploads\/randos\/fiches\/hpd0100.pdf\" target=\"_blank\" rel=\"noopener\">X<\/a><\/th>\n<th class=\"xl68\" style=\"border-top: medium none; border-left: medium none;\"><a href=\"https:\/\/www.balirando.fr\/wp-content\/uploads\/randos\/deniveles\/hpd0100.PNG\" target=\"_blank\" rel=\"noopener\">X<\/a><\/th>\n<th class=\"xl69\" style=\"border-top: medium none; border-left: medium none;\">hpd0100<\/th>\n<\/tr>\n<tr style=\"height: 15.6pt;\" height=\"21\">\n<th class=\"xl68\" style=\"border-top: medium none;\"><a href=\"https:\/\/www.balirando.fr\/randonnee\/etang-de-farges\/\" target=\"_blank\" rel=\"noopener\">Etang de Farges<\/a><\/th>\n<th class=\"xl69\" style=\"border-top: medium none; border-left: medium none;\">4,5<\/th>\n<th class=\"xl67\" style=\"border-top: medium none; border-left: medium none;\">01:15<\/th>\n<th class=\"xl69\" style=\"border-top: medium none; border-left: medium none;\">55<\/th>\n<th class=\"xl69\" style=\"border-top: medium none; border-left: medium none;\">Herment<\/th>\n<th class=\"xl71\" style=\"border-top: medium none; border-left: medium none;\"><a href=\"https:\/\/www.balirando.fr\/wp-content\/uploads\/randos\/gpx\/iti0651.gpx\">X<\/a><\/th>\n<th class=\"xl68\" style=\"border-top: medium none; border-left: medium none;\"><a href=\"https:\/\/www.balirando.fr\/wp-content\/uploads\/randos\/cartes\/ITI0651_AvecSignaletique.pdf\" target=\"_blank\" rel=\"noopener\">X<\/a><\/th>\n<th class=\"xl68\" style=\"border-top: medium none; border-left: medium none;\"><a href=\"https:\/\/www.balirando.fr\/wp-content\/uploads\/randos\/fiches\/iti0651.pdf\" target=\"_blank\" rel=\"noopener\">X<\/a><\/th>\n<th class=\"xl68\" style=\"border-top: medium none; border-left: medium none;\"><a href=\"https:\/\/www.balirando.fr\/wp-content\/uploads\/randos\/deniveles\/iti0651.PNG\" target=\"_blank\" rel=\"noopener\">X<\/a><\/th>\n<th class=\"xl69\" style=\"border-top: medium none; border-left: medium none;\">iti0651<\/th>\n<\/tr>\n<tr style=\"height: 15.6pt;\" height=\"21\">\n<th class=\"xl68\" style=\"border-top: medium none;\"><a href=\"https:\/\/www.balirando.fr\/randonnee\/letang-de-lospeux\/\" target=\"_blank\" rel=\"noopener\">Etang de Lospeux<\/a><\/th>\n<th class=\"xl69\" style=\"border-top: medium none; border-left: medium none;\">5,5<\/th>\n<th class=\"xl67\" style=\"border-top: medium none; border-left: medium none;\">01:30<\/th>\n<th class=\"xl69\" style=\"border-top: medium none; border-left: medium none;\">100<\/th>\n<th class=\"xl69\" style=\"border-top: medium none; border-left: medium none;\">Sauxillanges<\/th>\n<th class=\"xl71\" style=\"border-top: medium none; border-left: medium none;\"><a href=\"https:\/\/www.balirando.fr\/wp-content\/uploads\/randos\/gpx\/hpd1002.gpx\">X<\/a><\/th>\n<th class=\"xl68\" style=\"border-top: medium none; border-left: medium none;\"><a href=\"https:\/\/www.balirando.fr\/wp-content\/uploads\/randos\/cartes\/HPD1002_AvecSignaletique.pdf\" target=\"_blank\" rel=\"noopener\">X<\/a><\/th>\n<th class=\"xl68\" style=\"border-top: medium none; border-left: medium none;\"><a href=\"https:\/\/www.balirando.fr\/wp-content\/uploads\/randos\/fiches\/hpd1002.pdf\" target=\"_blank\" rel=\"noopener\">X<\/a><\/th>\n<th class=\"xl68\" style=\"border-top: medium none; border-left: medium none;\"><a href=\"https:\/\/www.balirando.fr\/wp-content\/uploads\/randos\/deniveles\/hpd1002.PNG\" target=\"_blank\" rel=\"noopener\">X<\/a><\/th>\n<th class=\"xl69\" style=\"border-top: medium none; border-left: medium none;\">hpd1002<\/th>\n<\/tr>\n<tr style=\"height: 15.6pt;\" height=\"21\">\n<th class=\"xl68\" style=\"border-top: medium none;\"><a href=\"https:\/\/www.balirando.fr\/randonnee\/etang-du-vernet\/\" target=\"_blank\" rel=\"noopener\">Etang du Vernet<\/a><\/th>\n<th class=\"xl69\" style=\"border-top: medium none; border-left: medium none;\">7<\/th>\n<th class=\"xl67\" style=\"border-top: medium none; border-left: medium none;\">02:00<\/th>\n<th class=\"xl69\" style=\"border-top: medium none; border-left: medium none;\">115<\/th>\n<th class=\"xl69\" style=\"border-top: medium none; border-left: medium none;\">La Celle<\/th>\n<th class=\"xl71\" style=\"border-top: medium none; border-left: medium none;\"><a href=\"https:\/\/www.balirando.fr\/wp-content\/uploads\/randos\/gpx\/iti0199.gpx\">X<\/a><\/th>\n<th class=\"xl68\" style=\"border-top: medium none; border-left: medium none;\"><a href=\"https:\/\/www.balirando.fr\/wp-content\/uploads\/randos\/cartes\/ITI0199_AvecSignaletique.pdf\" target=\"_blank\" rel=\"noopener\">X<\/a><\/th>\n<th class=\"xl68\" style=\"border-top: medium none; border-left: medium none;\"><a href=\"https:\/\/www.balirando.fr\/wp-content\/uploads\/randos\/fiches\/iti0199.pdf\" target=\"_blank\" rel=\"noopener\">X<\/a><\/th>\n<th class=\"xl68\" style=\"border-top: medium none; border-left: medium none;\"><a href=\"https:\/\/www.balirando.fr\/wp-content\/uploads\/randos\/deniveles\/iti0199.PNG\" target=\"_blank\" rel=\"noopener\">X<\/a><\/th>\n<th class=\"xl69\" style=\"border-top: medium none; border-left: medium none;\">iti0199<\/th>\n<\/tr>\n<tr style=\"height: 15.6pt;\" height=\"21\">\n<th class=\"xl68\" style=\"border-top: medium none; border-left: medium none;\"><a href=\"https:\/\/www.balirando.fr\/randonnee\/letang-du-vert\/\">L&rsquo;Etang du Vert<\/a><\/th>\n<th class=\"xl69\">5,5<\/th>\n<th class=\"xl67\">01:30<\/th>\n<th class=\"xl69\">120<\/th>\n<th class=\"xl69\">Saint Maignier<\/th>\n<th class=\"xl71\" style=\"border-top: medium none; border-left: medium none;\"><a href=\"https:\/\/www.balirando.fr\/wp-content\/uploads\/randos\/gpx\/hpd0094.gpx\">X<\/a><\/th>\n<th class=\"xl68\" style=\"border-top: medium none; border-left: medium none;\"><a href=\"https:\/\/www.balirando.fr\/wp-content\/uploads\/randos\/cartes\/HPD0094_AvecSignaletique.pdf\" target=\"_blank\" rel=\"noopener\">X<\/a><\/th>\n<th class=\"xl68\" style=\"border-top: medium none; border-left: medium none;\"><a href=\"https:\/\/www.balirando.fr\/wp-content\/uploads\/randos\/fiches\/hpd0094.pdf\" target=\"_blank\" rel=\"noopener\">X<\/a><\/th>\n<th class=\"xl68\" style=\"border-top: medium none; border-left: medium none;\"><a href=\"https:\/\/www.balirando.fr\/wp-content\/uploads\/randos\/deniveles\/hpd0094.PNG\" target=\"_blank\" rel=\"noopener\">X<\/a><\/th>\n<th class=\"xl69\" style=\"border-top: medium none; border-left: medium none;\">hpd0094<\/th>\n<\/tr>\n<tr style=\"height: 15.6pt;\" height=\"21\">\n<th class=\"xl68\" style=\"border-top: medium none;\"><a href=\"https:\/\/www.balirando.fr\/randonnee\/etang-neuf\/\" target=\"_blank\" rel=\"noopener\">Etang neuf<\/a><\/th>\n<th class=\"xl69\" style=\"border-top: medium none; border-left: medium none;\">5,5<\/th>\n<th class=\"xl67\" style=\"border-top: medium none; border-left: medium none;\">01:45<\/th>\n<th class=\"xl69\" style=\"border-top: medium none; border-left: medium none;\">75<\/th>\n<th class=\"xl69\" style=\"border-top: medium none; border-left: medium none;\">Montel de Gelat<\/th>\n<th class=\"xl71\" style=\"border-top: medium none; border-left: medium none;\"><a href=\"https:\/\/www.balirando.fr\/wp-content\/uploads\/randos\/gpx\/iti0643.gpx\">X<\/a><\/th>\n<th class=\"xl68\" style=\"border-top: medium none; border-left: medium none;\"><a href=\"https:\/\/www.balirando.fr\/wp-content\/uploads\/randos\/cartes\/ITI0643_AvecSignaletique.pdf\" target=\"_blank\" rel=\"noopener\">X<\/a><\/th>\n<th class=\"xl68\" style=\"border-top: medium none; border-left: medium none;\"><a href=\"https:\/\/www.balirando.fr\/wp-content\/uploads\/randos\/fiches\/iti0643.pdf\" target=\"_blank\" rel=\"noopener\">X<\/a><\/th>\n<th class=\"xl68\" style=\"border-top: medium none; border-left: medium none;\"><a href=\"https:\/\/www.balirando.fr\/wp-content\/uploads\/randos\/deniveles\/iti0643.PNG\" target=\"_blank\" rel=\"noopener\">X<\/a><\/th>\n<th class=\"xl69\" style=\"border-top: medium none; border-left: medium none;\">iti0643<\/th>\n<\/tr>\n<tr style=\"height: 15.6pt;\" height=\"21\">\n<th class=\"xl68\" style=\"border-top: medium none;\"><a href=\"https:\/\/www.balirando.fr\/randonnee\/fatima-gour-de-pierrot\/\" target=\"_blank\" rel=\"noopener\">Fatima et le Gour de Pierrot<\/a><\/th>\n<th class=\"xl69\" style=\"border-top: medium none; border-left: medium none;\">6,5<\/th>\n<th class=\"xl67\" style=\"border-top: medium none; border-left: medium none;\">02<\/th>\n<th class=\"xl69\" style=\"border-top: medium none; border-left: medium none;\">190<\/th>\n<th class=\"xl69\" style=\"border-top: medium none; border-left: medium none;\">St Donat<\/th>\n<th class=\"xl71\" style=\"border-top: medium none; border-left: medium none;\"><a href=\"https:\/\/www.balirando.fr\/wp-content\/uploads\/randos\/gpx\/hpd0056.gpx\">X<\/a><\/th>\n<th class=\"xl68\" style=\"border-top: medium none; border-left: medium none;\"><a href=\"https:\/\/www.balirando.fr\/wp-content\/uploads\/randos\/cartes\/HPD0056_AvecSignaletique.pdf\" target=\"_blank\" rel=\"noopener\">X<\/a><\/th>\n<th class=\"xl68\" style=\"border-top: medium none; border-left: medium none;\"><a href=\"https:\/\/www.balirando.fr\/wp-content\/uploads\/randos\/fiches\/hpd0056.pdf\" target=\"_blank\" rel=\"noopener\">X<\/a><\/th>\n<th class=\"xl68\" style=\"border-top: medium none; border-left: medium none;\"><a href=\"https:\/\/www.balirando.fr\/wp-content\/uploads\/randos\/deniveles\/hpd0056.PNG\" target=\"_blank\" rel=\"noopener\">X<\/a><\/th>\n<th class=\"xl69\" style=\"border-top: medium none; border-left: medium none;\">hpd0056<\/th>\n<\/tr>\n<tr style=\"height: 15.6pt;\" height=\"21\">\n<th class=\"xl68\" style=\"border-top: medium none; border-left: medium none;\"><a href=\"https:\/\/www.balirando.fr\/randonnee\/fontaine-de-juilles\/\" target=\"_blank\" rel=\"noopener\">Fontaine de Juilles<\/a><\/th>\n<th class=\"xl69\" style=\"border-top: medium none; border-left: medium none;\">7<\/th>\n<th class=\"xl67\" style=\"border-top: medium none; border-left: medium none;\">2:00<\/th>\n<th class=\"xl69\" style=\"border-top: medium none; border-left: medium none;\">150<\/th>\n<th class=\"xl69\" style=\"border-top: medium none; border-left: medium none;\">Bagnols<\/th>\n<th class=\"xl71\" style=\"border-top: medium none; border-left: medium none;\"><a href=\"https:\/\/www.balirando.fr\/wp-content\/uploads\/randos\/gpx\/hpd0055.gpx\">X<\/a><\/th>\n<th class=\"xl68\" style=\"border-top: medium none; border-left: medium none;\"><a href=\"https:\/\/www.balirando.fr\/wp-content\/uploads\/randos\/cartes\/HPD0055_AvecSignaletique.pdf\" target=\"_blank\" rel=\"noopener\">X<\/a><\/th>\n<th class=\"xl68\" style=\"border-top: medium none; border-left: medium none;\"><a href=\"https:\/\/www.balirando.fr\/wp-content\/uploads\/randos\/fiches\/hpd0055.pdf\" target=\"_blank\" rel=\"noopener\">X<\/a><\/th>\n<th class=\"xl68\" style=\"border-top: medium none; border-left: medium none;\"><a href=\"https:\/\/www.balirando.fr\/wp-content\/uploads\/randos\/deniveles\/hpd0055.PNG\" target=\"_blank\" rel=\"noopener\">X<\/a><\/th>\n<th class=\"xl69\" style=\"border-top: medium none; border-left: medium none;\">hpd0055<\/th>\n<\/tr>\n<tr style=\"height: 15.6pt;\" height=\"21\">\n<th class=\"xl68\" style=\"border-top: medium none;\"><a href=\"https:\/\/www.balirando.fr\/randonnee\/foret-de-bunlay\/\" target=\"_blank\" rel=\"noopener\">Foret de Bunlay<\/a><\/th>\n<th class=\"xl69\" style=\"border-top: medium none; border-left: medium none;\">6<\/th>\n<th class=\"xl67\" style=\"border-top: medium none; border-left: medium none;\">01:45<\/th>\n<th class=\"xl69\" style=\"border-top: medium none; border-left: medium none;\">115<\/th>\n<th class=\"xl69\" style=\"border-top: medium none; border-left: medium none;\">Saint Hilaire les Monges<\/th>\n<th class=\"xl71\" style=\"border-top: medium none; border-left: medium none;\"><a href=\"https:\/\/www.balirando.fr\/wp-content\/uploads\/randos\/gpx\/iti0210.gpx\">X<\/a><\/th>\n<th class=\"xl68\" style=\"border-top: medium none; border-left: medium none;\"><a href=\"https:\/\/www.balirando.fr\/wp-content\/uploads\/randos\/cartes\/ITI0210_AvecSignaletique.pdf\" target=\"_blank\" rel=\"noopener\">X<\/a><\/th>\n<th class=\"xl68\" style=\"border-top: medium none; border-left: medium none;\"><a href=\"https:\/\/www.balirando.fr\/wp-content\/uploads\/randos\/fiches\/iti0210.pdf\" target=\"_blank\" rel=\"noopener\">X<\/a><\/th>\n<th class=\"xl68\" style=\"border-top: medium none; border-left: medium none;\"><a href=\"https:\/\/www.balirando.fr\/wp-content\/uploads\/randos\/deniveles\/iti0210.PNG\" target=\"_blank\" rel=\"noopener\">X<\/a><\/th>\n<th class=\"xl69\" style=\"border-top: medium none; border-left: medium none;\">iti0210<\/th>\n<\/tr>\n<tr style=\"height: 15.6pt;\" height=\"21\">\n<th class=\"xl68\" style=\"border-top: medium none;\"><a href=\"https:\/\/www.balirando.fr\/randonnee\/gorges-de-la-monne\/\" target=\"_blank\" rel=\"noopener\">Gorges de la Monne<\/a><\/th>\n<th class=\"xl69\" style=\"border-top: medium none; border-left: medium none;\">5,5<\/th>\n<th class=\"xl67\" style=\"border-top: medium none; border-left: medium none;\">01:30<\/th>\n<th class=\"xl69\" style=\"border-top: medium none; border-left: medium none;\">200<\/th>\n<th class=\"xl69\" style=\"border-top: medium none; border-left: medium none;\">Olloix<\/th>\n<th class=\"xl71\" style=\"border-top: medium none; border-left: medium none;\"><a href=\"https:\/\/www.balirando.fr\/wp-content\/uploads\/randos\/gpx\/iti0037.gpx\">X<\/a><\/th>\n<th class=\"xl68\" style=\"border-top: medium none; border-left: medium none;\"><a href=\"https:\/\/www.balirando.fr\/wp-content\/uploads\/randos\/cartes\/ITI0037_AvecSignaletique.pdf\" target=\"_blank\" rel=\"noopener\">X<\/a><\/th>\n<th class=\"xl68\" style=\"border-top: medium none; border-left: medium none;\"><a href=\"https:\/\/www.balirando.fr\/wp-content\/uploads\/randos\/fiches\/iti0037.pdf\" target=\"_blank\" rel=\"noopener\">X<\/a><\/th>\n<th class=\"xl68\" style=\"border-top: medium none; border-left: medium none;\"><a href=\"https:\/\/www.balirando.fr\/wp-content\/uploads\/randos\/deniveles\/iti0037.PNG\" target=\"_blank\" rel=\"noopener\">X<\/a><\/th>\n<th class=\"xl69\" style=\"border-top: medium none; border-left: medium none;\">iti0037<\/th>\n<\/tr>\n<tr style=\"height: 15.6pt;\" height=\"21\">\n<th class=\"xl68\" style=\"border-top: medium none;\"><a href=\"https:\/\/www.balirando.fr\/randonnee\/gorges-du-sioulet\/\" target=\"_blank\" rel=\"noopener\">Gorges du Sioulet de Pontaumur<\/a><\/th>\n<th class=\"xl69\" style=\"border-top: medium none; border-left: medium none;\">7,5<\/th>\n<th class=\"xl67\" style=\"border-top: medium none; border-left: medium none;\">02:00<\/th>\n<th class=\"xl69\" style=\"border-top: medium none; border-left: medium none;\">235<\/th>\n<th class=\"xl69\" style=\"border-top: medium none; border-left: medium none;\">Pontaumur<\/th>\n<th class=\"xl71\" style=\"border-top: medium none; border-left: medium none;\"><a href=\"https:\/\/www.balirando.fr\/wp-content\/uploads\/randos\/gpx\/iti0212.gpx\">X<\/a><\/th>\n<th class=\"xl68\" style=\"border-top: medium none; border-left: medium none;\"><a href=\"https:\/\/www.balirando.fr\/wp-content\/uploads\/randos\/cartes\/ITI0212_AvecSignaletique.pdf\" target=\"_blank\" rel=\"noopener\">X<\/a><\/th>\n<th class=\"xl68\" style=\"border-top: medium none; border-left: medium none;\"><a href=\"https:\/\/www.balirando.fr\/wp-content\/uploads\/randos\/fiches\/iti0212.pdf\" target=\"_blank\" rel=\"noopener\">X<\/a><\/th>\n<th class=\"xl68\" style=\"border-top: medium none; border-left: medium none;\"><a href=\"https:\/\/www.balirando.fr\/wp-content\/uploads\/randos\/deniveles\/iti0212.PNG\" target=\"_blank\" rel=\"noopener\">X<\/a><\/th>\n<th class=\"xl69\" style=\"border-top: medium none; border-left: medium none;\">iti0212<\/th>\n<\/tr>\n<tr style=\"height: 15.6pt;\" height=\"21\">\n<th class=\"xl68\" style=\"border-top: medium none; border-left: medium none;\"><a href=\"https:\/\/www.balirando.fr\/randonnee\/la-roche-de-quartz\/\">La roche de quartz<\/a><\/th>\n<th class=\"xl69\">4<\/th>\n<th class=\"xl67\">01:15<\/th>\n<th class=\"xl69\">90<\/th>\n<th class=\"xl69\">Roche d&rsquo;Agoux<\/th>\n<th class=\"xl71\" style=\"border-top: medium none; border-left: medium none;\"><a href=\"https:\/\/www.balirando.fr\/wp-content\/uploads\/randos\/gpx\/hpd0095.gpx\">X<\/a><\/th>\n<th class=\"xl68\" style=\"border-top: medium none; border-left: medium none;\"><a href=\"https:\/\/www.balirando.fr\/wp-content\/uploads\/randos\/cartes\/HPD0095_AvecSignaletique.pdf\" target=\"_blank\" rel=\"noopener\">X<\/a><\/th>\n<th class=\"xl68\" style=\"border-top: medium none; border-left: medium none;\"><a href=\"https:\/\/www.balirando.fr\/wp-content\/uploads\/randos\/fiches\/hpd0095.pdf\" target=\"_blank\" rel=\"noopener\">X<\/a><\/th>\n<th class=\"xl68\" style=\"border-top: medium none; border-left: medium none;\"><a href=\"https:\/\/www.balirando.fr\/wp-content\/uploads\/randos\/deniveles\/hpd0095.PNG\" target=\"_blank\" rel=\"noopener\">X<\/a><\/th>\n<th class=\"xl69\" style=\"border-top: medium none; border-left: medium none;\">hpd0095<\/th>\n<\/tr>\n<tr style=\"height: 15.6pt;\" height=\"21\">\n<th class=\"xl68\" style=\"border-top: medium none; border-left: medium none;\"><a href=\"https:\/\/www.balirando.fr\/randonnee\/le-chemin-de-malpa\/\">Le chemin de Malpas<\/a><\/th>\n<th class=\"xl69\">5,5<\/th>\n<th class=\"xl67\">01:30<\/th>\n<th class=\"xl69\">140<\/th>\n<th class=\"xl69\">Orcet<\/th>\n<th class=\"xl71\" style=\"border-top: medium none; border-left: medium none;\"><a href=\"https:\/\/www.balirando.fr\/wp-content\/uploads\/randos\/gpx\/hpd0114.gpx\">X<\/a><\/th>\n<th class=\"xl68\" style=\"border-top: medium none; border-left: medium none;\"><a href=\"https:\/\/www.balirando.fr\/wp-content\/uploads\/randos\/cartes\/HPD0114_AvecSignaletique.pdf\" target=\"_blank\" rel=\"noopener\">X<\/a><\/th>\n<th class=\"xl68\" style=\"border-top: medium none; border-left: medium none;\"><a href=\"https:\/\/www.balirando.fr\/wp-content\/uploads\/randos\/fiches\/hpd0114.pdf\" target=\"_blank\" rel=\"noopener\">X<\/a><\/th>\n<th class=\"xl68\" style=\"border-top: medium none; border-left: medium none;\"><a href=\"https:\/\/www.balirando.fr\/wp-content\/uploads\/randos\/deniveles\/hpd0114.PNG\" target=\"_blank\" rel=\"noopener\">X<\/a><\/th>\n<th class=\"xl69\" style=\"border-top: medium none; border-left: medium none;\">hpd0114<\/th>\n<\/tr>\n<tr style=\"height: 15.6pt;\" height=\"21\">\n<th class=\"xl68\" style=\"border-top: medium none;\"><a href=\"https:\/\/www.balirando.fr\/randonnee\/le-gour-de-tazenat\/\" target=\"_blank\" rel=\"noopener\">Gour de Tazenat<\/a><\/th>\n<th class=\"xl69\" style=\"border-top: medium none; border-left: medium none;\">7<\/th>\n<th class=\"xl67\" style=\"border-top: medium none; border-left: medium none;\">02:00<\/th>\n<th class=\"xl69\" style=\"border-top: medium none; border-left: medium none;\">150<\/th>\n<th class=\"xl69\" style=\"border-top: medium none; border-left: medium none;\">Gour de Tazenat<\/th>\n<th class=\"xl71\" style=\"border-top: medium none; border-left: medium none;\"><a href=\"https:\/\/www.balirando.fr\/wp-content\/uploads\/randos\/gpx\/iti0015.gpx\">X<\/a><\/th>\n<th class=\"xl68\" style=\"border-top: medium none; border-left: medium none;\"><a href=\"https:\/\/www.balirando.fr\/wp-content\/uploads\/randos\/cartes\/ITI0015_AvecSignaletique.pdf\" target=\"_blank\" rel=\"noopener\">X<\/a><\/th>\n<th class=\"xl68\" style=\"border-top: medium none; border-left: medium none;\"><a href=\"https:\/\/www.balirando.fr\/wp-content\/uploads\/randos\/fiches\/iti0015.pdf\" target=\"_blank\" rel=\"noopener\">X<\/a><\/th>\n<th class=\"xl68\" style=\"border-top: medium none; border-left: medium none;\"><a href=\"https:\/\/www.balirando.fr\/wp-content\/uploads\/randos\/deniveles\/iti0015.PNG\" target=\"_blank\" rel=\"noopener\">X<\/a><\/th>\n<th class=\"xl69\" style=\"border-top: medium none; border-left: medium none;\">iti0015<\/th>\n<\/tr>\n<tr style=\"height: 15.6pt;\" height=\"21\">\n<th class=\"xl68\" style=\"border-top: medium none;\"><a href=\"https:\/\/www.balirando.fr\/randonnee\/les-grottes-de-chateauneuf\/\" target=\"_blank\" rel=\"noopener\">Grottes de Ch\u00e2teauneuf<\/a><\/th>\n<th class=\"xl69\" style=\"border-top: medium none; border-left: medium none;\">6,5<\/th>\n<th class=\"xl67\" style=\"border-top: medium none; border-left: medium none;\">02:00<\/th>\n<th class=\"xl69\" style=\"border-top: medium none; border-left: medium none;\">260<\/th>\n<th class=\"xl69\" style=\"border-top: medium none; border-left: medium none;\">St Nectaire<\/th>\n<th class=\"xl71\" style=\"border-top: medium none; border-left: medium none;\"><a href=\"https:\/\/www.balirando.fr\/wp-content\/uploads\/randos\/gpx\/iti0096.gpx\">X<\/a><\/th>\n<th class=\"xl68\" style=\"border-top: medium none; border-left: medium none;\"><a href=\"https:\/\/www.balirando.fr\/wp-content\/uploads\/randos\/cartes\/ITI0096_AvecSignaletique.pdf\" target=\"_blank\" rel=\"noopener\">X<\/a><\/th>\n<th class=\"xl68\" style=\"border-top: medium none; border-left: medium none;\"><a href=\"https:\/\/www.balirando.fr\/wp-content\/uploads\/randos\/fiches\/iti0096.pdf\" target=\"_blank\" rel=\"noopener\">X<\/a><\/th>\n<th class=\"xl68\" style=\"border-top: medium none; border-left: medium none;\"><a href=\"https:\/\/www.balirando.fr\/wp-content\/uploads\/randos\/deniveles\/iti0096.PNG\" target=\"_blank\" rel=\"noopener\">X<\/a><\/th>\n<th class=\"xl69\" style=\"border-top: medium none; border-left: medium none;\">iti0096<\/th>\n<\/tr>\n<tr style=\"height: 15.6pt;\" height=\"21\">\n<th class=\"xl68\" style=\"border-top: medium none;\"><a href=\"https:\/\/www.balirando.fr\/randonnee\/le-cheix\/\" target=\"_blank\" rel=\"noopener\">Le Cheix<\/a><\/th>\n<th class=\"xl69\" style=\"border-top: medium none; border-left: medium none;\">5,5<\/th>\n<th class=\"xl67\" style=\"border-top: medium none; border-left: medium none;\">01:45<\/th>\n<th class=\"xl69\" style=\"border-top: medium none; border-left: medium none;\">180<\/th>\n<th class=\"xl69\" style=\"border-top: medium none; border-left: medium none;\">St Di\u00e9ry<\/th>\n<th class=\"xl71\" style=\"border-top: medium none; border-left: medium none;\"><a href=\"https:\/\/www.balirando.fr\/wp-content\/uploads\/randos\/gpx\/iti0165.gpx\">X<\/a><\/th>\n<th class=\"xl68\" style=\"border-top: medium none; border-left: medium none;\"><a href=\"https:\/\/www.balirando.fr\/wp-content\/uploads\/randos\/cartes\/ITI0165_AvecSignaletique.pdf\" target=\"_blank\" rel=\"noopener\">X<\/a><\/th>\n<th class=\"xl68\" style=\"border-top: medium none; border-left: medium none;\"><a href=\"https:\/\/www.balirando.fr\/wp-content\/uploads\/randos\/fiches\/iti0165.pdf\" target=\"_blank\" rel=\"noopener\">X<\/a><\/th>\n<th class=\"xl68\" style=\"border-top: medium none; border-left: medium none;\"><a href=\"https:\/\/www.balirando.fr\/wp-content\/uploads\/randos\/deniveles\/iti0165.PNG\" target=\"_blank\" rel=\"noopener\">X<\/a><\/th>\n<th class=\"xl69\" style=\"border-top: medium none; border-left: medium none;\">iti0165<\/th>\n<\/tr>\n<tr style=\"height: 15.6pt;\" height=\"21\">\n<th class=\"xl68\" style=\"border-top: medium none; border-left: medium none;\"><a href=\"https:\/\/www.balirando.fr\/randonnee\/le-puy-de-corent\/\">Le puy de Corent<\/a><\/th>\n<th class=\"xl69\">6,5<\/th>\n<th class=\"xl67\">02:00<\/th>\n<th class=\"xl69\">215<\/th>\n<th class=\"xl69\">Corent<\/th>\n<th class=\"xl71\" style=\"border-top: medium none; border-left: medium none;\"><a href=\"https:\/\/www.balirando.fr\/wp-content\/uploads\/randos\/gpx\/iti0047.gpx\">X<\/a><\/th>\n<th class=\"xl68\" style=\"border-top: medium none; border-left: medium none;\"><a href=\"https:\/\/www.balirando.fr\/wp-content\/uploads\/randos\/cartes\/ITI0047_AvecSignaletique.pdf\" target=\"_blank\" rel=\"noopener\">X<\/a><\/th>\n<th class=\"xl68\" style=\"border-top: medium none; border-left: medium none;\"><a href=\"https:\/\/www.balirando.fr\/wp-content\/uploads\/randos\/fiches\/iti0047.pdf\" target=\"_blank\" rel=\"noopener\">X<\/a><\/th>\n<th class=\"xl68\" style=\"border-top: medium none; border-left: medium none;\"><a href=\"https:\/\/www.balirando.fr\/wp-content\/uploads\/randos\/deniveles\/iti0047.PNG\" target=\"_blank\" rel=\"noopener\">X<\/a><\/th>\n<th class=\"xl69\" style=\"border-top: medium none; border-left: medium none;\">iti0047<\/th>\n<\/tr>\n<tr style=\"height: 15.6pt;\" height=\"21\">\n<th class=\"xl68\" style=\"border-top: medium none; border-left: medium none;\"><a href=\"https:\/\/www.balirando.fr\/randonnee\/le-temple-bouddhiste\/\">Le temple bouddhiste<\/a><\/th>\n<th class=\"xl69\">4<\/th>\n<th class=\"xl67\">01:15<\/th>\n<th class=\"xl69\">73<\/th>\n<th class=\"xl69\">Biollet<\/th>\n<th class=\"xl71\" style=\"border-top: medium none; border-left: medium none;\"><a href=\"https:\/\/www.balirando.fr\/wp-content\/uploads\/randos\/gpx\/hpd0102.gpx\">X<\/a><\/th>\n<th class=\"xl68\" style=\"border-top: medium none; border-left: medium none;\"><a href=\"https:\/\/www.balirando.fr\/wp-content\/uploads\/randos\/cartes\/HPD0102_AvecSignaletique.pdf\" target=\"_blank\" rel=\"noopener\">X<\/a><\/th>\n<th class=\"xl68\" style=\"border-top: medium none; border-left: medium none;\"><a href=\"https:\/\/www.balirando.fr\/wp-content\/uploads\/randos\/fiches\/hpd0102.pdf\" target=\"_blank\" rel=\"noopener\">X<\/a><\/th>\n<th class=\"xl68\" style=\"border-top: medium none; border-left: medium none;\"><a href=\"https:\/\/www.balirando.fr\/wp-content\/uploads\/randos\/deniveles\/hpd0102.PNG\" target=\"_blank\" rel=\"noopener\">X<\/a><\/th>\n<th class=\"xl69\" style=\"border-top: medium none; border-left: medium none;\">hpd0102<\/th>\n<\/tr>\n<tr style=\"height: 15.6pt;\" height=\"21\">\n<th class=\"xl68\" style=\"border-top: medium none; border-left: medium none;\"><a href=\"https:\/\/www.balirando.fr\/randonnee\/le-viaduc-de-la-cellette\/\">Le viaduc de la Cellette<\/a><\/th>\n<th class=\"xl69\">4,5<\/th>\n<th class=\"xl67\">01:15<\/th>\n<th class=\"xl69\">145<\/th>\n<th class=\"xl69\">La Celette<\/th>\n<th class=\"xl71\" style=\"border-top: medium none; border-left: medium none;\"><a href=\"https:\/\/www.balirando.fr\/wp-content\/uploads\/randos\/gpx\/hpd0099.gpx\">X<\/a><\/th>\n<th class=\"xl68\" style=\"border-top: medium none; border-left: medium none;\"><a href=\"https:\/\/www.balirando.fr\/wp-content\/uploads\/randos\/cartes\/HPD0099_AvecSignaletique.pdf\" target=\"_blank\" rel=\"noopener\">X<\/a><\/th>\n<th class=\"xl68\" style=\"border-top: medium none; border-left: medium none;\"><a href=\"https:\/\/www.balirando.fr\/wp-content\/uploads\/randos\/fiches\/hpd0099.pdf\" target=\"_blank\" rel=\"noopener\">X<\/a><\/th>\n<th class=\"xl68\" style=\"border-top: medium none; border-left: medium none;\"><a href=\"https:\/\/www.balirando.fr\/wp-content\/uploads\/randos\/deniveles\/hpd0099.PNG\" target=\"_blank\" rel=\"noopener\">X<\/a><\/th>\n<th class=\"xl69\" style=\"border-top: medium none; border-left: medium none;\">hpd0099<\/th>\n<\/tr>\n<tr style=\"height: 15.6pt;\" height=\"21\">\n<th class=\"xl68\" style=\"border-top: medium none;\"><a href=\"https:\/\/www.balirando.fr\/randonnee\/le-volcan-le-picondy\/\" target=\"_blank\" rel=\"noopener\">Le volcan de Picondry<\/a><\/th>\n<th class=\"xl69\" style=\"border-top: medium none; border-left: medium none;\">7<\/th>\n<th class=\"xl67\" style=\"border-top: medium none; border-left: medium none;\">02<\/th>\n<th class=\"xl69\" style=\"border-top: medium none; border-left: medium none;\">275<\/th>\n<th class=\"xl69\" style=\"border-top: medium none; border-left: medium none;\">Sauxillanges<\/th>\n<th class=\"xl71\" style=\"border-top: medium none; border-left: medium none;\"><a href=\"https:\/\/www.balirando.fr\/wp-content\/uploads\/randos\/gpx\/hpd1001.gpx\">X<\/a><\/th>\n<th class=\"xl68\" style=\"border-top: medium none; border-left: medium none;\"><a href=\"https:\/\/www.balirando.fr\/wp-content\/uploads\/randos\/cartes\/HPD1001_AvecSignaletique.pdf\" target=\"_blank\" rel=\"noopener\">X<\/a><\/th>\n<th class=\"xl68\" style=\"border-top: medium none; border-left: medium none;\"><a href=\"https:\/\/www.balirando.fr\/wp-content\/uploads\/randos\/fiches\/hpd1001.pdf\" target=\"_blank\" rel=\"noopener\">X<\/a><\/th>\n<th class=\"xl68\" style=\"border-top: medium none; border-left: medium none;\"><a href=\"https:\/\/www.balirando.fr\/wp-content\/uploads\/randos\/deniveles\/hpd1001.PNG\" target=\"_blank\" rel=\"noopener\">X<\/a><\/th>\n<th class=\"xl69\" style=\"border-top: medium none; border-left: medium none;\">hpd1001<\/th>\n<\/tr>\n<tr style=\"height: 15.6pt;\" height=\"21\">\n<th class=\"xl68\" style=\"border-top: medium none;\"><a href=\"https:\/\/www.balirando.fr\/randonnee\/les-cheires\/\" target=\"_blank\" rel=\"noopener\">Les Cheires<\/a><\/th>\n<th class=\"xl69\" style=\"border-top: medium none; border-left: medium none;\">3<\/th>\n<th class=\"xl67\" style=\"border-top: medium none; border-left: medium none;\">01<\/th>\n<th class=\"xl69\" style=\"border-top: medium none; border-left: medium none;\">45<\/th>\n<th class=\"xl69\" style=\"border-top: medium none; border-left: medium none;\">Volvic<\/th>\n<th class=\"xl71\" style=\"border-top: medium none; border-left: medium none;\"><a href=\"https:\/\/www.balirando.fr\/wp-content\/uploads\/randos\/gpx\/hpd0079.gpx\">X<\/a><\/th>\n<th class=\"xl68\" style=\"border-top: medium none; border-left: medium none;\"><a href=\"https:\/\/www.balirando.fr\/wp-content\/uploads\/randos\/cartes\/HPD0079_AvecSignaletique.pdf\" target=\"_blank\" rel=\"noopener\">X<\/a><\/th>\n<th class=\"xl68\" style=\"border-top: medium none; border-left: medium none;\"><a href=\"https:\/\/www.balirando.fr\/wp-content\/uploads\/randos\/fiches\/hpd0079.pdf\" target=\"_blank\" rel=\"noopener\">X<\/a><\/th>\n<th class=\"xl68\" style=\"border-top: medium none; border-left: medium none;\"><a href=\"https:\/\/www.balirando.fr\/wp-content\/uploads\/randos\/deniveles\/hpd0079.PNG\" target=\"_blank\" rel=\"noopener\">X<\/a><\/th>\n<th class=\"xl69\" style=\"border-top: medium none; border-left: medium none;\">hpd0079<\/th>\n<\/tr>\n<tr style=\"height: 15.6pt;\" height=\"21\">\n<th class=\"xl68\" style=\"border-top: medium none;\"><a href=\"https:\/\/www.balirando.fr\/randonnee\/les-croix-basses\/\" target=\"_blank\" rel=\"noopener\">Les Croix-Basses<\/a><\/th>\n<th class=\"xl69\" style=\"border-top: medium none; border-left: medium none;\">6<\/th>\n<th class=\"xl67\" style=\"border-top: medium none; border-left: medium none;\">02:00<\/th>\n<th class=\"xl69\" style=\"border-top: medium none; border-left: medium none;\">135<\/th>\n<th class=\"xl69\" style=\"border-top: medium none; border-left: medium none;\">Chadeleuf<\/th>\n<th class=\"xl71\" style=\"border-top: medium none; border-left: medium none;\"><a href=\"https:\/\/www.balirando.fr\/wp-content\/uploads\/randos\/gpx\/iti0355.gpx\">X<\/a><\/th>\n<th class=\"xl68\" style=\"border-top: medium none; border-left: medium none;\"><a href=\"https:\/\/www.balirando.fr\/wp-content\/uploads\/randos\/cartes\/ITI0355_AvecSignaletique.pdf\" target=\"_blank\" rel=\"noopener\">X<\/a><\/th>\n<th class=\"xl68\" style=\"border-top: medium none; border-left: medium none;\"><a href=\"https:\/\/www.balirando.fr\/wp-content\/uploads\/randos\/fiches\/iti0355.pdf\" target=\"_blank\" rel=\"noopener\">X<\/a><\/th>\n<th class=\"xl68\" style=\"border-top: medium none; border-left: medium none;\"><a href=\"https:\/\/www.balirando.fr\/wp-content\/uploads\/randos\/deniveles\/iti0355.PNG\" target=\"_blank\" rel=\"noopener\">X<\/a><\/th>\n<th class=\"xl69\" style=\"border-top: medium none; border-left: medium none;\">iti0355<\/th>\n<\/tr>\n<tr style=\"height: 15.6pt;\" height=\"21\">\n<th class=\"xl68\" style=\"border-top: medium none; border-left: medium none;\"><a href=\"https:\/\/www.balirando.fr\/randonnee\/neuf-eglise\/\">Menhir et arboretum du bois des brosses<\/a><\/th>\n<th class=\"xl69\">3,5<\/th>\n<th class=\"xl67\">01:00<\/th>\n<th class=\"xl69\">42<\/th>\n<th class=\"xl69\">Neuf Eglise<\/th>\n<th class=\"xl71\" style=\"border-top: medium none; border-left: medium none;\"><a href=\"https:\/\/www.balirando.fr\/wp-content\/uploads\/randos\/gpx\/hpd0104.gpx\">X<\/a><\/th>\n<th class=\"xl68\" style=\"border-top: medium none; border-left: medium none;\"><a href=\"https:\/\/www.balirando.fr\/wp-content\/uploads\/randos\/cartes\/HPD0104_AvecSignaletique.pdf\" target=\"_blank\" rel=\"noopener\">X<\/a><\/th>\n<th class=\"xl68\" style=\"border-top: medium none; border-left: medium none;\"><a href=\"https:\/\/www.balirando.fr\/wp-content\/uploads\/randos\/fiches\/hpd0104.pdf\" target=\"_blank\" rel=\"noopener\">X<\/a><\/th>\n<th class=\"xl68\" style=\"border-top: medium none; border-left: medium none;\"><a href=\"https:\/\/www.balirando.fr\/wp-content\/uploads\/randos\/deniveles\/hpd0104.PNG\" target=\"_blank\" rel=\"noopener\">X<\/a><\/th>\n<th class=\"xl69\" style=\"border-top: medium none; border-left: medium none;\">hpd0104<\/th>\n<\/tr>\n<tr style=\"height: 15.6pt;\" height=\"21\">\n<th class=\"xl68\" style=\"border-top: medium none;\"><a href=\"https:\/\/www.balirando.fr\/randonnee\/mines-de-guinguette\/\" target=\"_blank\" rel=\"noopener\">Mines de la Guinguette<\/a><\/th>\n<th class=\"xl69\" style=\"border-top: medium none; border-left: medium none;\">4,5<\/th>\n<th class=\"xl67\" style=\"border-top: medium none; border-left: medium none;\">01:15<\/th>\n<th class=\"xl69\" style=\"border-top: medium none; border-left: medium none;\">210<\/th>\n<th class=\"xl69\" style=\"border-top: medium none; border-left: medium none;\">Singles<\/th>\n<th class=\"xl71\" style=\"border-top: medium none; border-left: medium none;\"><a href=\"https:\/\/www.balirando.fr\/wp-content\/uploads\/randos\/gpx\/iti0106.gpx\">X<\/a><\/th>\n<th class=\"xl68\" style=\"border-top: medium none; border-left: medium none;\"><a href=\"https:\/\/www.balirando.fr\/wp-content\/uploads\/randos\/cartes\/ITI0106_AvecSignaletique.pdf\" target=\"_blank\" rel=\"noopener\">X<\/a><\/th>\n<th class=\"xl68\" style=\"border-top: medium none; border-left: medium none;\"><a href=\"https:\/\/www.balirando.fr\/wp-content\/uploads\/randos\/fiches\/iti0106.pdf\" target=\"_blank\" rel=\"noopener\">X<\/a><\/th>\n<th class=\"xl68\" style=\"border-top: medium none; border-left: medium none;\"><a href=\"https:\/\/www.balirando.fr\/wp-content\/uploads\/randos\/deniveles\/iti0106.PNG\" target=\"_blank\" rel=\"noopener\">X<\/a><\/th>\n<th class=\"xl69\" style=\"border-top: medium none; border-left: medium none;\">iti0106<\/th>\n<\/tr>\n<tr style=\"height: 15.6pt;\" height=\"21\">\n<th class=\"xl68\" style=\"border-top: medium none; border-left: medium none;\"><a href=\"https:\/\/www.balirando.fr\/randonnee\/montroy\/\">Montroy<\/a><\/th>\n<th class=\"xl69\">4,5<\/th>\n<th class=\"xl67\">01:15<\/th>\n<th class=\"xl69\">80<\/th>\n<th class=\"xl69\">Pionsat<\/th>\n<th class=\"xl71\" style=\"border-top: medium none; border-left: medium none;\"><a href=\"https:\/\/www.balirando.fr\/wp-content\/uploads\/randos\/gpx\/hpd0096.gpx\">X<\/a><\/th>\n<th class=\"xl68\" style=\"border-top: medium none; border-left: medium none;\"><a href=\"https:\/\/www.balirando.fr\/wp-content\/uploads\/randos\/cartes\/HPD0096_AvecSignaletique.pdf\" target=\"_blank\" rel=\"noopener\">X<\/a><\/th>\n<th class=\"xl68\" style=\"border-top: medium none; border-left: medium none;\"><a href=\"https:\/\/www.balirando.fr\/wp-content\/uploads\/randos\/fiches\/hpd0096.pdf\" target=\"_blank\" rel=\"noopener\">X<\/a><\/th>\n<th class=\"xl68\" style=\"border-top: medium none; border-left: medium none;\"><a href=\"https:\/\/www.balirando.fr\/wp-content\/uploads\/randos\/deniveles\/hpd0096.PNG\" target=\"_blank\" rel=\"noopener\">X<\/a><\/th>\n<th class=\"xl69\" style=\"border-top: medium none; border-left: medium none;\">hpd0096<\/th>\n<\/tr>\n<tr style=\"height: 15.6pt;\" height=\"21\">\n<th class=\"xl68\" style=\"border-top: medium none; border-left: medium none;\"><a href=\"https:\/\/www.balirando.fr\/randonnee\/moulin-de-persil\/\" target=\"_blank\" rel=\"noopener\">moulin-de-persil<\/a><\/th>\n<th class=\"xl69\" style=\"border-top: medium none; border-left: medium none;\">2<\/th>\n<th class=\"xl67\" style=\"border-top: medium none; border-left: medium none;\">0:45<\/th>\n<th class=\"xl69\" style=\"border-top: medium none; border-left: medium none;\">110<\/th>\n<th class=\"xl69\" style=\"border-top: medium none; border-left: medium none;\">Larodde<\/th>\n<th class=\"xl71\" style=\"border-top: medium none; border-left: medium none;\"><a href=\"https:\/\/www.balirando.fr\/wp-content\/uploads\/randos\/gpx\/hpd0041.gpx\">X<\/a><\/th>\n<th class=\"xl68\" style=\"border-top: medium none; border-left: medium none;\"><a href=\"https:\/\/www.balirando.fr\/wp-content\/uploads\/randos\/cartes\/HPD0041_AvecSignaletique.pdf\" target=\"_blank\" rel=\"noopener\">X<\/a><\/th>\n<th class=\"xl68\" style=\"border-top: medium none; border-left: medium none;\"><a href=\"https:\/\/www.balirando.fr\/wp-content\/uploads\/randos\/fiches\/hpd0041.pdf\" target=\"_blank\" rel=\"noopener\">X<\/a><\/th>\n<th class=\"xl68\" style=\"border-top: medium none; border-left: medium none;\"><a href=\"https:\/\/www.balirando.fr\/wp-content\/uploads\/randos\/deniveles\/hpd0041.PNG\" target=\"_blank\" rel=\"noopener\">X<\/a><\/th>\n<th class=\"xl69\" style=\"border-top: medium none; border-left: medium none;\">hpd0041<\/th>\n<\/tr>\n<tr style=\"height: 15.6pt;\" height=\"21\">\n<th class=\"xl68\" style=\"border-top: medium none; border-left: medium none;\"><a href=\"https:\/\/www.balirando.fr\/randonnee\/morge-et-ses-moulins\/\" target=\"_blank\" rel=\"noopener\">morge-et-ses-moulins<\/a><\/th>\n<th class=\"xl69\" style=\"border-top: medium none; border-left: medium none;\">7<\/th>\n<th class=\"xl67\" style=\"border-top: medium none; border-left: medium none;\">02<\/th>\n<th class=\"xl69\" style=\"border-top: medium none; border-left: medium none;\">100<\/th>\n<th class=\"xl69\" style=\"border-top: medium none; border-left: medium none;\">Aubiat<\/th>\n<th class=\"xl71\" style=\"border-top: medium none; border-left: medium none;\"><a href=\"https:\/\/www.balirando.fr\/wp-content\/uploads\/randos\/gpx\/hpd0033.gpx\">X<\/a><\/th>\n<th class=\"xl68\" style=\"border-top: medium none; border-left: medium none;\"><a href=\"https:\/\/www.balirando.fr\/wp-content\/uploads\/randos\/cartes\/HPD0033_AvecSignaletique.pdf\" target=\"_blank\" rel=\"noopener\">X<\/a><\/th>\n<th class=\"xl68\" style=\"border-top: medium none; border-left: medium none;\"><a href=\"https:\/\/www.balirando.fr\/wp-content\/uploads\/randos\/fiches\/hpd0033.pdf\" target=\"_blank\" rel=\"noopener\">X<\/a><\/th>\n<th class=\"xl68\" style=\"border-top: medium none; border-left: medium none;\"><a href=\"https:\/\/www.balirando.fr\/wp-content\/uploads\/randos\/deniveles\/hpd0033.PNG\" target=\"_blank\" rel=\"noopener\">X<\/a><\/th>\n<th class=\"xl69\" style=\"border-top: medium none; border-left: medium none;\">hpd0033<\/th>\n<\/tr>\n<tr style=\"height: 15.6pt;\" height=\"21\">\n<th class=\"xl68\" style=\"border-top: medium none;\"><a href=\"https:\/\/www.balirando.fr\/randonnee\/nadaillat\/\" target=\"_blank\" rel=\"noopener\">Nadaillat<\/a><\/th>\n<th class=\"xl69\" style=\"border-top: medium none; border-left: medium none;\">7<\/th>\n<th class=\"xl67\" style=\"border-top: medium none; border-left: medium none;\">02:00<\/th>\n<th class=\"xl69\" style=\"border-top: medium none; border-left: medium none;\">225<\/th>\n<th class=\"xl69\" style=\"border-top: medium none; border-left: medium none;\">Nadaillat<\/th>\n<th class=\"xl71\" style=\"border-top: medium none; border-left: medium none;\"><a href=\"https:\/\/www.balirando.fr\/wp-content\/uploads\/randos\/gpx\/iti0032.gpx\">X<\/a><\/th>\n<th class=\"xl68\" style=\"border-top: medium none; border-left: medium none;\"><a href=\"https:\/\/www.balirando.fr\/wp-content\/uploads\/randos\/cartes\/ITI0032_AvecSignaletique.pdf\" target=\"_blank\" rel=\"noopener\">X<\/a><\/th>\n<th class=\"xl68\" style=\"border-top: medium none; border-left: medium none;\"><a href=\"https:\/\/www.balirando.fr\/wp-content\/uploads\/randos\/fiches\/iti0032.pdf\" target=\"_blank\" rel=\"noopener\">X<\/a><\/th>\n<th class=\"xl68\" style=\"border-top: medium none; border-left: medium none;\"><a href=\"https:\/\/www.balirando.fr\/wp-content\/uploads\/randos\/deniveles\/iti0032.PNG\" target=\"_blank\" rel=\"noopener\">X<\/a><\/th>\n<th class=\"xl69\" style=\"border-top: medium none; border-left: medium none;\">iti0032<\/th>\n<\/tr>\n<tr style=\"height: 15.6pt;\" height=\"21\">\n<th class=\"xl68\" style=\"border-top: medium none;\"><a href=\"https:\/\/www.balirando.fr\/randonnee\/notre-dame-de-natzy\/\" target=\"_blank\" rel=\"noopener\">Notre-Dame de Natzy<\/a><\/th>\n<th class=\"xl69\" style=\"border-top: medium none; border-left: medium none;\">5,5<\/th>\n<th class=\"xl67\" style=\"border-top: medium none; border-left: medium none;\">01:45<\/th>\n<th class=\"xl69\" style=\"border-top: medium none; border-left: medium none;\">205<\/th>\n<th class=\"xl69\" style=\"border-top: medium none; border-left: medium none;\">La Tour d&rsquo;Auvergne<\/th>\n<th class=\"xl71\" style=\"border-top: medium none; border-left: medium none;\"><a href=\"https:\/\/www.balirando.fr\/wp-content\/uploads\/randos\/gpx\/iti0585.gpx\">X<\/a><\/th>\n<th class=\"xl68\" style=\"border-top: medium none; border-left: medium none;\"><a href=\"https:\/\/www.balirando.fr\/wp-content\/uploads\/randos\/cartes\/ITI0585_AvecSignaletique.pdf\" target=\"_blank\" rel=\"noopener\">X<\/a><\/th>\n<th class=\"xl68\" style=\"border-top: medium none; border-left: medium none;\"><a href=\"https:\/\/www.balirando.fr\/wp-content\/uploads\/randos\/fiches\/iti0585.pdf\" target=\"_blank\" rel=\"noopener\">X<\/a><\/th>\n<th class=\"xl68\" style=\"border-top: medium none; border-left: medium none;\"><a href=\"https:\/\/www.balirando.fr\/wp-content\/uploads\/randos\/deniveles\/iti0585.PNG\" target=\"_blank\" rel=\"noopener\">X<\/a><\/th>\n<th class=\"xl69\" style=\"border-top: medium none; border-left: medium none;\">iti0585<\/th>\n<\/tr>\n<tr style=\"height: 15.6pt;\" height=\"21\">\n<th class=\"xl68\" style=\"border-top: medium none;\"><a href=\"https:\/\/www.balirando.fr\/randonnee\/petite-boucle-clunisienne\/\" target=\"_blank\" rel=\"noopener\">Petite boucle clunisienne<\/a><\/th>\n<th class=\"xl69\" style=\"border-top: medium none; border-left: medium none;\">4,5<\/th>\n<th class=\"xl67\" style=\"border-top: medium none; border-left: medium none;\">01:30<\/th>\n<th class=\"xl69\" style=\"border-top: medium none; border-left: medium none;\">180<\/th>\n<th class=\"xl69\" style=\"border-top: medium none; border-left: medium none;\">Sauxillanges<\/th>\n<th class=\"xl71\" style=\"border-top: medium none; border-left: medium none;\"><a href=\"https:\/\/www.balirando.fr\/wp-content\/uploads\/randos\/gpx\/hpd1003.gpx\">X<\/a><\/th>\n<th class=\"xl68\" style=\"border-top: medium none; border-left: medium none;\"><a href=\"https:\/\/www.balirando.fr\/wp-content\/uploads\/randos\/cartes\/HPD1003_AvecSignaletique.pdf\" target=\"_blank\" rel=\"noopener\">X<\/a><\/th>\n<th class=\"xl68\" style=\"border-top: medium none; border-left: medium none;\"><a href=\"https:\/\/www.balirando.fr\/wp-content\/uploads\/randos\/fiches\/hpd1003.pdf\" target=\"_blank\" rel=\"noopener\">X<\/a><\/th>\n<th class=\"xl68\" style=\"border-top: medium none; border-left: medium none;\"><a href=\"https:\/\/www.balirando.fr\/wp-content\/uploads\/randos\/deniveles\/hpd1003.PNG\" target=\"_blank\" rel=\"noopener\">X<\/a><\/th>\n<th class=\"xl69\" style=\"border-top: medium none; border-left: medium none;\">hpd1003<\/th>\n<\/tr>\n<tr style=\"height: 15.6pt;\" height=\"21\">\n<th class=\"xl68\" style=\"border-top: medium none; border-left: medium none;\"><a href=\"https:\/\/www.balirando.fr\/randonnee\/petit-patrimoine-de-saint-hilaire\/\">petit patrimoine de Saint-Hilaire<\/a><\/th>\n<th class=\"xl69\">7<\/th>\n<th class=\"xl67\">02:00<\/th>\n<th class=\"xl69\">150<\/th>\n<th class=\"xl69\">Saint Hilaire de Pionsat<\/th>\n<th class=\"xl71\" style=\"border-top: medium none; border-left: medium none;\"><a href=\"https:\/\/www.balirando.fr\/wp-content\/uploads\/randos\/gpx\/hpd0110.gpx\">X<\/a><\/th>\n<th class=\"xl68\" style=\"border-top: medium none; border-left: medium none;\"><a href=\"https:\/\/www.balirando.fr\/wp-content\/uploads\/randos\/cartes\/HPD0110_AvecSignaletique.pdf\" target=\"_blank\" rel=\"noopener\">X<\/a><\/th>\n<th class=\"xl68\" style=\"border-top: medium none; border-left: medium none;\"><a href=\"https:\/\/www.balirando.fr\/wp-content\/uploads\/randos\/fiches\/hpd0110.pdf\" target=\"_blank\" rel=\"noopener\">X<\/a><\/th>\n<th class=\"xl68\" style=\"border-top: medium none; border-left: medium none;\"><a href=\"https:\/\/www.balirando.fr\/wp-content\/uploads\/randos\/deniveles\/hpd0110.PNG\" target=\"_blank\" rel=\"noopener\">X<\/a><\/th>\n<th class=\"xl69\" style=\"border-top: medium none; border-left: medium none;\">hpd0110<\/th>\n<\/tr>\n<tr style=\"height: 15.6pt;\" height=\"21\">\n<th class=\"xl68\" style=\"border-top: medium none;\"><a href=\"https:\/\/www.balirando.fr\/randonnee\/la-pierre-fichade\/\" target=\"_blank\" rel=\"noopener\">Pierre Fichade<\/a><\/th>\n<th class=\"xl69\" style=\"border-top: medium none; border-left: medium none;\">6,5<\/th>\n<th class=\"xl67\" style=\"border-top: medium none; border-left: medium none;\">01:45<\/th>\n<th class=\"xl69\" style=\"border-top: medium none; border-left: medium none;\">220<\/th>\n<th class=\"xl69\" style=\"border-top: medium none; border-left: medium none;\">Champeix<\/th>\n<th class=\"xl71\" style=\"border-top: medium none; border-left: medium none;\"><a href=\"https:\/\/www.balirando.fr\/wp-content\/uploads\/randos\/gpx\/iti0159.gpx\">X<\/a><\/th>\n<th class=\"xl68\" style=\"border-top: medium none; border-left: medium none;\"><a href=\"https:\/\/www.balirando.fr\/wp-content\/uploads\/randos\/cartes\/ITI0159_AvecSignaletique.pdf\" target=\"_blank\" rel=\"noopener\">X<\/a><\/th>\n<th class=\"xl68\" style=\"border-top: medium none; border-left: medium none;\"><a href=\"https:\/\/www.balirando.fr\/wp-content\/uploads\/randos\/fiches\/iti0159.pdf\" target=\"_blank\" rel=\"noopener\">X<\/a><\/th>\n<th class=\"xl68\" style=\"border-top: medium none; border-left: medium none;\"><a href=\"https:\/\/www.balirando.fr\/wp-content\/uploads\/randos\/deniveles\/iti0159.PNG\" target=\"_blank\" rel=\"noopener\">X<\/a><\/th>\n<th class=\"xl69\" style=\"border-top: medium none; border-left: medium none;\">iti0159<\/th>\n<\/tr>\n<tr style=\"height: 15.6pt;\" height=\"21\">\n<th class=\"xl68\" style=\"border-top: medium none;\"><a href=\"https:\/\/www.balirando.fr\/randonnee\/le-plateau-dussel\/\" target=\"_blank\" rel=\"noopener\">Plateau d\u2019Ussel<\/a><\/th>\n<th class=\"xl69\" style=\"border-top: medium none; border-left: medium none;\">6,5<\/th>\n<th class=\"xl67\" style=\"border-top: medium none; border-left: medium none;\">02:00<\/th>\n<th class=\"xl69\" style=\"border-top: medium none; border-left: medium none;\">200<\/th>\n<th class=\"xl69\" style=\"border-top: medium none; border-left: medium none;\">Chassagne<\/th>\n<th class=\"xl71\" style=\"border-top: medium none; border-left: medium none;\"><a href=\"https:\/\/www.balirando.fr\/wp-content\/uploads\/randos\/gpx\/iti0171.gpx\">X<\/a><\/th>\n<th class=\"xl68\" style=\"border-top: medium none; border-left: medium none;\"><a href=\"https:\/\/www.balirando.fr\/wp-content\/uploads\/randos\/cartes\/ITI0171_AvecSignaletique.pdf\" target=\"_blank\" rel=\"noopener\">X<\/a><\/th>\n<th class=\"xl68\" style=\"border-top: medium none; border-left: medium none;\"><a href=\"https:\/\/www.balirando.fr\/wp-content\/uploads\/randos\/fiches\/iti0171.pdf\" target=\"_blank\" rel=\"noopener\">X<\/a><\/th>\n<th class=\"xl68\" style=\"border-top: medium none; border-left: medium none;\"><a href=\"https:\/\/www.balirando.fr\/wp-content\/uploads\/randos\/deniveles\/iti0171.PNG\" target=\"_blank\" rel=\"noopener\">X<\/a><\/th>\n<th class=\"xl69\" style=\"border-top: medium none; border-left: medium none;\">iti0171<\/th>\n<\/tr>\n<tr style=\"height: 15.6pt;\" height=\"21\">\n<th class=\"xl68\" style=\"border-top: medium none;\"><a href=\"https:\/\/www.balirando.fr\/randonnee\/le-plateau-de-la-bade\/\" target=\"_blank\" rel=\"noopener\">Plateau de la Bade<\/a><\/th>\n<th class=\"xl69\" style=\"border-top: medium none; border-left: medium none;\">5,5<\/th>\n<th class=\"xl67\" style=\"border-top: medium none; border-left: medium none;\">01:45<\/th>\n<th class=\"xl69\" style=\"border-top: medium none; border-left: medium none;\">135<\/th>\n<th class=\"xl69\" style=\"border-top: medium none; border-left: medium none;\">Blanzat<\/th>\n<th class=\"xl71\" style=\"border-top: medium none; border-left: medium none;\"><a href=\"https:\/\/www.balirando.fr\/wp-content\/uploads\/randos\/gpx\/iti0376.gpx\">X<\/a><\/th>\n<th class=\"xl68\" style=\"border-top: medium none; border-left: medium none;\"><a href=\"https:\/\/www.balirando.fr\/wp-content\/uploads\/randos\/cartes\/ITI0376_AvecSignaletique.pdf\" target=\"_blank\" rel=\"noopener\">X<\/a><\/th>\n<th class=\"xl68\" style=\"border-top: medium none; border-left: medium none;\"><a href=\"https:\/\/www.balirando.fr\/wp-content\/uploads\/randos\/fiches\/iti0376.pdf\" target=\"_blank\" rel=\"noopener\">X<\/a><\/th>\n<th class=\"xl68\" style=\"border-top: medium none; border-left: medium none;\"><a href=\"https:\/\/www.balirando.fr\/wp-content\/uploads\/randos\/deniveles\/iti0376.PNG\" target=\"_blank\" rel=\"noopener\">X<\/a><\/th>\n<th class=\"xl69\" style=\"border-top: medium none; border-left: medium none;\">iti0376<\/th>\n<\/tr>\n<tr style=\"height: 15.6pt;\" height=\"21\">\n<th class=\"xl68\" style=\"border-top: medium none;\"><a href=\"https:\/\/www.balirando.fr\/randonnee\/le-puy-debert\/\" target=\"_blank\" rel=\"noopener\">Puy d&rsquo;Ebert<\/a><\/th>\n<th class=\"xl69\" style=\"border-top: medium none; border-left: medium none;\">6,5<\/th>\n<th class=\"xl67\" style=\"border-top: medium none; border-left: medium none;\">02:00<\/th>\n<th class=\"xl69\" style=\"border-top: medium none; border-left: medium none;\">200<\/th>\n<th class=\"xl69\" style=\"border-top: medium none; border-left: medium none;\">Saint-Martin-de-Tours<\/th>\n<th class=\"xl71\" style=\"border-top: medium none; border-left: medium none;\"><a href=\"https:\/\/www.balirando.fr\/wp-content\/uploads\/randos\/gpx\/iti0103.gpx\">X<\/a><\/th>\n<th class=\"xl68\" style=\"border-top: medium none; border-left: medium none;\"><a href=\"https:\/\/www.balirando.fr\/wp-content\/uploads\/randos\/cartes\/ITI0103_AvecSignaletique.pdf\" target=\"_blank\" rel=\"noopener\">X<\/a><\/th>\n<th class=\"xl68\" style=\"border-top: medium none; border-left: medium none;\"><a href=\"https:\/\/www.balirando.fr\/wp-content\/uploads\/randos\/fiches\/iti0103.pdf\" target=\"_blank\" rel=\"noopener\">X<\/a><\/th>\n<th class=\"xl68\" style=\"border-top: medium none; border-left: medium none;\"><a href=\"https:\/\/www.balirando.fr\/wp-content\/uploads\/randos\/deniveles\/iti0103.PNG\" target=\"_blank\" rel=\"noopener\">X<\/a><\/th>\n<th class=\"xl69\" style=\"border-top: medium none; border-left: medium none;\">iti0103<\/th>\n<\/tr>\n<tr style=\"height: 15.6pt;\" height=\"21\">\n<th class=\"xl68\" style=\"border-top: medium none;\"><a href=\"https:\/\/www.balirando.fr\/randonnee\/puy-de-jussat\/\" target=\"_blank\" rel=\"noopener\">Puy de Jussat<\/a><\/th>\n<th class=\"xl69\" style=\"border-top: medium none; border-left: medium none;\">5<\/th>\n<th class=\"xl67\" style=\"border-top: medium none; border-left: medium none;\">01:30<\/th>\n<th class=\"xl69\" style=\"border-top: medium none; border-left: medium none;\">160<\/th>\n<th class=\"xl69\" style=\"border-top: medium none; border-left: medium none;\">Jussat<\/th>\n<th class=\"xl71\" style=\"border-top: medium none; border-left: medium none;\"><a href=\"https:\/\/www.balirando.fr\/wp-content\/uploads\/randos\/gpx\/iti0058.gpx\">X<\/a><\/th>\n<th class=\"xl68\" style=\"border-top: medium none; border-left: medium none;\"><a href=\"https:\/\/www.balirando.fr\/wp-content\/uploads\/randos\/cartes\/ITI0058_AvecSignaletique.pdf\" target=\"_blank\" rel=\"noopener\">X<\/a><\/th>\n<th class=\"xl68\" style=\"border-top: medium none; border-left: medium none;\"><a href=\"https:\/\/www.balirando.fr\/wp-content\/uploads\/randos\/fiches\/iti0058.pdf\" target=\"_blank\" rel=\"noopener\">X<\/a><\/th>\n<th class=\"xl68\" style=\"border-top: medium none; border-left: medium none;\"><a href=\"https:\/\/www.balirando.fr\/wp-content\/uploads\/randos\/deniveles\/iti0058.PNG\" target=\"_blank\" rel=\"noopener\">X<\/a><\/th>\n<th class=\"xl69\" style=\"border-top: medium none; border-left: medium none;\">iti0058<\/th>\n<\/tr>\n<tr style=\"height: 15.6pt;\" height=\"21\">\n<th class=\"xl68\" style=\"border-top: medium none;\"><a href=\"https:\/\/www.balirando.fr\/randonnee\/le-puy-de-la-vache\/\" target=\"_blank\" rel=\"noopener\">Puy de la Vache<\/a><\/th>\n<th class=\"xl69\" style=\"border-top: medium none; border-left: medium none;\">4,5<\/th>\n<th class=\"xl67\" style=\"border-top: medium none; border-left: medium none;\">2:00<\/th>\n<th class=\"xl69\" style=\"border-top: medium none; border-left: medium none;\">285<\/th>\n<th class=\"xl69\" style=\"border-top: medium none; border-left: medium none;\">St Gen\u00e8s-Champanelle<\/th>\n<th class=\"xl71\" style=\"border-top: medium none; border-left: medium none;\"><a href=\"https:\/\/www.balirando.fr\/wp-content\/uploads\/randos\/gpx\/iti0560.gpx\">X<\/a><\/th>\n<th class=\"xl68\" style=\"border-top: medium none; border-left: medium none;\"><a href=\"https:\/\/www.balirando.fr\/wp-content\/uploads\/randos\/cartes\/ITI0560_AvecSignaletique.pdf\" target=\"_blank\" rel=\"noopener\">X<\/a><\/th>\n<th class=\"xl68\" style=\"border-top: medium none; border-left: medium none;\"><a href=\"https:\/\/www.balirando.fr\/wp-content\/uploads\/randos\/fiches\/iti0560.pdf\" target=\"_blank\" rel=\"noopener\">X<\/a><\/th>\n<th class=\"xl68\" style=\"border-top: medium none; border-left: medium none;\"><a href=\"https:\/\/www.balirando.fr\/wp-content\/uploads\/randos\/deniveles\/iti0560.PNG\" target=\"_blank\" rel=\"noopener\">X<\/a><\/th>\n<th class=\"xl69\" style=\"border-top: medium none; border-left: medium none;\">iti0560<\/th>\n<\/tr>\n<tr style=\"height: 15.6pt;\" height=\"21\">\n<th class=\"xl68\" style=\"border-top: medium none;\"><a href=\"https:\/\/www.balirando.fr\/randonnee\/puy-de-montenard\/\" target=\"_blank\" rel=\"noopener\">Puy de Montenard<\/a><\/th>\n<th class=\"xl69\" style=\"border-top: medium none; border-left: medium none;\">5<\/th>\n<th class=\"xl67\" style=\"border-top: medium none; border-left: medium none;\">01:30<\/th>\n<th class=\"xl69\" style=\"border-top: medium none; border-left: medium none;\">125<\/th>\n<th class=\"xl69\" style=\"border-top: medium none; border-left: medium none;\">Zanieres<\/th>\n<th class=\"xl71\" style=\"border-top: medium none; border-left: medium none;\"><a href=\"https:\/\/www.balirando.fr\/wp-content\/uploads\/randos\/gpx\/iti0035.gpx\">X<\/a><\/th>\n<th class=\"xl68\" style=\"border-top: medium none; border-left: medium none;\"><a href=\"https:\/\/www.balirando.fr\/wp-content\/uploads\/randos\/cartes\/ITI0035_AvecSignaletique.pdf\" target=\"_blank\" rel=\"noopener\">X<\/a><\/th>\n<th class=\"xl68\" style=\"border-top: medium none; border-left: medium none;\"><a href=\"https:\/\/www.balirando.fr\/wp-content\/uploads\/randos\/fiches\/iti0035.pdf\" target=\"_blank\" rel=\"noopener\">X<\/a><\/th>\n<th class=\"xl68\" style=\"border-top: medium none; border-left: medium none;\"><a href=\"https:\/\/www.balirando.fr\/wp-content\/uploads\/randos\/deniveles\/iti0035.PNG\" target=\"_blank\" rel=\"noopener\">X<\/a><\/th>\n<th class=\"xl69\" style=\"border-top: medium none; border-left: medium none;\">iti0035<\/th>\n<\/tr>\n<tr style=\"height: 15.6pt;\" height=\"21\">\n<th class=\"xl68\" style=\"border-top: medium none;\"><a href=\"https:\/\/www.balirando.fr\/randonnee\/le-puy-de-vichatel\/\" target=\"_blank\" rel=\"noopener\">Puy de Vichatel<\/a><\/th>\n<th class=\"xl69\" style=\"border-top: medium none; border-left: medium none;\">3,5<\/th>\n<th class=\"xl67\" style=\"border-top: medium none; border-left: medium none;\">01:15<\/th>\n<th class=\"xl69\" style=\"border-top: medium none; border-left: medium none;\">145<\/th>\n<th class=\"xl69\" style=\"border-top: medium none; border-left: medium none;\">Aire du col de la Ventouse<\/th>\n<th class=\"xl71\" style=\"border-top: medium none; border-left: medium none;\"><a href=\"https:\/\/www.balirando.fr\/wp-content\/uploads\/randos\/gpx\/iti0586.gpx\">X<\/a><\/th>\n<th class=\"xl68\" style=\"border-top: medium none; border-left: medium none;\"><a href=\"https:\/\/www.balirando.fr\/wp-content\/uploads\/randos\/cartes\/ITI0586_AvecSignaletique.pdf\" target=\"_blank\" rel=\"noopener\">X<\/a><\/th>\n<th class=\"xl68\" style=\"border-top: medium none; border-left: medium none;\"><a href=\"https:\/\/www.balirando.fr\/wp-content\/uploads\/randos\/fiches\/iti0586.pdf\" target=\"_blank\" rel=\"noopener\">X<\/a><\/th>\n<th class=\"xl68\" style=\"border-top: medium none; border-left: medium none;\"><a href=\"https:\/\/www.balirando.fr\/wp-content\/uploads\/randos\/deniveles\/iti0586.PNG\" target=\"_blank\" rel=\"noopener\">X<\/a><\/th>\n<th class=\"xl69\" style=\"border-top: medium none; border-left: medium none;\">iti0586<\/th>\n<\/tr>\n<tr style=\"height: 15.6pt;\" height=\"21\">\n<th class=\"xl68\" style=\"border-top: medium none;\"><a href=\"https:\/\/www.balirando.fr\/randonnee\/le-puy-des-plattes-et-le-bourgeassou\/\" target=\"_blank\" rel=\"noopener\">Puy des Plattes et le Bourgeassou<\/a><\/th>\n<th class=\"xl69\" style=\"border-top: medium none; border-left: medium none;\">6<\/th>\n<th class=\"xl67\" style=\"border-top: medium none; border-left: medium none;\">02:00<\/th>\n<th class=\"xl69\" style=\"border-top: medium none; border-left: medium none;\">225<\/th>\n<th class=\"xl69\" style=\"border-top: medium none; border-left: medium none;\">Verrieres<\/th>\n<th class=\"xl71\" style=\"border-top: medium none; border-left: medium none;\"><a href=\"https:\/\/www.balirando.fr\/wp-content\/uploads\/randos\/gpx\/iti0157.gpx\">X<\/a><\/th>\n<th class=\"xl68\" style=\"border-top: medium none; border-left: medium none;\"><a href=\"https:\/\/www.balirando.fr\/wp-content\/uploads\/randos\/cartes\/ITI0157_AvecSignaletique.pdf\" target=\"_blank\" rel=\"noopener\">X<\/a><\/th>\n<th class=\"xl68\" style=\"border-top: medium none; border-left: medium none;\"><a href=\"https:\/\/www.balirando.fr\/wp-content\/uploads\/randos\/fiches\/iti0157.pdf\" target=\"_blank\" rel=\"noopener\">X<\/a><\/th>\n<th class=\"xl68\" style=\"border-top: medium none; border-left: medium none;\"><a href=\"https:\/\/www.balirando.fr\/wp-content\/uploads\/randos\/deniveles\/iti0157.PNG\" target=\"_blank\" rel=\"noopener\">X<\/a><\/th>\n<th class=\"xl69\" style=\"border-top: medium none; border-left: medium none;\">iti0157<\/th>\n<\/tr>\n<tr style=\"height: 15.6pt;\" height=\"21\">\n<th class=\"xl68\" style=\"border-top: medium none;\"><a href=\"https:\/\/www.balirando.fr\/randonnee\/le-puy-neyrand\/\" target=\"_blank\" rel=\"noopener\">Puy Neyrand<\/a><\/th>\n<th class=\"xl69\" style=\"border-top: medium none; border-left: medium none;\">6,5<\/th>\n<th class=\"xl67\" style=\"border-top: medium none; border-left: medium none;\">2:00<\/th>\n<th class=\"xl69\" style=\"border-top: medium none; border-left: medium none;\">270<\/th>\n<th class=\"xl69\" style=\"border-top: medium none; border-left: medium none;\">Sauvagnat ste Marthe<\/th>\n<th class=\"xl71\" style=\"border-top: medium none; border-left: medium none;\"><a href=\"https:\/\/www.balirando.fr\/wp-content\/uploads\/randos\/gpx\/iti0579.gpx\">X<\/a><\/th>\n<th class=\"xl68\" style=\"border-top: medium none; border-left: medium none;\"><a href=\"https:\/\/www.balirando.fr\/wp-content\/uploads\/randos\/cartes\/ITI0579_AvecSignaletique.pdf\" target=\"_blank\" rel=\"noopener\">X<\/a><\/th>\n<th class=\"xl68\" style=\"border-top: medium none; border-left: medium none;\"><a href=\"https:\/\/www.balirando.fr\/wp-content\/uploads\/randos\/fiches\/iti0579.pdf\" target=\"_blank\" rel=\"noopener\">X<\/a><\/th>\n<th class=\"xl68\" style=\"border-top: medium none; border-left: medium none;\"><a href=\"https:\/\/www.balirando.fr\/wp-content\/uploads\/randos\/deniveles\/iti0579.PNG\" target=\"_blank\" rel=\"noopener\">X<\/a><\/th>\n<th class=\"xl69\" style=\"border-top: medium none; border-left: medium none;\">iti0579<\/th>\n<\/tr>\n<tr style=\"height: 15.6pt;\" height=\"21\">\n<th class=\"xl68\" style=\"border-top: medium none;\"><a href=\"https:\/\/www.balirando.fr\/randonnee\/puy-saint-romain\/\" target=\"_blank\" rel=\"noopener\">Puy Saint-Romain<\/a><\/th>\n<th class=\"xl69\" style=\"border-top: medium none; border-left: medium none;\">6<\/th>\n<th class=\"xl67\" style=\"border-top: medium none; border-left: medium none;\">02:00<\/th>\n<th class=\"xl69\" style=\"border-top: medium none; border-left: medium none;\">310<\/th>\n<th class=\"xl69\" style=\"border-top: medium none; border-left: medium none;\">St Maurice<\/th>\n<th class=\"xl71\" style=\"border-top: medium none; border-left: medium none;\"><a href=\"https:\/\/www.balirando.fr\/wp-content\/uploads\/randos\/gpx\/iti0068.gpx\">X<\/a><\/th>\n<th class=\"xl68\" style=\"border-top: medium none; border-left: medium none;\"><a href=\"https:\/\/www.balirando.fr\/wp-content\/uploads\/randos\/cartes\/ITI0068_AvecSignaletique.pdf\" target=\"_blank\" rel=\"noopener\">X<\/a><\/th>\n<th class=\"xl68\" style=\"border-top: medium none; border-left: medium none;\"><a href=\"https:\/\/www.balirando.fr\/wp-content\/uploads\/randos\/fiches\/iti0068.pdf\" target=\"_blank\" rel=\"noopener\">X<\/a><\/th>\n<th class=\"xl68\" style=\"border-top: medium none; border-left: medium none;\"><a href=\"https:\/\/www.balirando.fr\/wp-content\/uploads\/randos\/deniveles\/iti0068.PNG\" target=\"_blank\" rel=\"noopener\">X<\/a><\/th>\n<th class=\"xl69\" style=\"border-top: medium none; border-left: medium none;\">iti0068<\/th>\n<\/tr>\n<tr style=\"height: 15.6pt;\" height=\"21\">\n<th class=\"xl68\" style=\"border-top: medium none;\"><a href=\"https:\/\/www.balirando.fr\/randonnee\/puys-chopine-et-des-gouttes\/\" target=\"_blank\" rel=\"noopener\">Puys Chopine et des Gouttes<\/a><\/th>\n<th class=\"xl69\" style=\"border-top: medium none; border-left: medium none;\">6<\/th>\n<th class=\"xl67\" style=\"border-top: medium none; border-left: medium none;\">02:00<\/th>\n<th class=\"xl69\" style=\"border-top: medium none; border-left: medium none;\">180<\/th>\n<th class=\"xl69\" style=\"border-top: medium none; border-left: medium none;\">Vulcania chanat<\/th>\n<th class=\"xl71\" style=\"border-top: medium none; border-left: medium none;\"><a href=\"https:\/\/www.balirando.fr\/wp-content\/uploads\/randos\/gpx\/iti0002.gpx\">X<\/a><\/th>\n<th class=\"xl68\" style=\"border-top: medium none; border-left: medium none;\"><a href=\"https:\/\/www.balirando.fr\/wp-content\/uploads\/randos\/cartes\/ITI0002_AvecSignaletique.pdf\" target=\"_blank\" rel=\"noopener\">X<\/a><\/th>\n<th class=\"xl68\" style=\"border-top: medium none; border-left: medium none;\"><a href=\"https:\/\/www.balirando.fr\/wp-content\/uploads\/randos\/fiches\/iti0002.pdf\" target=\"_blank\" rel=\"noopener\">X<\/a><\/th>\n<th class=\"xl68\" style=\"border-top: medium none; border-left: medium none;\"><a href=\"https:\/\/www.balirando.fr\/wp-content\/uploads\/randos\/deniveles\/iti0002.PNG\" target=\"_blank\" rel=\"noopener\">X<\/a><\/th>\n<th class=\"xl69\" style=\"border-top: medium none; border-left: medium none;\">iti0002<\/th>\n<\/tr>\n<tr style=\"height: 15.6pt;\" height=\"21\">\n<th class=\"xl68\" style=\"border-top: medium none;\"><a href=\"https:\/\/www.balirando.fr\/randonnee\/le-quartier-des-caves\/\" target=\"_blank\" rel=\"noopener\">Quartier des caves<\/a><\/th>\n<th class=\"xl69\" style=\"border-top: medium none; border-left: medium none;\">3,5<\/th>\n<th class=\"xl67\" style=\"border-top: medium none; border-left: medium none;\">01:30<\/th>\n<th class=\"xl69\" style=\"border-top: medium none; border-left: medium none;\">100<\/th>\n<th class=\"xl69\" style=\"border-top: medium none; border-left: medium none;\">Aubiere<\/th>\n<th class=\"xl71\" style=\"border-top: medium none; border-left: medium none;\"><a href=\"https:\/\/www.balirando.fr\/wp-content\/uploads\/randos\/gpx\/iti0367.gpx\">X<\/a><\/th>\n<th class=\"xl68\" style=\"border-top: medium none; border-left: medium none;\"><a href=\"https:\/\/www.balirando.fr\/wp-content\/uploads\/randos\/cartes\/ITI0367_AvecSignaletique.pdf\" target=\"_blank\" rel=\"noopener\">X<\/a><\/th>\n<th class=\"xl68\" style=\"border-top: medium none; border-left: medium none;\"><a href=\"https:\/\/www.balirando.fr\/wp-content\/uploads\/randos\/fiches\/iti0367.pdf\" target=\"_blank\" rel=\"noopener\">X<\/a><\/th>\n<th class=\"xl68\" style=\"border-top: medium none; border-left: medium none;\"><a href=\"https:\/\/www.balirando.fr\/wp-content\/uploads\/randos\/deniveles\/iti0367.PNG\" target=\"_blank\" rel=\"noopener\">X<\/a><\/th>\n<th class=\"xl69\" style=\"border-top: medium none; border-left: medium none;\">iti0367<\/th>\n<\/tr>\n<tr style=\"height: 15.6pt;\" height=\"21\">\n<th class=\"xl68\" style=\"border-top: medium none;\"><a href=\"https:\/\/www.balirando.fr\/randonnee\/le-repaire-des-gaulois\/\" target=\"_blank\" rel=\"noopener\">Repaire des Gaulois<\/a><\/th>\n<th class=\"xl69\" style=\"border-top: medium none; border-left: medium none;\">6<\/th>\n<th class=\"xl67\" style=\"border-top: medium none; border-left: medium none;\">02:00<\/th>\n<th class=\"xl69\" style=\"border-top: medium none; border-left: medium none;\">Tuili\u00e8re<\/th>\n<th class=\"xl69\" style=\"border-top: medium none; border-left: medium none;\">Sayat<\/th>\n<th class=\"xl71\" style=\"border-top: medium none; border-left: medium none;\"><a href=\"https:\/\/www.balirando.fr\/wp-content\/uploads\/randos\/gpx\/iti0010.gpx\">X<\/a><\/th>\n<th class=\"xl68\" style=\"border-top: medium none; border-left: medium none;\"><a href=\"https:\/\/www.balirando.fr\/wp-content\/uploads\/randos\/cartes\/ITI0010_AvecSignaletique.pdf\" target=\"_blank\" rel=\"noopener\">X<\/a><\/th>\n<th class=\"xl68\" style=\"border-top: medium none; border-left: medium none;\"><a href=\"https:\/\/www.balirando.fr\/wp-content\/uploads\/randos\/fiches\/iti0010.pdf\" target=\"_blank\" rel=\"noopener\">X<\/a><\/th>\n<th class=\"xl68\" style=\"border-top: medium none; border-left: medium none;\"><a href=\"https:\/\/www.balirando.fr\/wp-content\/uploads\/randos\/deniveles\/iti0010.PNG\" target=\"_blank\" rel=\"noopener\">X<\/a><\/th>\n<th class=\"xl69\" style=\"border-top: medium none; border-left: medium none;\">iti0010<\/th>\n<\/tr>\n<tr style=\"height: 15.6pt;\" height=\"21\">\n<th class=\"xl68\" style=\"border-top: medium none;\"><a href=\"https:\/\/www.balirando.fr\/randonnee\/rocher-du-salut\/\" target=\"_blank\" rel=\"noopener\">Rocher-du-Salut<\/a><\/th>\n<th class=\"xl69\" style=\"border-top: medium none; border-left: medium none;\">3<\/th>\n<th class=\"xl67\" style=\"border-top: medium none; border-left: medium none;\">1:00<\/th>\n<th class=\"xl69\" style=\"border-top: medium none; border-left: medium none;\">80<\/th>\n<th class=\"xl69\" style=\"border-top: medium none; border-left: medium none;\">Royat<\/th>\n<th class=\"xl71\" style=\"border-top: medium none; border-left: medium none;\"><a href=\"https:\/\/www.balirando.fr\/wp-content\/uploads\/randos\/gpx\/iti0349.gpx\">X<\/a><\/th>\n<th class=\"xl68\" style=\"border-top: medium none; border-left: medium none;\"><a href=\"https:\/\/www.balirando.fr\/wp-content\/uploads\/randos\/cartes\/ITI0349_AvecSignaletique.pdf\" target=\"_blank\" rel=\"noopener\">X<\/a><\/th>\n<th class=\"xl68\" style=\"border-top: medium none; border-left: medium none;\"><a href=\"https:\/\/www.balirando.fr\/wp-content\/uploads\/randos\/fiches\/iti0349.pdf\" target=\"_blank\" rel=\"noopener\">X<\/a><\/th>\n<th class=\"xl68\" style=\"border-top: medium none; border-left: medium none;\"><a href=\"https:\/\/www.balirando.fr\/wp-content\/uploads\/randos\/deniveles\/iti0349.PNG\" target=\"_blank\" rel=\"noopener\">X<\/a><\/th>\n<th class=\"xl69\" style=\"border-top: medium none; border-left: medium none;\">iti0349<\/th>\n<\/tr>\n<tr style=\"height: 15.6pt;\" height=\"21\">\n<th class=\"xl68\" style=\"border-top: medium none;\"><a href=\"https:\/\/www.balirando.fr\/randonnee\/ruisseau-du-tyx\/\" target=\"_blank\" rel=\"noopener\">Ruisseau du Tyx<\/a><\/th>\n<th class=\"xl69\" style=\"border-top: medium none; border-left: medium none;\">7,5<\/th>\n<th class=\"xl67\" style=\"border-top: medium none; border-left: medium none;\">02:00<\/th>\n<th class=\"xl69\" style=\"border-top: medium none; border-left: medium none;\">155<\/th>\n<th class=\"xl69\" style=\"border-top: medium none; border-left: medium none;\">Condat en Combrailles<\/th>\n<th class=\"xl71\" style=\"border-top: medium none; border-left: medium none;\"><a href=\"https:\/\/www.balirando.fr\/wp-content\/uploads\/randos\/gpx\/iti0198.gpx\">X<\/a><\/th>\n<th class=\"xl68\" style=\"border-top: medium none; border-left: medium none;\"><a href=\"https:\/\/www.balirando.fr\/wp-content\/uploads\/randos\/cartes\/ITI0198_AvecSignaletique.pdf\" target=\"_blank\" rel=\"noopener\">X<\/a><\/th>\n<th class=\"xl68\" style=\"border-top: medium none; border-left: medium none;\"><a href=\"https:\/\/www.balirando.fr\/wp-content\/uploads\/randos\/fiches\/iti0198.pdf\" target=\"_blank\" rel=\"noopener\">X<\/a><\/th>\n<th class=\"xl68\" style=\"border-top: medium none; border-left: medium none;\"><a href=\"https:\/\/www.balirando.fr\/wp-content\/uploads\/randos\/deniveles\/iti0198.PNG\" target=\"_blank\" rel=\"noopener\">X<\/a><\/th>\n<th class=\"xl69\" style=\"border-top: medium none; border-left: medium none;\">iti0198<\/th>\n<\/tr>\n<tr style=\"height: 15.6pt;\" height=\"21\">\n<th class=\"xl68\" style=\"border-top: medium none;\"><a href=\"https:\/\/www.balirando.fr\/randonnee\/saint-maigner\/\" target=\"_blank\" rel=\"noopener\">Saint Maigner<\/a><\/th>\n<th class=\"xl69\" style=\"border-top: medium none; border-left: medium none;\">7,5<\/th>\n<th class=\"xl67\" style=\"border-top: medium none; border-left: medium none;\">02:00<\/th>\n<th class=\"xl69\" style=\"border-top: medium none; border-left: medium none;\">145<\/th>\n<th class=\"xl69\" style=\"border-top: medium none; border-left: medium none;\">St Maigner<\/th>\n<th class=\"xl71\" style=\"border-top: medium none; border-left: medium none;\"><a href=\"https:\/\/www.balirando.fr\/wp-content\/uploads\/randos\/gpx\/iti0648.gpx\">X<\/a><\/th>\n<th class=\"xl68\" style=\"border-top: medium none; border-left: medium none;\"><a href=\"https:\/\/www.balirando.fr\/wp-content\/uploads\/randos\/cartes\/ITI0648_AvecSignaletique.pdf\" target=\"_blank\" rel=\"noopener\">X<\/a><\/th>\n<th class=\"xl68\" style=\"border-top: medium none; border-left: medium none;\"><a href=\"https:\/\/www.balirando.fr\/wp-content\/uploads\/randos\/fiches\/iti0648.pdf\" target=\"_blank\" rel=\"noopener\">X<\/a><\/th>\n<th class=\"xl68\" style=\"border-top: medium none; border-left: medium none;\"><a href=\"https:\/\/www.balirando.fr\/wp-content\/uploads\/randos\/deniveles\/iti0648.PNG\" target=\"_blank\" rel=\"noopener\">X<\/a><\/th>\n<th class=\"xl69\" style=\"border-top: medium none; border-left: medium none;\">iti0648<\/th>\n<\/tr>\n<tr style=\"height: 15.6pt;\" height=\"21\">\n<th class=\"xl68\" style=\"border-top: medium none; border-left: medium none;\"><a href=\"https:\/\/www.balirando.fr\/randonnee\/saint-maurice-et-plan-deau\/\">Saint Maurice et plan d&rsquo;eau<\/a><\/th>\n<th class=\"xl69\">1<\/th>\n<th class=\"xl67\">01:15<\/th>\n<th class=\"xl69\">65<\/th>\n<th class=\"xl69\">Saint Maurice pr\u00e8s Pionsat<\/th>\n<th class=\"xl71\" style=\"border-top: medium none; border-left: medium none;\"><a href=\"https:\/\/www.balirando.fr\/wp-content\/uploads\/randos\/gpx\/hpd0098.gpx\">X<\/a><\/th>\n<th class=\"xl68\" style=\"border-top: medium none; border-left: medium none;\"><a href=\"https:\/\/www.balirando.fr\/wp-content\/uploads\/randos\/cartes\/HPD0098_AvecSignaletique.pdf\" target=\"_blank\" rel=\"noopener\">X<\/a><\/th>\n<th class=\"xl68\" style=\"border-top: medium none; border-left: medium none;\"><a href=\"https:\/\/www.balirando.fr\/wp-content\/uploads\/randos\/fiches\/hpd0098.pdf\" target=\"_blank\" rel=\"noopener\">X<\/a><\/th>\n<th class=\"xl68\" style=\"border-top: medium none; border-left: medium none;\"><a href=\"https:\/\/www.balirando.fr\/wp-content\/uploads\/randos\/deniveles\/hpd0098.PNG\" target=\"_blank\" rel=\"noopener\">X<\/a><\/th>\n<th class=\"xl69\" style=\"border-top: medium none; border-left: medium none;\">hpd0098<\/th>\n<\/tr>\n<tr style=\"height: 15.6pt;\" height=\"21\">\n<th class=\"xl68\" style=\"border-top: medium none;\"><a href=\"https:\/\/www.balirando.fr\/randonnee\/saint-pierre-le-chastel\/\" target=\"_blank\" rel=\"noopener\">Saint-Pierre-le-Chastel<\/a><\/th>\n<th class=\"xl69\" style=\"border-top: medium none; border-left: medium none;\">7,5<\/th>\n<th class=\"xl67\" style=\"border-top: medium none; border-left: medium none;\">02:00<\/th>\n<th class=\"xl69\" style=\"border-top: medium none; border-left: medium none;\">225<\/th>\n<th class=\"xl69\" style=\"border-top: medium none; border-left: medium none;\">Vulcania Mazayes<\/th>\n<th class=\"xl71\" style=\"border-top: medium none; border-left: medium none;\"><a href=\"https:\/\/www.balirando.fr\/wp-content\/uploads\/randos\/gpx\/iti0025.gpx\">X<\/a><\/th>\n<th class=\"xl68\" style=\"border-top: medium none; border-left: medium none;\"><a href=\"https:\/\/www.balirando.fr\/wp-content\/uploads\/randos\/cartes\/ITI0025_AvecSignaletique.pdf\" target=\"_blank\" rel=\"noopener\">X<\/a><\/th>\n<th class=\"xl68\" style=\"border-top: medium none; border-left: medium none;\"><a href=\"https:\/\/www.balirando.fr\/wp-content\/uploads\/randos\/fiches\/iti0025.pdf\" target=\"_blank\" rel=\"noopener\">X<\/a><\/th>\n<th class=\"xl68\" style=\"border-top: medium none; border-left: medium none;\"><a href=\"https:\/\/www.balirando.fr\/wp-content\/uploads\/randos\/deniveles\/iti0025.PNG\" target=\"_blank\" rel=\"noopener\">X<\/a><\/th>\n<th class=\"xl69\" style=\"border-top: medium none; border-left: medium none;\">iti0025<\/th>\n<\/tr>\n<tr style=\"height: 15.6pt;\" height=\"21\">\n<th class=\"xl68\" style=\"border-top: medium none;\"><a href=\"https:\/\/www.balirando.fr\/randonnee\/sentier-de-gaillarde\/\" target=\"_blank\" rel=\"noopener\">Sentier de Gaillarde<\/a><\/th>\n<th class=\"xl69\" style=\"border-top: medium none; border-left: medium none;\">4,5<\/th>\n<th class=\"xl67\" style=\"border-top: medium none; border-left: medium none;\">01:15<\/th>\n<th class=\"xl69\" style=\"border-top: medium none; border-left: medium none;\">150<\/th>\n<th class=\"xl69\" style=\"border-top: medium none; border-left: medium none;\">Montaigut le Blanc<\/th>\n<th class=\"xl71\" style=\"border-top: medium none; border-left: medium none;\"><a href=\"https:\/\/www.balirando.fr\/wp-content\/uploads\/randos\/gpx\/iti0354.gpx\">X<\/a><\/th>\n<th class=\"xl68\" style=\"border-top: medium none; border-left: medium none;\"><a href=\"https:\/\/www.balirando.fr\/wp-content\/uploads\/randos\/cartes\/ITI0354_AvecSignaletique.pdf\" target=\"_blank\" rel=\"noopener\">X<\/a><\/th>\n<th class=\"xl68\" style=\"border-top: medium none; border-left: medium none;\"><a href=\"https:\/\/www.balirando.fr\/wp-content\/uploads\/randos\/fiches\/iti0354.pdf\" target=\"_blank\" rel=\"noopener\">X<\/a><\/th>\n<th class=\"xl68\" style=\"border-top: medium none; border-left: medium none;\"><a href=\"https:\/\/www.balirando.fr\/wp-content\/uploads\/randos\/deniveles\/iti0354.PNG\" target=\"_blank\" rel=\"noopener\">X<\/a><\/th>\n<th class=\"xl69\" style=\"border-top: medium none; border-left: medium none;\">iti0354<\/th>\n<\/tr>\n<tr style=\"height: 15.6pt;\" height=\"21\">\n<th class=\"xl68\" style=\"border-top: medium none;\"><a href=\"https:\/\/www.balirando.fr\/randonnee\/sentier-des-trois-clochers\/\" target=\"_blank\" rel=\"noopener\">Sentier des trois clochers<\/a><\/th>\n<th class=\"xl69\" style=\"border-top: medium none; border-left: medium none;\">7,5<\/th>\n<th class=\"xl67\" style=\"border-top: medium none; border-left: medium none;\">02:00<\/th>\n<th class=\"xl69\" style=\"border-top: medium none; border-left: medium none;\">200<\/th>\n<th class=\"xl69\" style=\"border-top: medium none; border-left: medium none;\">Prompsat<\/th>\n<th class=\"xl71\" style=\"border-top: medium none; border-left: medium none;\"><a href=\"https:\/\/www.balirando.fr\/wp-content\/uploads\/randos\/gpx\/iti0238.gpx\">X<\/a><\/th>\n<th class=\"xl68\" style=\"border-top: medium none; border-left: medium none;\"><a href=\"https:\/\/www.balirando.fr\/wp-content\/uploads\/randos\/cartes\/ITI0238_AvecSignaletique.pdf\" target=\"_blank\" rel=\"noopener\">X<\/a><\/th>\n<th class=\"xl68\" style=\"border-top: medium none; border-left: medium none;\"><a href=\"https:\/\/www.balirando.fr\/wp-content\/uploads\/randos\/fiches\/iti0238.pdf\" target=\"_blank\" rel=\"noopener\">X<\/a><\/th>\n<th class=\"xl68\" style=\"border-top: medium none; border-left: medium none;\"><a href=\"https:\/\/www.balirando.fr\/wp-content\/uploads\/randos\/deniveles\/iti0238.PNG\" target=\"_blank\" rel=\"noopener\">X<\/a><\/th>\n<th class=\"xl69\" style=\"border-top: medium none; border-left: medium none;\">iti0238<\/th>\n<\/tr>\n<tr style=\"height: 15.6pt;\" height=\"21\">\n<th class=\"xl68\" style=\"border-top: medium none;\"><a href=\"https:\/\/www.balirando.fr\/randonnee\/le-sentier-du-dr-moity\/\" target=\"_blank\" rel=\"noopener\">Sentier du Dr Moity<\/a><\/th>\n<th class=\"xl69\" style=\"border-top: medium none; border-left: medium none;\">7<\/th>\n<th class=\"xl67\" style=\"border-top: medium none; border-left: medium none;\">02:00<\/th>\n<th class=\"xl69\" style=\"border-top: medium none; border-left: medium none;\">180<\/th>\n<th class=\"xl69\" style=\"border-top: medium none; border-left: medium none;\">Volvic<\/th>\n<th class=\"xl71\" style=\"border-top: medium none; border-left: medium none;\"><a href=\"https:\/\/www.balirando.fr\/wp-content\/uploads\/randos\/gpx\/hpd0078.gpx\">X<\/a><\/th>\n<th class=\"xl68\" style=\"border-top: medium none; border-left: medium none;\"><a href=\"https:\/\/www.balirando.fr\/wp-content\/uploads\/randos\/cartes\/HPD0078_AvecSignaletique.pdf\" target=\"_blank\" rel=\"noopener\">X<\/a><\/th>\n<th class=\"xl68\" style=\"border-top: medium none; border-left: medium none;\"><a href=\"https:\/\/www.balirando.fr\/wp-content\/uploads\/randos\/fiches\/hpd0078.pdf\" target=\"_blank\" rel=\"noopener\">X<\/a><\/th>\n<th class=\"xl68\" style=\"border-top: medium none; border-left: medium none;\"><a href=\"https:\/\/www.balirando.fr\/wp-content\/uploads\/randos\/deniveles\/hpd0078.PNG\" target=\"_blank\" rel=\"noopener\">X<\/a><\/th>\n<th class=\"xl69\" style=\"border-top: medium none; border-left: medium none;\">hpd0078<\/th>\n<\/tr>\n<tr style=\"height: 15.6pt;\" height=\"21\">\n<th class=\"xl68\" style=\"border-top: medium none;\"><a href=\"https:\/\/www.balirando.fr\/randonnee\/sentier-du-glavin\/\" target=\"_blank\" rel=\"noopener\">Sentier du Glavin<\/a><\/th>\n<th class=\"xl69\" style=\"border-top: medium none; border-left: medium none;\">3,5<\/th>\n<th class=\"xl67\" style=\"border-top: medium none; border-left: medium none;\">01:00<\/th>\n<th class=\"xl69\" style=\"border-top: medium none; border-left: medium none;\">95<\/th>\n<th class=\"xl69\" style=\"border-top: medium none; border-left: medium none;\">Mazaye<\/th>\n<th class=\"xl71\" style=\"border-top: medium none; border-left: medium none;\"><a href=\"https:\/\/www.balirando.fr\/wp-content\/uploads\/randos\/gpx\/iti0026.gpx\">X<\/a><\/th>\n<th class=\"xl68\" style=\"border-top: medium none; border-left: medium none;\"><a href=\"https:\/\/www.balirando.fr\/wp-content\/uploads\/randos\/cartes\/ITI0026_AvecSignaletique.pdf\" target=\"_blank\" rel=\"noopener\">X<\/a><\/th>\n<th class=\"xl68\" style=\"border-top: medium none; border-left: medium none;\"><a href=\"https:\/\/www.balirando.fr\/wp-content\/uploads\/randos\/fiches\/iti0026.pdf\" target=\"_blank\" rel=\"noopener\">X<\/a><\/th>\n<th class=\"xl68\" style=\"border-top: medium none; border-left: medium none;\"><a href=\"https:\/\/www.balirando.fr\/wp-content\/uploads\/randos\/deniveles\/iti0026.PNG\" target=\"_blank\" rel=\"noopener\">X<\/a><\/th>\n<th class=\"xl69\" style=\"border-top: medium none; border-left: medium none;\">iti0026<\/th>\n<\/tr>\n<tr style=\"height: 15.6pt;\" height=\"21\">\n<th class=\"xl68\" style=\"border-top: medium none;\"><a href=\"https:\/\/www.balirando.fr\/randonnee\/le-sentier-du-guery\/\" target=\"_blank\" rel=\"noopener\">Sentier du Gu\u00e9ry<\/a><\/th>\n<th class=\"xl69\" style=\"border-top: medium none; border-left: medium none;\">4,5<\/th>\n<th class=\"xl67\" style=\"border-top: medium none; border-left: medium none;\">01:30<\/th>\n<th class=\"xl69\" style=\"border-top: medium none; border-left: medium none;\">145<\/th>\n<th class=\"xl69\" style=\"border-top: medium none; border-left: medium none;\">Lac du Gu\u00e9ry<\/th>\n<th class=\"xl71\" style=\"border-top: medium none; border-left: medium none;\"><a href=\"https:\/\/www.balirando.fr\/wp-content\/uploads\/randos\/gpx\/iti0556.gpx\">X<\/a><\/th>\n<th class=\"xl68\" style=\"border-top: medium none; border-left: medium none;\"><a href=\"https:\/\/www.balirando.fr\/wp-content\/uploads\/randos\/cartes\/ITI0556_AvecSignaletique.pdf\" target=\"_blank\" rel=\"noopener\">X<\/a><\/th>\n<th class=\"xl68\" style=\"border-top: medium none; border-left: medium none;\"><a href=\"https:\/\/www.balirando.fr\/wp-content\/uploads\/randos\/fiches\/iti0556.pdf\" target=\"_blank\" rel=\"noopener\">X<\/a><\/th>\n<th class=\"xl68\" style=\"border-top: medium none; border-left: medium none;\"><a href=\"https:\/\/www.balirando.fr\/wp-content\/uploads\/randos\/deniveles\/iti0556.PNG\" target=\"_blank\" rel=\"noopener\">X<\/a><\/th>\n<th class=\"xl69\" style=\"border-top: medium none; border-left: medium none;\">iti0556<\/th>\n<\/tr>\n<tr style=\"height: 15.6pt;\" height=\"21\">\n<th class=\"xl68\" style=\"border-top: medium none;\"><a href=\"https:\/\/www.balirando.fr\/randonnee\/les-sources-de-la-dordogne\/\" target=\"_blank\" rel=\"noopener\">Sources de la Dordogne<\/a><\/th>\n<th class=\"xl69\" style=\"border-top: medium none; border-left: medium none;\">5<\/th>\n<th class=\"xl67\" style=\"border-top: medium none; border-left: medium none;\">01:45<\/th>\n<th class=\"xl69\" style=\"border-top: medium none; border-left: medium none;\">230<\/th>\n<th class=\"xl69\" style=\"border-top: medium none; border-left: medium none;\">D996 taillerie du sancy<\/th>\n<th class=\"xl71\" style=\"border-top: medium none; border-left: medium none;\"><a href=\"https:\/\/www.balirando.fr\/wp-content\/uploads\/randos\/gpx\/iti0553.gpx\">X<\/a><\/th>\n<th class=\"xl68\" style=\"border-top: medium none; border-left: medium none;\"><a href=\"https:\/\/www.balirando.fr\/wp-content\/uploads\/randos\/cartes\/ITI0553_AvecSignaletique.pdf\" target=\"_blank\" rel=\"noopener\">X<\/a><\/th>\n<th class=\"xl68\" style=\"border-top: medium none; border-left: medium none;\"><a href=\"https:\/\/www.balirando.fr\/wp-content\/uploads\/randos\/fiches\/iti0553.pdf\" target=\"_blank\" rel=\"noopener\">X<\/a><\/th>\n<th class=\"xl68\" style=\"border-top: medium none; border-left: medium none;\"><a href=\"https:\/\/www.balirando.fr\/wp-content\/uploads\/randos\/deniveles\/iti0553.PNG\" target=\"_blank\" rel=\"noopener\">X<\/a><\/th>\n<th class=\"xl69\" style=\"border-top: medium none; border-left: medium none;\">iti0553<\/th>\n<\/tr>\n<tr style=\"height: 15.6pt;\" height=\"21\">\n<th class=\"xl68\" style=\"border-top: medium none;\"><a href=\"https:\/\/www.balirando.fr\/randonnee\/tour-du-lac-de-servieres\/\" target=\"_blank\" rel=\"noopener\">Tour du lac de Servi\u00e8res<\/a><\/th>\n<th class=\"xl69\" style=\"border-top: medium none; border-left: medium none;\">2<\/th>\n<th class=\"xl67\" style=\"border-top: medium none; border-left: medium none;\">00:40<\/th>\n<th class=\"xl69\" style=\"border-top: medium none; border-left: medium none;\">20<\/th>\n<th class=\"xl69\" style=\"border-top: medium none; border-left: medium none;\">lac Servieres<\/th>\n<th class=\"xl71\" style=\"border-top: medium none; border-left: medium none;\"><a href=\"https:\/\/www.balirando.fr\/wp-content\/uploads\/randos\/gpx\/iti0606.gpx\">X<\/a><\/th>\n<th class=\"xl68\" style=\"border-top: medium none; border-left: medium none;\"><a href=\"https:\/\/www.balirando.fr\/wp-content\/uploads\/randos\/cartes\/ITI0606_AvecSignaletique.pdf\" target=\"_blank\" rel=\"noopener\">X<\/a><\/th>\n<th class=\"xl68\" style=\"border-top: medium none; border-left: medium none;\"><a href=\"https:\/\/www.balirando.fr\/wp-content\/uploads\/randos\/fiches\/iti0606.pdf\" target=\"_blank\" rel=\"noopener\">X<\/a><\/th>\n<th class=\"xl68\" style=\"border-top: medium none; border-left: medium none;\"><a href=\"https:\/\/www.balirando.fr\/wp-content\/uploads\/randos\/deniveles\/iti0606.PNG\" target=\"_blank\" rel=\"noopener\">X<\/a><\/th>\n<th class=\"xl69\" style=\"border-top: medium none; border-left: medium none;\">iti0606<\/th>\n<\/tr>\n<tr style=\"height: 15.6pt;\" height=\"21\">\n<th class=\"xl68\" style=\"border-top: medium none;\"><a href=\"https:\/\/www.balirando.fr\/randonnee\/tour-du-puy-de-come\/\" target=\"_blank\" rel=\"noopener\">Tour du puy de C\u00f4me<\/a><\/th>\n<th class=\"xl69\" style=\"border-top: medium none; border-left: medium none;\">6<\/th>\n<th class=\"xl67\" style=\"border-top: medium none; border-left: medium none;\">01:45<\/th>\n<th class=\"xl69\" style=\"border-top: medium none; border-left: medium none;\">160<\/th>\n<th class=\"xl69\" style=\"border-top: medium none; border-left: medium none;\">D559 diection Mazaye<\/th>\n<th class=\"xl71\" style=\"border-top: medium none; border-left: medium none;\"><a href=\"https:\/\/www.balirando.fr\/wp-content\/uploads\/randos\/gpx\/iti0036.gpx\">X<\/a><\/th>\n<th class=\"xl68\" style=\"border-top: medium none; border-left: medium none;\"><a href=\"https:\/\/www.balirando.fr\/wp-content\/uploads\/randos\/cartes\/ITI0036_AvecSignaletique.pdf\" target=\"_blank\" rel=\"noopener\">X<\/a><\/th>\n<th class=\"xl68\" style=\"border-top: medium none; border-left: medium none;\"><a href=\"https:\/\/www.balirando.fr\/wp-content\/uploads\/randos\/fiches\/iti0036.pdf\" target=\"_blank\" rel=\"noopener\">X<\/a><\/th>\n<th class=\"xl68\" style=\"border-top: medium none; border-left: medium none;\"><a href=\"https:\/\/www.balirando.fr\/wp-content\/uploads\/randos\/deniveles\/iti0036.PNG\" target=\"_blank\" rel=\"noopener\">X<\/a><\/th>\n<th class=\"xl69\" style=\"border-top: medium none; border-left: medium none;\">iti0036<\/th>\n<\/tr>\n<tr style=\"height: 15.6pt;\" height=\"21\">\n<th class=\"xl68\" style=\"border-top: medium none;\"><a href=\"https:\/\/www.balirando.fr\/randonnee\/tournoel\/\" target=\"_blank\" rel=\"noopener\">Tourno\u00ebl<\/a><\/th>\n<th class=\"xl69\" style=\"border-top: medium none; border-left: medium none;\">6<\/th>\n<th class=\"xl67\" style=\"border-top: medium none; border-left: medium none;\">02:00<\/th>\n<th class=\"xl69\" style=\"border-top: medium none; border-left: medium none;\">250<\/th>\n<th class=\"xl69\" style=\"border-top: medium none; border-left: medium none;\">Ch\u00e2teau deTournoel<\/th>\n<th class=\"xl71\" style=\"border-top: medium none; border-left: medium none;\"><a href=\"https:\/\/www.balirando.fr\/wp-content\/uploads\/randos\/gpx\/iti0013.gpx\">X<\/a><\/th>\n<th class=\"xl68\" style=\"border-top: medium none; border-left: medium none;\"><a href=\"https:\/\/www.balirando.fr\/wp-content\/uploads\/randos\/cartes\/ITI0013_AvecSignaletique.pdf\" target=\"_blank\" rel=\"noopener\">X<\/a><\/th>\n<th class=\"xl68\" style=\"border-top: medium none; border-left: medium none;\"><a href=\"https:\/\/www.balirando.fr\/wp-content\/uploads\/randos\/fiches\/iti0013.pdf\" target=\"_blank\" rel=\"noopener\">X<\/a><\/th>\n<th class=\"xl68\" style=\"border-top: medium none; border-left: medium none;\"><a href=\"https:\/\/www.balirando.fr\/wp-content\/uploads\/randos\/deniveles\/iti0013.PNG\" target=\"_blank\" rel=\"noopener\">X<\/a><\/th>\n<th class=\"xl69\" style=\"border-top: medium none; border-left: medium none;\">iti0013<\/th>\n<\/tr>\n<tr style=\"height: 15.6pt;\" height=\"21\">\n<th class=\"xl68\" style=\"border-top: medium none;\"><a href=\"https:\/\/www.balirando.fr\/randonnee\/trois-petits-bois\/\" target=\"_blank\" rel=\"noopener\">Trois petit bois<\/a><\/th>\n<th class=\"xl69\" style=\"border-top: medium none; border-left: medium none;\">7,5<\/th>\n<th class=\"xl67\" style=\"border-top: medium none; border-left: medium none;\">02:00<\/th>\n<th class=\"xl69\" style=\"border-top: medium none; border-left: medium none;\">160<\/th>\n<th class=\"xl69\" style=\"border-top: medium none; border-left: medium none;\">Servant<\/th>\n<th class=\"xl71\" style=\"border-top: medium none; border-left: medium none;\"><a href=\"https:\/\/www.balirando.fr\/wp-content\/uploads\/randos\/gpx\/hpd0082.gpx\">X<\/a><\/th>\n<th class=\"xl68\" style=\"border-top: medium none; border-left: medium none;\"><a href=\"https:\/\/www.balirando.fr\/wp-content\/uploads\/randos\/cartes\/HPD0082_AvecSignaletique.pdf\" target=\"_blank\" rel=\"noopener\">X<\/a><\/th>\n<th class=\"xl68\" style=\"border-top: medium none; border-left: medium none;\"><a href=\"https:\/\/www.balirando.fr\/wp-content\/uploads\/randos\/fiches\/hpd0082.pdf\" target=\"_blank\" rel=\"noopener\">X<\/a><\/th>\n<th class=\"xl68\" style=\"border-top: medium none; border-left: medium none;\"><a href=\"https:\/\/www.balirando.fr\/wp-content\/uploads\/randos\/deniveles\/hpd0082.PNG\" target=\"_blank\" rel=\"noopener\">X<\/a><\/th>\n<th class=\"xl69\" style=\"border-top: medium none; border-left: medium none;\">hpd0082<\/th>\n<\/tr>\n<tr style=\"height: 15.6pt;\" height=\"21\">\n<th class=\"xl68\" style=\"border-top: medium none;\"><a href=\"https:\/\/www.balirando.fr\/randonnee\/le-val-de-morge\/\" target=\"_blank\" rel=\"noopener\">Val de Morge<\/a><\/th>\n<th class=\"xl69\" style=\"border-top: medium none; border-left: medium none;\">6<\/th>\n<th class=\"xl67\" style=\"border-top: medium none; border-left: medium none;\">01:45<\/th>\n<th class=\"xl69\" style=\"border-top: medium none; border-left: medium none;\">205<\/th>\n<th class=\"xl69\" style=\"border-top: medium none; border-left: medium none;\">St Gal sur Sioule<\/th>\n<th class=\"xl71\" style=\"border-top: medium none; border-left: medium none;\"><a href=\"https:\/\/www.balirando.fr\/wp-content\/uploads\/randos\/gpx\/hpd0061.gpx\">X<\/a><\/th>\n<th class=\"xl68\" style=\"border-top: medium none; border-left: medium none;\"><a href=\"https:\/\/www.balirando.fr\/wp-content\/uploads\/randos\/cartes\/HPD0061_AvecSignaletique.pdf\" target=\"_blank\" rel=\"noopener\">X<\/a><\/th>\n<th class=\"xl68\" style=\"border-top: medium none; border-left: medium none;\"><a href=\"https:\/\/www.balirando.fr\/wp-content\/uploads\/randos\/fiches\/hpd0061.pdf\" target=\"_blank\" rel=\"noopener\">X<\/a><\/th>\n<th class=\"xl68\" style=\"border-top: medium none; border-left: medium none;\"><a href=\"https:\/\/www.balirando.fr\/wp-content\/uploads\/randos\/deniveles\/hpd0061.PNG\" target=\"_blank\" rel=\"noopener\">X<\/a><\/th>\n<th class=\"xl69\" style=\"border-top: medium none; border-left: medium none;\">hpd0061<\/th>\n<\/tr>\n<tr style=\"height: 15.6pt;\" height=\"21\">\n<th class=\"xl68\" style=\"border-top: medium none;\"><a href=\"https:\/\/www.balirando.fr\/randonnee\/le-val-de-sioule\/\" target=\"_blank\" rel=\"noopener\">Val de Sioule<\/a><\/th>\n<th class=\"xl69\" style=\"border-top: medium none; border-left: medium none;\">7,5<\/th>\n<th class=\"xl67\" style=\"border-top: medium none; border-left: medium none;\">02:00<\/th>\n<th class=\"xl69\" style=\"border-top: medium none; border-left: medium none;\">70<\/th>\n<th class=\"xl69\" style=\"border-top: medium none; border-left: medium none;\">Champeyroux<\/th>\n<th class=\"xl71\" style=\"border-top: medium none; border-left: medium none;\"><a href=\"https:\/\/www.balirando.fr\/wp-content\/uploads\/randos\/gpx\/iti0374.gpx\">X<\/a><\/th>\n<th class=\"xl68\" style=\"border-top: medium none; border-left: medium none;\"><a href=\"https:\/\/www.balirando.fr\/wp-content\/uploads\/randos\/cartes\/ITI0374_AvecSignaletique.pdf\" target=\"_blank\" rel=\"noopener\">X<\/a><\/th>\n<th class=\"xl68\" style=\"border-top: medium none; border-left: medium none;\"><a href=\"https:\/\/www.balirando.fr\/wp-content\/uploads\/randos\/fiches\/iti0374.pdf\" target=\"_blank\" rel=\"noopener\">X<\/a><\/th>\n<th class=\"xl68\" style=\"border-top: medium none; border-left: medium none;\"><a href=\"https:\/\/www.balirando.fr\/wp-content\/uploads\/randos\/deniveles\/iti0374.PNG\" target=\"_blank\" rel=\"noopener\">X<\/a><\/th>\n<th class=\"xl69\" style=\"border-top: medium none; border-left: medium none;\">iti0374<\/th>\n<\/tr>\n<tr style=\"height: 15.6pt;\" height=\"21\">\n<th class=\"xl68\" style=\"border-top: medium none;\"><a href=\"https:\/\/www.balirando.fr\/randonnee\/vallee-de-la-graille\/\" target=\"_blank\" rel=\"noopener\">Vall\u00e9e de la Graille<\/a><\/th>\n<th class=\"xl69\" style=\"border-top: medium none; border-left: medium none;\">4<\/th>\n<th class=\"xl67\" style=\"border-top: medium none; border-left: medium none;\">01:30<\/th>\n<th class=\"xl69\" style=\"border-top: medium none; border-left: medium none;\">165<\/th>\n<th class=\"xl69\" style=\"border-top: medium none; border-left: medium none;\">Rochefort lacoux<\/th>\n<th class=\"xl71\" style=\"border-top: medium none; border-left: medium none;\"><a href=\"https:\/\/www.balirando.fr\/wp-content\/uploads\/randos\/gpx\/iti0126.gpx\">X<\/a><\/th>\n<th class=\"xl68\" style=\"border-top: medium none; border-left: medium none;\"><a href=\"https:\/\/www.balirando.fr\/wp-content\/uploads\/randos\/cartes\/ITI0126_AvecSignaletique.pdf\" target=\"_blank\" rel=\"noopener\">X<\/a><\/th>\n<th class=\"xl68\" style=\"border-top: medium none; border-left: medium none;\"><a href=\"https:\/\/www.balirando.fr\/wp-content\/uploads\/randos\/fiches\/iti0126.pdf\" target=\"_blank\" rel=\"noopener\">X<\/a><\/th>\n<th class=\"xl68\" style=\"border-top: medium none; border-left: medium none;\"><a href=\"https:\/\/www.balirando.fr\/wp-content\/uploads\/randos\/deniveles\/iti0126.PNG\" target=\"_blank\" rel=\"noopener\">X<\/a><\/th>\n<th class=\"xl69\" style=\"border-top: medium none; border-left: medium none;\">iti0126<\/th>\n<\/tr>\n<tr style=\"height: 15.6pt;\" height=\"21\">\n<th class=\"xl68\" style=\"border-top: medium none;\"><a href=\"https:\/\/www.balirando.fr\/randonnee\/la-vallee-du-sans-souci\/\" target=\"_blank\" rel=\"noopener\">Vall\u00e9e de Sans-Souci<\/a><\/th>\n<th class=\"xl69\" style=\"border-top: medium none; border-left: medium none;\">4<\/th>\n<th class=\"xl67\" style=\"border-top: medium none; border-left: medium none;\">01:15<\/th>\n<th class=\"xl69\" style=\"border-top: medium none; border-left: medium none;\">120<\/th>\n<th class=\"xl69\" style=\"border-top: medium none; border-left: medium none;\">Chatel-Guyon<\/th>\n<th class=\"xl71\" style=\"border-top: medium none; border-left: medium none;\"><a href=\"https:\/\/www.balirando.fr\/wp-content\/uploads\/randos\/gpx\/iti0344.gpx\">X<\/a><\/th>\n<th class=\"xl68\" style=\"border-top: medium none; border-left: medium none;\"><a href=\"https:\/\/www.balirando.fr\/wp-content\/uploads\/randos\/cartes\/ITI0344_AvecSignaletique.pdf\" target=\"_blank\" rel=\"noopener\">X<\/a><\/th>\n<th class=\"xl68\" style=\"border-top: medium none; border-left: medium none;\"><a href=\"https:\/\/www.balirando.fr\/wp-content\/uploads\/randos\/fiches\/iti0344.pdf\" target=\"_blank\" rel=\"noopener\">X<\/a><\/th>\n<th class=\"xl68\" style=\"border-top: medium none; border-left: medium none;\"><a href=\"https:\/\/www.balirando.fr\/wp-content\/uploads\/randos\/deniveles\/iti0344.PNG\" target=\"_blank\" rel=\"noopener\">X<\/a><\/th>\n<th class=\"xl69\" style=\"border-top: medium none; border-left: medium none;\">iti0344<\/th>\n<\/tr>\n<tr style=\"height: 15.6pt;\" height=\"21\">\n<th class=\"xl68\" style=\"border-top: medium none;\"><a href=\"https:\/\/www.balirando.fr\/randonnee\/la-vallee-des-saints\/\" target=\"_blank\" rel=\"noopener\">Vall\u00e9e des Saints<\/a><\/th>\n<th class=\"xl69\" style=\"border-top: medium none; border-left: medium none;\">6<\/th>\n<th class=\"xl67\" style=\"border-top: medium none; border-left: medium none;\">01:45<\/th>\n<th class=\"xl69\" style=\"border-top: medium none; border-left: medium none;\">175<\/th>\n<th class=\"xl69\" style=\"border-top: medium none; border-left: medium none;\">Boudes<\/th>\n<th class=\"xl71\" style=\"border-top: medium none; border-left: medium none;\"><a href=\"https:\/\/www.balirando.fr\/wp-content\/uploads\/randos\/gpx\/iti0174.gpx\">X<\/a><\/th>\n<th class=\"xl68\" style=\"border-top: medium none; border-left: medium none;\"><a href=\"https:\/\/www.balirando.fr\/wp-content\/uploads\/randos\/cartes\/ITI0174_AvecSignaletique.pdf\" target=\"_blank\" rel=\"noopener\">X<\/a><\/th>\n<th class=\"xl68\" style=\"border-top: medium none; border-left: medium none;\"><a href=\"https:\/\/www.balirando.fr\/wp-content\/uploads\/randos\/fiches\/iti0174.pdf\" target=\"_blank\" rel=\"noopener\">X<\/a><\/th>\n<th class=\"xl68\" style=\"border-top: medium none; border-left: medium none;\"><a href=\"https:\/\/www.balirando.fr\/wp-content\/uploads\/randos\/deniveles\/iti0174.PNG\" target=\"_blank\" rel=\"noopener\">X<\/a><\/th>\n<th class=\"xl69\" style=\"border-top: medium none; border-left: medium none;\">iti0174<\/th>\n<\/tr>\n<tr style=\"height: 15.6pt;\" height=\"21\">\n<th class=\"xl68\" style=\"border-top: medium none;\"><a href=\"https:\/\/www.balirando.fr\/randonnee\/la-vigne-du-puy-de-loule\/\" target=\"_blank\" rel=\"noopener\">Vigne du puy de l\u2019Oule<\/a><\/th>\n<th class=\"xl69\" style=\"border-top: medium none; border-left: medium none;\">7<\/th>\n<th class=\"xl67\" style=\"border-top: medium none; border-left: medium none;\">02:00<\/th>\n<th class=\"xl69\" style=\"border-top: medium none; border-left: medium none;\">145<\/th>\n<th class=\"xl69\" style=\"border-top: medium none; border-left: medium none;\">Beauregard<br \/>\nvendon<\/th>\n<th class=\"xl71\" style=\"border-top: medium none; border-left: medium none;\"><a href=\"https:\/\/www.balirando.fr\/wp-content\/uploads\/randos\/gpx\/iti0642.gpx\">X<\/a><\/th>\n<th class=\"xl68\" style=\"border-top: medium none; border-left: medium none;\"><a href=\"https:\/\/www.balirando.fr\/wp-content\/uploads\/randos\/cartes\/ITI0642_AvecSignaletique.pdf\" target=\"_blank\" rel=\"noopener\">X<\/a><\/th>\n<th class=\"xl68\" style=\"border-top: medium none; border-left: medium none;\"><a href=\"https:\/\/www.balirando.fr\/wp-content\/uploads\/randos\/fiches\/iti0642.pdf\" target=\"_blank\" rel=\"noopener\">X<\/a><\/th>\n<th class=\"xl68\" style=\"border-top: medium none; border-left: medium none;\"><a href=\"https:\/\/www.balirando.fr\/wp-content\/uploads\/randos\/deniveles\/iti0642.PNG\" target=\"_blank\" rel=\"noopener\">X<\/a><\/th>\n<th class=\"xl69\" style=\"border-top: medium none; border-left: medium none;\">iti0642<\/th>\n<\/tr>\n<\/tbody>\n<\/table>\n<p>&nbsp;<\/p>\n","protected":false},"excerpt":{"rendered":"<p>&nbsp; &nbsp; &nbsp; R\u00e9sum\u00e9 des Circuits Balirando Mise \u00e0 jour 2025 (Cliquer sur le titre ou sur les cases X pour ouvrir la page correspondante) usage r\u00e9serv\u00e9 aux animateurs de la section Marche. Circuits bleus Titre km temps d\u00e9nivel\u00e9 d\u00e9part gpx carte descriptif + carte graphique R\u00e9f\u00e9rence a-la-foret-de-balaty 7 02:00 140 Ars-les-Favets X X X [&hellip;]<\/p>\n","protected":false},"author":31960,"featured_media":0,"parent":0,"menu_order":0,"comment_status":"open","ping_status":"closed","template":"fullwidth.php","meta":[],"acf":[],"_links":{"self":[{"href":"https:\/\/avf.asso.fr\/cournon\/wp-json\/wp\/v2\/pages\/4423"}],"collection":[{"href":"https:\/\/avf.asso.fr\/cournon\/wp-json\/wp\/v2\/pages"}],"about":[{"href":"https:\/\/avf.asso.fr\/cournon\/wp-json\/wp\/v2\/types\/page"}],"author":[{"embeddable":true,"href":"https:\/\/avf.asso.fr\/cournon\/wp-json\/wp\/v2\/users\/31960"}],"replies":[{"embeddable":true,"href":"https:\/\/avf.asso.fr\/cournon\/wp-json\/wp\/v2\/comments?post=4423"}],"version-history":[{"count":10,"href":"https:\/\/avf.asso.fr\/cournon\/wp-json\/wp\/v2\/pages\/4423\/revisions"}],"predecessor-version":[{"id":5824,"href":"https:\/\/avf.asso.fr\/cournon\/wp-json\/wp\/v2\/pages\/4423\/revisions\/5824"}],"wp:attachment":[{"href":"https:\/\/avf.asso.fr\/cournon\/wp-json\/wp\/v2\/media?parent=4423"}],"curies":[{"name":"wp","href":"https:\/\/api.w.org\/{rel}","templated":true}]}}