

{"id":248,"date":"2018-05-03T01:20:46","date_gmt":"2018-05-02T23:20:46","guid":{"rendered":"https:\/\/avf.asso.fr\/ales\/?page_id=248"},"modified":"2018-05-03T12:19:41","modified_gmt":"2018-05-03T10:19:41","slug":"actus","status":"publish","type":"page","link":"https:\/\/avf.asso.fr\/ales\/actus\/","title":{"rendered":"Actualit\u00e9s"},"content":{"rendered":"<div id=\"news\" class=\"nobg\"><div id=\"1114\" class=\"news-item row no-gutter\"><div class=\"news-thumb col-6\"><a href=\"https:\/\/avf.asso.fr\/ales\/actualites\/gazette-n4-cercle-de-lecture\/\"><img src=\"\" alt=\"Al\u00e8s-et-son-agglom\u00e9ration\" \/><\/a><div class=\"news-cat\" style=\"background-color:#bf00d1;\"><a href=\"https:\/\/avf.asso.fr\/ales\/actualites\/category\/agenda\/\">Agenda<\/a><\/div><\/div><div class=\"news-info col-6\"><a href=\"https:\/\/avf.asso.fr\/ales\/actualites\/gazette-n4-cercle-de-lecture\/\"><h2 class=\"title-sub\">Gazette N\u00b04 \u00ab\u00a0Cercle de Lecture\u00a0\u00bb<\/h2><\/a><a href=\"https:\/\/avf.asso.fr\/ales\/wp-content\/uploads\/sites\/226\/2024\/02\/Gazette-n\u00b0-4.docx.pdf\" class=\"pdfemb-viewer\" style=\"\" data-width=\"max\" data-height=\"max\"  data-toolbar=\"bottom\" data-toolbar-fixed=\"off\">Gazette n\u00b0 4.docx<br\/><\/a><\/div> <\/div><div id=\"1097\" class=\"news-item row no-gutter\"><div class=\"news-thumb col-6\"><a href=\"https:\/\/avf.asso.fr\/ales\/actualites\/gazette-cercle-de-lecture\/\"><img src=\"\" alt=\"Al\u00e8s-et-son-agglom\u00e9ration\" \/><\/a><div class=\"news-cat\" style=\"background-color:#bf00d1;\"><a href=\"https:\/\/avf.asso.fr\/ales\/actualites\/category\/agenda\/\">Agenda<\/a><\/div><\/div><div class=\"news-info col-6\"><a href=\"https:\/\/avf.asso.fr\/ales\/actualites\/gazette-cercle-de-lecture\/\"><h2 class=\"title-sub\">Gazette \u00ab\u00a0Cercle de Lecture\u00a0\u00bb<\/h2><\/a><a href=\"https:\/\/avf.asso.fr\/ales\/wp-content\/uploads\/sites\/226\/2023\/11\/Gazette-n\u00b0-3.pdf\" class=\"pdfemb-viewer\" style=\"\" data-width=\"max\" data-height=\"max\"  data-toolbar=\"bottom\" data-toolbar-fixed=\"off\">Gazette n\u00b0 3<br\/><\/a><\/div> <\/div><div id=\"1086\" class=\"news-item row no-gutter\"><div class=\"news-thumb col-6\"><a href=\"https:\/\/avf.asso.fr\/ales\/actualites\/1086\/\"><img src=\"\" alt=\"Al\u00e8s-et-son-agglom\u00e9ration\" \/><\/a><div class=\"news-cat\" style=\"background-color:#bf00d1;\"><a href=\"https:\/\/avf.asso.fr\/ales\/actualites\/category\/agenda\/\">Agenda<\/a><\/div><\/div><div class=\"news-info col-6\"><a href=\"https:\/\/avf.asso.fr\/ales\/actualites\/1086\/\"><h2 class=\"title-sub\"><\/h2><\/a>Message du Pr\u00e9sident pour la nouvelle ann\u00e9e 2023-2024 !\r\n<p align=\"center\"><span style=\"font-family: Times New Roman, serif;\"><b>\u00ab\u00a0 <\/b><u><b>Bien dans sa ville, bien dans sa vie avec <\/b><\/u><u><b>l\u2019<\/b><\/u><u><b>A<\/b><\/u><u><b>ccueil des Villes Fran\u00e7aises<\/b><\/u><u><b>\u00a0!<\/b><\/u><b>\u00a0\u00bb<\/b> <\/span><\/p>\r\n<span style=\"color: #000000;\"><span style=\"font-family: Times New Roman, serif;\">Cette phrase qui fait maintenant partie de notre logo peut vous inciter vous les nouveaux habitants d\u2019Al\u00e8s et son agglom\u00e9ration \u00e0 \u00eatre curieux envers notre Association \u00ab\u00a0AVF Al\u00e8s et son agglom\u00e9ration\u00a0\u00bb.<\/span><\/span>\r\n\r\n<span style=\"color: #000000;\"><span style=\"font-family: Times New Roman, serif;\">En effet nous pouvons vous aider \u00e0 faire des nouvelles connaissances , \u00e0 r\u00e9pondre \u00e0 toutes vos questions\u00a0et \u00e0 vous diriger vers l\u2019une ou plusieurs activit\u00e9s ,que vous pouvez d\u00e9couvrir dans cette brochure.<\/span><\/span>\r\n\r\n<span style=\"color: #000000;\"><span style=\"font-family: Times New Roman, serif;\">Des activit\u00e9s manuelles, sportives, artistiques et culturelles, \u00a0anim\u00e9es par des b\u00e9n\u00e9voles.<\/span><\/span>\r\n\r\n<span style=\"color: #000000;\"><span style=\"font-family: Times New Roman, serif;\">Pour cela n\u2019h\u00e9sitez pas \u00e0 contacter l\u2019\u00e9quipe accueillante tous les mercredis apr\u00e8s midi de 14h \u00e0 17h dans les locaux qui nous sont r\u00e9serv\u00e9s\u00a0\u00e0 l\u2019Espace Chamson.<\/span><\/span>\r\n\r\n<span style=\"color: #000000;\"><span style=\"font-family: Times New Roman, serif;\">Nous sommes affili\u00e9s \u00e0 l\u2019Union R\u00e9gionale AVF Languedoc Roussillon qui fait partie de l\u2019Union Nationale AVF\u00a0, qui regroupe fin juin 2023\u00a0: 261 AVF, 14 R\u00e9gions\u00a0, 51704 adh\u00e9rents et 9978 b\u00e9n\u00e9voles.<\/span><\/span>\r\n\r\n<span style=\"color: #000000;\"><span style=\"font-family: Times New Roman, serif;\">Encore une fois un grand merci \u00e0 Monsieur le Maire Max Roustan qui nous permet d\u2019utiliser des locaux de l\u2019Espace Chamson au centre ville. Merci \u00e9galement \u00e0 toute l\u2019\u00e9quipe qui g\u00e8re ce lieu agr\u00e9able\u00a0en veillant \u00e0 son bon fonctionnement.<\/span><\/span>\r\n\r\n<span style=\"color: #000000;\"><span style=\"font-family: Times New Roman, serif;\">Toute l\u2019\u00e9quipe de b\u00e9n\u00e9voles sera ravie de vous accueillir afin de faciliter votre int\u00e9gration dans notre belle capitale des C\u00e9vennes.<\/span><\/span>\r\n\r\n<span style=\"color: #000000;\"><span style=\"font-family: Times New Roman, serif;\">Dans cette attente , au plaisir de vous rencontrer bient\u00f4t.<\/span><\/span><\/div> <\/div><div id=\"1072\" class=\"news-item row no-gutter\"><div class=\"news-thumb col-6\"><a href=\"https:\/\/avf.asso.fr\/ales\/actualites\/lactualite-avf-regionale-languedoc-roussillon\/\"><img src=\"\" alt=\"Al\u00e8s-et-son-agglom\u00e9ration\" \/><\/a><div class=\"news-cat\" style=\"background-color:#bf00d1;\"><a href=\"https:\/\/avf.asso.fr\/ales\/actualites\/category\/agenda\/\">Agenda<\/a><\/div><\/div><div class=\"news-info col-6\"><a href=\"https:\/\/avf.asso.fr\/ales\/actualites\/lactualite-avf-regionale-languedoc-roussillon\/\"><h2 class=\"title-sub\">L&rsquo;actualit\u00e9 AVF R\u00e9gionale \u00ab\u00a0Languedoc Roussillon !<\/h2><\/a><a href=\"https:\/\/avf.asso.fr\/ales\/wp-content\/uploads\/sites\/226\/2023\/02\/5-Info-region-N\u00b0-5.pdf\" class=\"pdfemb-viewer\" style=\"\" data-width=\"max\" data-height=\"max\"  data-toolbar=\"bottom\" data-toolbar-fixed=\"off\">5- Info r\u00e9gion N\u00b0 5<br\/><\/a><\/div> <\/div><div id=\"1063\" class=\"news-item row no-gutter\"><div class=\"news-thumb col-6\"><a href=\"https:\/\/avf.asso.fr\/ales\/actualites\/linstant-cafe-accueil-pour-les-nouveaux-arrivants\/\"><img src=\"\" alt=\"Al\u00e8s-et-son-agglom\u00e9ration\" \/><\/a><div class=\"news-cat\" style=\"background-color:#bf00d1;\"><a href=\"https:\/\/avf.asso.fr\/ales\/actualites\/category\/agenda\/\">Agenda<\/a><\/div><\/div><div class=\"news-info col-6\"><a href=\"https:\/\/avf.asso.fr\/ales\/actualites\/linstant-cafe-accueil-pour-les-nouveaux-arrivants\/\"><h2 class=\"title-sub\">L\u2019instant \u00ab\u00a0Caf\u00e9 Accueil\u00a0\u00bb pour les nouveaux arrivants\u00a0!!<\/h2><\/a><span style=\"font-family: Times New Roman, serif;\">En effet voil\u00e0 que cette activit\u00e9 red\u00e9marre , et permet aux nouvelles adh\u00e9rentes et nouveaux adh\u00e9rents de se pr\u00e9senter, de poser toutes les questions qui les pr\u00e9occupent , de se familiariser avec notre AVF \u00e0 Al\u00e8s\u00a0! <\/span>\r\n\r\n<span style=\"font-family: Times New Roman, serif;\">Nous avons d\u00e9j\u00e0 organis\u00e9 2 \u00ab\u00a0Caf\u00e9 Accueil\u00a0\u00bb en Janvier et F\u00e9vrier g\u00e9r\u00e9s par la Responsable des nouveaux arrivants (Danielle Monthul\u00e9) , dans un endroit cosy du Centre de la Ville appel\u00e9 \u00ab\u00a0La R\u00e9gence\u00a0\u00bb , et c\u2019est vrai qu\u2019autour d\u2019un chocolat et\/ou d\u2019un caf\u00e9 chauds la convivialit\u00e9 est l\u00e0\u00a0!!<\/span>\r\n\r\n<span style=\"font-family: Times New Roman, serif;\">Nous proc\u00e9dons par petits groupes de 7 ou 8 personnes parmi lesquels figurent 3 responsables de notre AVF.<\/span>\r\n\r\n<span style=\"font-family: Times New Roman, serif;\">Bien sur les discussions tournent autour des activit\u00e9s choisies et aussi des futures activit\u00e9s envisag\u00e9es .<\/span>\r\n\r\n<span style=\"font-family: Times New Roman, serif;\">Nul doute que nous continuerons ces rencontres.<\/span><\/div> <\/div><\/div>\n","protected":false},"excerpt":{"rendered":"","protected":false},"author":13,"featured_media":0,"parent":0,"menu_order":0,"comment_status":"closed","ping_status":"closed","template":"actualites.php","meta":[],"acf":[],"_links":{"self":[{"href":"https:\/\/avf.asso.fr\/ales\/wp-json\/wp\/v2\/pages\/248"}],"collection":[{"href":"https:\/\/avf.asso.fr\/ales\/wp-json\/wp\/v2\/pages"}],"about":[{"href":"https:\/\/avf.asso.fr\/ales\/wp-json\/wp\/v2\/types\/page"}],"author":[{"embeddable":true,"href":"https:\/\/avf.asso.fr\/ales\/wp-json\/wp\/v2\/users\/13"}],"replies":[{"embeddable":true,"href":"https:\/\/avf.asso.fr\/ales\/wp-json\/wp\/v2\/comments?post=248"}],"version-history":[{"count":2,"href":"https:\/\/avf.asso.fr\/ales\/wp-json\/wp\/v2\/pages\/248\/revisions"}],"predecessor-version":[{"id":260,"href":"https:\/\/avf.asso.fr\/ales\/wp-json\/wp\/v2\/pages\/248\/revisions\/260"}],"wp:attachment":[{"href":"https:\/\/avf.asso.fr\/ales\/wp-json\/wp\/v2\/media?parent=248"}],"curies":[{"name":"wp","href":"https:\/\/api.w.org\/{rel}","templated":true}]}}