{"id":226,"date":"2018-04-26T19:17:52","date_gmt":"2018-04-26T17:17:52","guid":{"rendered":"https:\/\/avf.asso.fr\/ales\/?page_id=226"},"modified":"2023-11-07T14:03:34","modified_gmt":"2023-11-07T13:03:34","slug":"activites","status":"publish","type":"page","link":"https:\/\/avf.asso.fr\/ales\/activites\/","title":{"rendered":"Activit\u00e9s"},"content":{"rendered":"<p>Les diff\u00e9rentes activit\u00e9s propos\u00e9es au sein de votre AVF local sont des m\u00e9dias pour vous permettre de vous faire des amis ou des relations, ce qui nous distingue des autres associations ou clubs d\u00e9di\u00e9s \u00e0 des activit\u00e9s bien pr\u00e9cises.<\/p>\n<p>Dans cet esprit nous vous proposons le panel d\u2019activit\u00e9s d\u00e9crit ci-apr\u00e8s, qui peut s\u2019enrichir au fil du temps.<\/p>\n<p><em>N\u2019h\u00e9sitez pas \u00e0 consulter le site r\u00e9guli\u00e8rement.\u00a0<\/em><\/p>\n<ul>\n<li><span style=\"color: #3366ff;\"><strong>Scrabble : le vendredi de 16h45 \u00e0 18h30<br \/>\n<\/strong><\/span><\/li>\n<li><span style=\"color: #3366ff;\"><strong>Jeux de cartes (coinche) : le vendredi de 14h \u00e0 16h45<br \/>\n<\/strong><\/span><\/li>\n<li><span style=\"color: #3366ff;\"><strong>Jeux de cartes (tarot) : le lundi de 14h \u00e0 16h45<br \/>\n<\/strong><\/span><\/li>\n<li><span style=\"color: #3366ff;\"><strong>Aquarelle, Acrylique : le mardi de 14h30 \u00e0 17h<br \/>\n<\/strong><\/span><\/li>\n<li><span style=\"color: #3366ff;\"><strong>Boutis et Dentelle : le mercredi de 14h \u00e0 17h<br \/>\n<\/strong><\/span><\/li>\n<li><span style=\"color: #3366ff;\"><strong>Mosa\u00efque : le vendredi de 14h \u00e0 17h<br \/>\n<\/strong><\/span><\/li>\n<li><span style=\"color: #3366ff;\"><strong>Pastel : le mardi de 9h \u00e0 11h<br \/>\n<\/strong><\/span><\/li>\n<li><span style=\"color: #3366ff;\"><strong>Peinture sur verre : le jeudi de 14h \u00e0 17h<br \/>\n<\/strong><\/span><\/li>\n<li><span style=\"color: #3366ff;\"><strong>Tableaux en relief (3D) : le jeudi de 14h \u00e0 17h<br \/>\n<\/strong><\/span><\/li>\n<li><span style=\"color: #3366ff;\"><strong>Vitrail : le mercredi de 9h \u00e0 12h et vendredi de 14h \u00e0 18h30<br \/>\n<\/strong><\/span><\/li>\n<li><strong><span style=\"color: #3366ff;\">Gymnastique : le lundi de 9h00 \u00e0 11h30 et le jeudi de 9h00 \u00e0 11h30 (2 groupes chaque matin\u00e9e)<br \/>\n<\/span><\/strong><\/li>\n<li><strong><span style=\"color: #3366ff;\">Marche de sant\u00e9 : le mardi rendez vous \u00e0 13h30 parking du gardon au Pont Neuf<\/span><\/strong><\/li>\n<li><strong><span style=\"color: #3366ff;\">Cercle de lecture : le jeudi de 10h \u00e0 12h, date de la s\u00e9ance suivante fix\u00e9e collectivement \u00e0 l&rsquo;issue de la pr\u00e9c\u00e9dente;\u00a0 contacter AVF Al\u00e8s pour la date<\/span><\/strong><strong><span style=\"color: #3366ff;\"><br \/>\n<\/span><\/strong><\/li>\n<li><strong><span style=\"color: #3366ff;\">Tiffany: le mardi de 14h \u00e0 17h<br \/>\n<\/span><\/strong><\/li>\n<li><strong><span style=\"color: #3366ff;\">Cours d&rsquo;Occitan : le mercredi de 10h \u00e0 12h <span>date de la s\u00e9ance suivante fix\u00e9e collectivement \u00e0 l&rsquo;issue de la pr\u00e9c\u00e9dente;\u00a0 contacter AVF Al\u00e8s pour la date<\/span><\/span><\/strong><\/li>\n<li><strong><span style=\"color: #3366ff;\"><span>Chant : le mardi de 14h \u00e0 16h<br \/>\n<\/span><\/span><\/strong><\/li>\n<li><strong><span style=\"color: #3366ff;\">Jeux d&rsquo;\u00e9nigmes : le lundi de 14h \u00e0 16h45<\/span><\/strong><strong><\/strong><\/li>\n<\/ul>\n<p>&nbsp;<\/p>\n<p>&nbsp;<\/p>\n","protected":false},"excerpt":{"rendered":"<p>Les diff\u00e9rentes activit\u00e9s propos\u00e9es au sein de votre AVF local sont des m\u00e9dias pour vous permettre de vous faire des amis ou des relations, ce qui nous distingue des autres associations ou clubs d\u00e9di\u00e9s \u00e0 des activit\u00e9s bien pr\u00e9cises. Dans cet esprit nous vous proposons le panel d\u2019activit\u00e9s d\u00e9crit ci-apr\u00e8s, qui peut s\u2019enrichir au fil [&hellip;]<\/p>\n","protected":false},"author":1,"featured_media":0,"parent":0,"menu_order":0,"comment_status":"closed","ping_status":"closed","template":"","meta":[],"acf":[],"_links":{"self":[{"href":"https:\/\/avf.asso.fr\/ales\/wp-json\/wp\/v2\/pages\/226"}],"collection":[{"href":"https:\/\/avf.asso.fr\/ales\/wp-json\/wp\/v2\/pages"}],"about":[{"href":"https:\/\/avf.asso.fr\/ales\/wp-json\/wp\/v2\/types\/page"}],"author":[{"embeddable":true,"href":"https:\/\/avf.asso.fr\/ales\/wp-json\/wp\/v2\/users\/1"}],"replies":[{"embeddable":true,"href":"https:\/\/avf.asso.fr\/ales\/wp-json\/wp\/v2\/comments?post=226"}],"version-history":[{"count":11,"href":"https:\/\/avf.asso.fr\/ales\/wp-json\/wp\/v2\/pages\/226\/revisions"}],"predecessor-version":[{"id":1093,"href":"https:\/\/avf.asso.fr\/ales\/wp-json\/wp\/v2\/pages\/226\/revisions\/1093"}],"wp:attachment":[{"href":"https:\/\/avf.asso.fr\/ales\/wp-json\/wp\/v2\/media?parent=226"}],"curies":[{"name":"wp","href":"https:\/\/api.w.org\/{rel}","templated":true}]}}